{"id":9977,"date":"2022-10-13T17:01:21","date_gmt":"2022-10-13T15:01:21","guid":{"rendered":"https:\/\/www.meine-tcm.com\/?page_id=9977"},"modified":"2025-08-03T19:24:51","modified_gmt":"2025-08-03T17:24:51","slug":"meridiano-de-rinon","status":"publish","type":"page","link":"https:\/\/www.meine-tcm.com\/es\/nieren-meridian\/","title":{"rendered":"Meridiano del ri\u00f1\u00f3n"},"content":{"rendered":"<section class=\"section h1-h3\" id=\"section_1884844212\">\n\t\t<div class=\"section-bg fill\" >\n\t\t\t\t\t\t\t\t\t\n\t\t\t\n\n\t\t<\/div>\n\n\t\t\n\n\t\t<div class=\"section-content relative\">\n\t\t\t\n\n<div class=\"row row-collapse align-center\"  id=\"row-577710419\">\n\n\n\t<div id=\"col-252709424\" class=\"col small-12 large-12\"  >\n\t\t\t\t<div class=\"col-inner text-center\"  >\n\t\t\t\n\t\t\t\n\n<h1>Meridiano de Ri\u00f1\u00f3n<\/h1>\n<h3 class=\"width-h1\">El canal Yin del elemento agua<\/h3>\n\n\t\t<\/div>\n\t\t\t\t\n<style>\n#col-252709424 > .col-inner {\n  max-width: 960px;\n}\n<\/style>\n\t<\/div>\n\n\t\n\n<\/div>\n\n\t\t<\/div>\n\n\t\t\n<style>\n#section_1884844212 {\n  padding-top: 0px;\n  padding-bottom: 0px;\n}\n<\/style>\n\t<\/section>\n\t\n\t<div id=\"gap-1305765861\" class=\"gap-element clearfix\" style=\"display:block; height:auto;\">\n\t\t\n<style>\n#gap-1305765861 {\n  padding-top: 40px;\n}\n<\/style>\n\t<\/div>\n\t\n\n\n\t<section class=\"section two-columns\" id=\"section_2112169084\">\n\t\t<div class=\"section-bg fill\" >\n\t\t\t\t\t\t\t\t\t\n\t\t\t\n\n\t\t<\/div>\n\n\t\t\n\n\t\t<div class=\"section-content relative\">\n\t\t\t\n\n<div class=\"row row-collapse align-center\"  id=\"row-268526890\">\n\n\n\t<div id=\"col-1506924217\" class=\"col small-12 large-12\"  >\n\t\t\t\t<div class=\"col-inner text-center\"  >\n\t\t\t\n\t\t\t\n\n<div class=\"row row-collapse align-center\"  id=\"row-1273284399\">\n\n\n\t<div id=\"col-686517099\" class=\"col medium-6 small-12 large-6\"  >\n\t\t\t\t<div class=\"col-inner text-left\"  >\n\t\t\t\n\t\t\t\n\n<p class=\"p1\">El meridiano del ri\u00f1\u00f3n se forma junto con el <strong><a href=\"https:\/\/www.meine-tcm.com\/es\/meridiano-de-vejiga\/\">Meridiano burbuja<\/a><\/strong> el <strong><a href=\"https:\/\/www.meine-tcm.com\/es\/los-5-elementos-en-tcm-el-elemento-agua\/\">Elemento agua<\/a><\/strong>. Se asocia con el invierno, el color azul oscuro o negro, el sabor salado y la edad avanzada de la persona.<\/p>\n<p class=\"p1\">&nbsp;<\/p>\n\n\t\t<\/div>\n\t\t\t\t\n<style>\n#col-686517099 > .col-inner {\n  max-width: 460px;\n}\n<\/style>\n\t<\/div>\n\n\t\n\n\t<div id=\"col-1152651541\" class=\"col medium-6 small-12 large-6\"  >\n\t\t\t\t<div class=\"col-inner text-left\"  >\n\t\t\t\n\t\t\t\n\n<p>Es el momento en que la naturaleza y la energ\u00eda se han replegado completamente hacia el interior para regenerarse. Los ri\u00f1ones son tambi\u00e9n la sede y el lugar de almacenamiento de la energ\u00eda vital, llamada Qi. Una energ\u00eda renal fuerte da fuerza, vitalidad y voluntad.<\/p>\n\n\t\t<\/div>\n\t\t\t\t\n<style>\n#col-1152651541 > .col-inner {\n  max-width: 460px;\n}\n<\/style>\n\t<\/div>\n\n\t\n\n<\/div>\n\n\t\t<\/div>\n\t\t\t\t\n<style>\n#col-1506924217 > .col-inner {\n  max-width: 960px;\n}\n<\/style>\n\t<\/div>\n\n\t\n\n<\/div>\n\n\t\t<\/div>\n\n\t\t\n<style>\n#section_2112169084 {\n  padding-top: 0px;\n  padding-bottom: 0px;\n}\n<\/style>\n\t<\/section>\n\t\n\t<div id=\"gap-744097902\" class=\"gap-element clearfix\" style=\"display:block; height:auto;\">\n\t\t\n<style>\n#gap-744097902 {\n  padding-top: 60px;\n}\n<\/style>\n\t<\/div>\n\t\n\n\n\t<section class=\"section text\" id=\"section_209308618\">\n\t\t<div class=\"section-bg fill\" >\n\t\t\t\t\t\t\t\t\t\n\t\t\t\n\n\t\t<\/div>\n\n\t\t\n\n\t\t<div class=\"section-content relative\">\n\t\t\t\n\n<div class=\"row row-collapse align-center\"  id=\"row-894484365\">\n\n\n\t<div id=\"col-1967809111\" class=\"col medium-6 small-12 large-6\"  >\n\t\t\t\t<div class=\"col-inner text-left\"  >\n\t\t\t\n\t\t\t\n\n\t<div class=\"img has-hover x md-x lg-x y md-y lg-y\" id=\"image_1299305154\">\n\t\t\t\t\t\t\t\t<div class=\"img-inner dark\" >\n\t\t\t<img loading=\"lazy\" decoding=\"async\" width=\"545\" height=\"800\" src=\"https:\/\/www.meine-tcm.com\/wp-content\/uploads\/2022\/10\/nieren-meridian-1200x1760-1-545x800.jpg\" class=\"attachment-large size-large\" alt=\"Diagrama del recorrido del meridiano renal\" srcset=\"https:\/\/www.meine-tcm.com\/wp-content\/uploads\/2022\/10\/nieren-meridian-1200x1760-1-545x800.jpg 545w, https:\/\/www.meine-tcm.com\/wp-content\/uploads\/2022\/10\/nieren-meridian-1200x1760-1-800x1173.jpg 800w, https:\/\/www.meine-tcm.com\/wp-content\/uploads\/2022\/10\/nieren-meridian-1200x1760-1-273x400.jpg 273w, https:\/\/www.meine-tcm.com\/wp-content\/uploads\/2022\/10\/nieren-meridian-1200x1760-1-768x1126.jpg 768w, https:\/\/www.meine-tcm.com\/wp-content\/uploads\/2022\/10\/nieren-meridian-1200x1760-1-1047x1536.jpg 1047w, https:\/\/www.meine-tcm.com\/wp-content\/uploads\/2022\/10\/nieren-meridian-1200x1760-1-8x12.jpg 8w, https:\/\/www.meine-tcm.com\/wp-content\/uploads\/2022\/10\/nieren-meridian-1200x1760-1.jpg 1200w\" sizes=\"auto, (max-width: 545px) 100vw, 545px\" title=\"Progresi\u00f3n del meridiano del ri\u00f1\u00f3n\" \/>\t\t\t\t\t\t\n\t\t\t\t\t<\/div>\n\t\t\t\t\t\t\t\t\n<style>\n#image_1299305154 {\n  width: 100%;\n}\n<\/style>\n\t<\/div>\n\t\n\n\t<div id=\"text-238747105\" class=\"text caption\">\n\t\t\n\n<p>En la MTC, se asignan propiedades a los 5 elementos y tambi\u00e9n a los meridianos y \u00f3rganos.<\/p>\n\t\t\t<\/div>\n\t\n\n\t\t<\/div>\n\t\t\t\t\n<style>\n#col-1967809111 > .col-inner {\n  max-width: 800px;\n}\n<\/style>\n\t<\/div>\n\n\t\n\n\t<div id=\"col-1599102331\" class=\"col medium-6 small-12 large-6\"  >\n\t\t\t\t<div class=\"col-inner text-left\"  >\n\t\t\t\n\t\t\t\n\n<span class=\"scroll-to\" data-label=\"Scroll to: #der-meridian-im-detail\" data-bullet=\"true\" data-link=\"#der-meridian-im-detail\" data-title=\"Der Meridian im Detail beschrieben\"><a name=\"der-meridian-im-detail\"><\/a><\/span>\n\n\t<div id=\"text-2841794903\" class=\"text meridian-detail image-text\">\n\t\t\n\n<h3>El meridiano del ri\u00f1\u00f3n en detalle<\/h3>\n<h2>Recorrido del meridiano del ri\u00f1\u00f3n<\/h2>\n<p class=\"p1\">El meridiano del ri\u00f1\u00f3n comienza en la planta del pie con el punto de acupuntura <a class=\"akupunkturpunkt\" href=\"https:\/\/www.meine-tcm.com\/es\/puntos-de-acupuntura\/punto-de-acupuntura-rn-01\/\">R\u00f1 01<\/a>que se encuentra entre las bolas grande y peque\u00f1a del pie. Desde ah\u00ed recorre la planta del pie hasta el arco interno del pie y luego hasta el...\u00a0 \u00a0 <a href=\"#der-meridianverlauf-im-detail\">Leer m\u00e1s<\/a><\/p>\n<h2 class=\"before-ul\">Trastornos del meridiano renal<\/h2>\n<ul class=\"square red\">\n<li>\n<p class=\"p1\">Problemas de espalda, rodillas o piernas<\/p>\n<\/li>\n<li>\n<p class=\"p1\">Baja energ\u00eda y ansiedad<\/p>\n<\/li>\n<li>\n<p class=\"p1\">Envejecimiento prematuro<\/p>\n<\/li>\n<li>\n<p class=\"p1\">Inseguridad y dudas<\/p>\n<\/li>\n<li>\n<p class=\"p1\">poca confianza en s\u00ed mismo<\/p>\n<\/li>\n<\/ul>\n<h2 class=\"before-ul\">Puntos clave del meridiano<\/h2>\n<ul class=\"square yellow\">\n<li>\n<p class=\"p1\">Rodilla<\/p>\n<\/li>\n<li>\n<p class=\"p1\">Volver<\/p>\n<\/li>\n<li>\n<p class=\"p1\">Sacro (articulaci\u00f3n sacroil\u00edaca)<\/p>\n<\/li>\n<\/ul>\n<h2 class=\"before-ul\">Armon\u00eda en el meridiano del ri\u00f1\u00f3n<\/h2>\n<ul class=\"square blue\">\n<li>\n<p class=\"p1\">Buena vitalidad y fuerza de voluntad<\/p>\n<\/li>\n<li>\n<p class=\"p1\">Autoconfianza<\/p>\n<\/li>\n<li>\n<p class=\"p1\">Valiente y lleno de confianza en sus propias capacidades<\/p>\n<\/li>\n<li>\n<p class=\"p1\">Disfrutar de momentos de paz y tranquilidad<\/p>\n<\/li>\n<\/ul>\n\t\t\t<\/div>\n\t\n\n\t\t<\/div>\n\t\t\t\t\n<style>\n#col-1599102331 > .col-inner {\n  max-width: 800px;\n}\n<\/style>\n\t<\/div>\n\n\t\n\n<\/div>\n\n\t\t<\/div>\n\n\t\t\n<style>\n#section_209308618 {\n  padding-top: 0px;\n  padding-bottom: 0px;\n}\n<\/style>\n\t<\/section>\n\t\n\t<div id=\"gap-419108565\" class=\"gap-element clearfix\" style=\"display:block; height:auto;\">\n\t\t\n<style>\n#gap-419108565 {\n  padding-top: 60px;\n}\n<\/style>\n\t<\/div>\n\t\n\n\n\t<section class=\"section akupunktur\" id=\"section_466395921\">\n\t\t<div class=\"section-bg fill\" >\n\t\t\t\t\t\t\t\t\t\n\t\t\t\n\n\t\t<\/div>\n\n\t\t\n\n\t\t<div class=\"section-content relative\">\n\t\t\t\n\n<div class=\"row akupunkturpunkte\" style=\"max-width:1040px\" id=\"row-159703741\">\n\n\n\t<div id=\"col-414142399\" class=\"col medium-2 small-12 large-2\"  >\n\t\t\t\t<div class=\"col-inner\"  >\n\t\t\t\n\t\t\t\n\n\n\t\t<\/div>\n\t\t\t\t\t<\/div>\n\n\t\n\n\t<div id=\"col-1566133519\" class=\"col medium-2 small-12 large-2 tip-top\" title=\"C\u00f3mo encontrar el punto de acupuntura Ni 01\" >\n\t\t\t\t<div class=\"col-inner\"  >\n\t\t\t\n\t\t\t\n\n<span class=\"scroll-to\" data-label=\"Scroll to: #die-wichtigsten-akupunkturpunkte\" data-bullet=\"true\" data-link=\"#die-wichtigsten-akupunkturpunkte\" data-title=\"Die wichtigsten Akupunkturpunkte\"><a name=\"die-wichtigsten-akupunkturpunkte\"><\/a><\/span>\n\n<p>R\u00f1 01<\/p>\n\t<div class=\"img has-hover x md-x lg-x y md-y lg-y\" id=\"image_1695228916\">\n\t\t<a class=\"\" href=\"https:\/\/www.meine-tcm.com\/es\/puntos-de-acupuntura\/punto-de-acupuntura-rn-01\/\" >\t\t\t\t\t\t<div class=\"img-inner dark\" >\n\t\t\t<img loading=\"lazy\" decoding=\"async\" width=\"280\" height=\"280\" src=\"https:\/\/www.meine-tcm.com\/wp-content\/uploads\/2022\/09\/lage-akupunkturpunkt-Ni-01-grafik-280x280.jpg\" class=\"attachment-thumbnail size-thumbnail\" alt=\"Localizaci\u00f3n del punto de acupuntura Ni 01 Gr\u00e1fico\" srcset=\"https:\/\/www.meine-tcm.com\/wp-content\/uploads\/2022\/09\/lage-akupunkturpunkt-Ni-01-grafik-280x280.jpg 280w, https:\/\/www.meine-tcm.com\/wp-content\/uploads\/2022\/09\/lage-akupunkturpunkt-Ni-01-grafik-100x100.jpg 100w\" sizes=\"auto, (max-width: 280px) 100vw, 280px\" title=\"Localizaci\u00f3n del punto de acupuntura Ni 01\" \/>\t\t\t\t\t\t\n\t\t\t\t\t<\/div>\n\t\t\t\t\t\t<\/a>\t\t\n<style>\n#image_1695228916 {\n  width: 100%;\n}\n<\/style>\n\t<\/div>\n\t\n\n\n\t\t<\/div>\n\t\t\t\t\t<\/div>\n\n\t\n\n\t<div id=\"col-12656948\" class=\"col medium-2 small-12 large-2 tip-top\" title=\"C\u00f3mo encontrar el punto de acupuntura Ni 03\" >\n\t\t\t\t<div class=\"col-inner\"  >\n\t\t\t\n\t\t\t\n\n<p>R\u00f1 03<\/p>\n\t<div class=\"img has-hover x md-x lg-x y md-y lg-y\" id=\"image_973888098\">\n\t\t<a class=\"\" href=\"https:\/\/www.meine-tcm.com\/es\/puntos-de-acupuntura\/punto-de-acupuntura-rn-03\/\" >\t\t\t\t\t\t<div class=\"img-inner dark\" >\n\t\t\t<img loading=\"lazy\" decoding=\"async\" width=\"280\" height=\"280\" src=\"https:\/\/www.meine-tcm.com\/wp-content\/uploads\/2022\/09\/lage-akupunkturpunkt-Ni-03-grafik-280x280.jpg\" class=\"attachment-thumbnail size-thumbnail\" alt=\"Localizaci\u00f3n del punto de acupuntura Ni 03 Gr\u00e1fico\" srcset=\"https:\/\/www.meine-tcm.com\/wp-content\/uploads\/2022\/09\/lage-akupunkturpunkt-Ni-03-grafik-280x280.jpg 280w, https:\/\/www.meine-tcm.com\/wp-content\/uploads\/2022\/09\/lage-akupunkturpunkt-Ni-03-grafik-100x100.jpg 100w\" sizes=\"auto, (max-width: 280px) 100vw, 280px\" title=\"Localizaci\u00f3n del punto de acupuntura Ni 03\" \/>\t\t\t\t\t\t\n\t\t\t\t\t<\/div>\n\t\t\t\t\t\t<\/a>\t\t\n<style>\n#image_973888098 {\n  width: 100%;\n}\n<\/style>\n\t<\/div>\n\t\n\n\n\t\t<\/div>\n\t\t\t\t\t<\/div>\n\n\t\n\n\t<div id=\"col-2017394272\" class=\"col medium-2 small-12 large-2 tip-top\" title=\"C\u00f3mo encontrar el punto de acupuntura Ni 06\" >\n\t\t\t\t<div class=\"col-inner\"  >\n\t\t\t\n\t\t\t\n\n<p>R\u00f1 06<\/p>\n\t<div class=\"img has-hover x md-x lg-x y md-y lg-y\" id=\"image_466819789\">\n\t\t<a class=\"\" href=\"https:\/\/www.meine-tcm.com\/es\/puntos-de-acupuntura\/punto-de-acupuntura-rn-06\/\" >\t\t\t\t\t\t<div class=\"img-inner dark\" >\n\t\t\t<img loading=\"lazy\" decoding=\"async\" width=\"280\" height=\"280\" src=\"https:\/\/www.meine-tcm.com\/wp-content\/uploads\/2022\/09\/lage-akupunkturpunkt-Ni-06-grafik-280x280.jpg\" class=\"attachment-thumbnail size-thumbnail\" alt=\"Localizaci\u00f3n del punto de acupuntura Ni 06 Gr\u00e1fico\" srcset=\"https:\/\/www.meine-tcm.com\/wp-content\/uploads\/2022\/09\/lage-akupunkturpunkt-Ni-06-grafik-280x280.jpg 280w, https:\/\/www.meine-tcm.com\/wp-content\/uploads\/2022\/09\/lage-akupunkturpunkt-Ni-06-grafik-100x100.jpg 100w\" sizes=\"auto, (max-width: 280px) 100vw, 280px\" title=\"Localizaci\u00f3n del punto de acupuntura Ni 06\" \/>\t\t\t\t\t\t\n\t\t\t\t\t<\/div>\n\t\t\t\t\t\t<\/a>\t\t\n<style>\n#image_466819789 {\n  width: 100%;\n}\n<\/style>\n\t<\/div>\n\t\n\n\n\t\t<\/div>\n\t\t\t\t\t<\/div>\n\n\t\n\n\t<div id=\"col-1060212206\" class=\"col medium-2 small-12 large-2 tip-top\" title=\"C\u00f3mo encontrar el punto de acupuntura Ni 16\" >\n\t\t\t\t<div class=\"col-inner\"  >\n\t\t\t\n\t\t\t\n\n<p>R\u00f1 16<\/p>\n\t<div class=\"img has-hover x md-x lg-x y md-y lg-y\" id=\"image_2024840725\">\n\t\t<a class=\"\" href=\"https:\/\/www.meine-tcm.com\/es\/puntos-de-acupuntura\/punto-de-acupuntura-rn-16\/\" >\t\t\t\t\t\t<div class=\"img-inner dark\" >\n\t\t\t<img loading=\"lazy\" decoding=\"async\" width=\"280\" height=\"280\" src=\"https:\/\/www.meine-tcm.com\/wp-content\/uploads\/2022\/09\/lage-akupunkturpunkt-Ni-16-grafik-280x280.jpg\" class=\"attachment-thumbnail size-thumbnail\" alt=\"Localizaci\u00f3n del punto de acupuntura Ni 16 Graphic\" srcset=\"https:\/\/www.meine-tcm.com\/wp-content\/uploads\/2022\/09\/lage-akupunkturpunkt-Ni-16-grafik-280x280.jpg 280w, https:\/\/www.meine-tcm.com\/wp-content\/uploads\/2022\/09\/lage-akupunkturpunkt-Ni-16-grafik-100x100.jpg 100w\" sizes=\"auto, (max-width: 280px) 100vw, 280px\" title=\"Localizaci\u00f3n del punto de acupuntura Ni 16\" \/>\t\t\t\t\t\t\n\t\t\t\t\t<\/div>\n\t\t\t\t\t\t<\/a>\t\t\n<style>\n#image_2024840725 {\n  width: 100%;\n}\n<\/style>\n\t<\/div>\n\t\n\n\n\t\t<\/div>\n\t\t\t\t\t<\/div>\n\n\t\n\n\t<div id=\"col-281529186\" class=\"col medium-2 small-12 large-2\"  >\n\t\t\t\t<div class=\"col-inner\"  >\n\t\t\t\n\t\t\t\n\n\n\t\t<\/div>\n\t\t\t\t\t<\/div>\n\n\t\n\n<\/div>\n<div class=\"row row-collapse row-full-width align-middle align-center akupunkturpunkte-text\"  id=\"row-1736788918\">\n\n\n\t<div id=\"col-778677340\" class=\"col akupunkturpunkte-text small-12 large-12\"  >\n\t\t\t\t<div class=\"col-inner\"  >\n\t\t\t\n\t<div class=\"is-border\"\n\t\tstyle=\"border-color:rgb(0, 10, 13);border-width:1px 0px 1px 0px;\">\n\t<\/div>\n\t\t\t\n\n<p style=\"text-align: center;\"><strong>LOS PUNTOS DE ACUPUNTURA M\u00c1S IMPORTANTES:&nbsp; <\/strong><a href=\"https:\/\/www.meine-tcm.com\/es\/puntos-de-acupuntura\/punto-de-acupuntura-rn-01\/\">R\u00f1 01<\/a> - <a href=\"https:\/\/www.meine-tcm.com\/es\/puntos-de-acupuntura\/punto-de-acupuntura-rn-03\/\">R\u00f1 03<\/a> - <a href=\"https:\/\/www.meine-tcm.com\/es\/puntos-de-acupuntura\/punto-de-acupuntura-rn-06\/\">R\u00f1 06<\/a> - <a href=\"https:\/\/www.meine-tcm.com\/es\/puntos-de-acupuntura\/punto-de-acupuntura-rn-16\/\">R\u00f1 16<\/a><\/p>\n\n\t\t<\/div>\n\t\t\t\t\n<style>\n#col-778677340 > .col-inner {\n  padding: 20px 0px 20px 0px;\n  margin: 20px 0px 20px 0px;\n}\n<\/style>\n\t<\/div>\n\n\t\n\n\n<style>\n#row-1736788918 > .col > .col-inner {\n  padding: 20px 0px 20px 0px;\n  background-color: rgb(255, 255, 255);\n}\n<\/style>\n<\/div>\n<div class=\"row align-center akupunkturpunkte-text-caption\"  id=\"row-36873408\">\n\n\n\t<div id=\"col-318978235\" class=\"col small-12 large-12\"  >\n\t\t\t\t<div class=\"col-inner text-center\"  >\n\t\t\t\n\t\t\t\n\n\t<div id=\"text-927681187\" class=\"text caption\">\n\t\t\n\n<p>Estos son los 4 mejores puntos de acupuntura para reequilibrar el meridiano del ri\u00f1\u00f3n.<\/p>\n\t\t\t<\/div>\n\t\n\n\t\t<\/div>\n\t\t\t\t\n<style>\n#col-318978235 > .col-inner {\n  max-width: 960px;\n}\n<\/style>\n\t<\/div>\n\n\t\n\n<\/div>\n\n\t\t<\/div>\n\n\t\t\n<style>\n#section_466395921 {\n  padding-top: 0px;\n  padding-bottom: 0px;\n  margin-bottom: 0px;\n}\n<\/style>\n\t<\/section>\n\t\n\t<div id=\"gap-992679824\" class=\"gap-element clearfix\" style=\"display:block; height:auto;\">\n\t\t\n<style>\n#gap-992679824 {\n  padding-top: 50px;\n}\n<\/style>\n\t<\/div>\n\t\n\n\n\t<section class=\"section text800\" id=\"section_1829448922\">\n\t\t<div class=\"section-bg fill\" >\n\t\t\t\t\t\t\t\t\t\n\t\t\t\n\n\t\t<\/div>\n\n\t\t\n\n\t\t<div class=\"section-content relative\">\n\t\t\t\n\n<div class=\"row\" style=\"max-width:960px\" id=\"row-325481503\">\n\n\n\t<div id=\"col-1666082479\" class=\"col small-12 large-12\"  >\n\t\t\t\t<div class=\"col-inner\"  >\n\t\t\t\n\t\t\t\n\n<span class=\"scroll-to\" data-label=\"Scroll to: #meridian-yoga-uebungen\" data-bullet=\"true\" data-link=\"#meridian-yoga-uebungen\" data-title=\"Meridian Yoga \u00dcbungen\"><a name=\"meridian-yoga-uebungen\"><\/a><\/span>\n\n<h2>Yoga de los meridianos para equilibrar la energ\u00eda renal<\/h2>\n<p style=\"text-align: center;\">&nbsp;A continuaci\u00f3n, me gustar\u00eda presentarle formas de aumentar su propia energ\u00eda y vitalidad. Una forma de hacerlo es igualando y equilibrando tu energ\u00eda meridiana. Puedes conseguirlo de forma muy sencilla con los ejercicios del yoga meridiano. Los ejercicios te llevan a un estado de profunda calma y relajaci\u00f3n.<\/p>\n\n\t\t<\/div>\n\t\t\t\t\n<style>\n#col-1666082479 > .col-inner {\n  max-width: 800px;\n}\n<\/style>\n\t<\/div>\n\n\t\n\n<\/div>\n\n\t\t<\/div>\n\n\t\t\n<style>\n#section_1829448922 {\n  padding-top: 0px;\n  padding-bottom: 0px;\n}\n<\/style>\n\t<\/section>\n\t\n\n\t<section class=\"section image-text\" id=\"section_899423831\">\n\t\t<div class=\"section-bg fill\" >\n\t\t\t\t\t\t\t\t\t\n\t\t\t\n\n\t\t<\/div>\n\n\t\t\n\n\t\t<div class=\"section-content relative\">\n\t\t\t\n\n<div class=\"row align-middle align-center\"  id=\"row-1183020973\">\n\n\n\t<div id=\"col-1891961779\" class=\"col medium-6 small-12 large-6\"  >\n\t\t\t\t<div class=\"col-inner text-right\"  >\n\t\t\t\n\t\t\t\n\n\t<div class=\"img has-hover x md-x lg-x y md-y lg-y\" id=\"image_2047999348\">\n\t\t<a class=\"\" href=\"https:\/\/www.meine-tcm.com\/es\/producto\/yoga-meridiano-para-mas-energia-y-vitalidad\/\" >\t\t\t\t\t\t<div class=\"img-inner dark\" >\n\t\t\t<img loading=\"lazy\" decoding=\"async\" width=\"768\" height=\"512\" src=\"https:\/\/www.meine-tcm.com\/wp-content\/uploads\/2022\/09\/meridian-yoga-uebung-nieren-meridian-butterfly-768x512.jpg\" class=\"attachment-medium_large size-medium_large\" alt=\"Kati haciendo el ejercicio de yoga del meridiano Mariposa para el meridiano del ri\u00f1\u00f3n con la l\u00ednea de estiramiento dibujada en\" srcset=\"https:\/\/www.meine-tcm.com\/wp-content\/uploads\/2022\/09\/meridian-yoga-uebung-nieren-meridian-butterfly-768x512.jpg 768w, https:\/\/www.meine-tcm.com\/wp-content\/uploads\/2022\/09\/meridian-yoga-uebung-nieren-meridian-butterfly-800x533.jpg 800w, https:\/\/www.meine-tcm.com\/wp-content\/uploads\/2022\/09\/meridian-yoga-uebung-nieren-meridian-butterfly-600x400.jpg 600w, https:\/\/www.meine-tcm.com\/wp-content\/uploads\/2022\/09\/meridian-yoga-uebung-nieren-meridian-butterfly-18x12.jpg 18w, https:\/\/www.meine-tcm.com\/wp-content\/uploads\/2022\/09\/meridian-yoga-uebung-nieren-meridian-butterfly.jpg 1200w\" sizes=\"auto, (max-width: 768px) 100vw, 768px\" title=\"Ejercicio de Yoga Meridiano Mariposa para el Meridiano del Ri\u00f1\u00f3n\" \/>\t\t\t\t\t\t\n\t\t\t\t\t<\/div>\n\t\t\t\t\t\t<\/a>\t\t\n<style>\n#image_2047999348 {\n  width: 100%;\n}\n<\/style>\n\t<\/div>\n\t\n\n\n\t\t<\/div>\n\t\t\t\t\n<style>\n#col-1891961779 > .col-inner {\n  max-width: 480px;\n}\n<\/style>\n\t<\/div>\n\n\t\n\n\t<div id=\"col-1193030390\" class=\"col medium-6 small-12 large-6\"  >\n\t\t\t\t<div class=\"col-inner text-left\"  >\n\t\t\t\n\t\t\t\n\n<h3>Yoga Meridiano<\/h3>\n<h2>Mariposa para el meridiano del ri\u00f1\u00f3n<\/h2>\n<p><b>Con este ejercicio de yoga meridiano <\/b>En el caso del meridiano del ri\u00f1\u00f3n, se aborda espec\u00edficamente su recorrido por la parte interior de la pierna. Esto le da la oportunidad de sentir d\u00f3nde est\u00e1 bloqueado y relajar esta zona del cuerpo.<\/p>\n<p><a href=\"https:\/\/www.meine-tcm.com\/es\/producto\/yoga-meridiano-para-mas-energia-y-vitalidad\/\">M\u00e1s informaci\u00f3n<\/a><\/p>\n\n\t\t<\/div>\n\t\t\t\t\n<style>\n#col-1193030390 > .col-inner {\n  max-width: 480px;\n}\n<\/style>\n\t<\/div>\n\n\t\n\n<\/div>\n\n\t\t<\/div>\n\n\t\t\n<style>\n#section_899423831 {\n  padding-top: 0px;\n  padding-bottom: 0px;\n}\n<\/style>\n\t<\/section>\n\t\n\t<div id=\"gap-382037934\" class=\"gap-element clearfix\" style=\"display:block; height:auto;\">\n\t\t\n<style>\n#gap-382037934 {\n  padding-top: 36px;\n}\n<\/style>\n\t<\/div>\n\t\n\n\n\t<section class=\"section image-text\" id=\"section_1767228129\">\n\t\t<div class=\"section-bg fill\" >\n\t\t\t\t\t\t\t\t\t\n\t\t\t\n\n\t\t<\/div>\n\n\t\t\n\n\t\t<div class=\"section-content relative\">\n\t\t\t\n\n<div class=\"row align-middle align-center\"  id=\"row-1349906380\">\n\n\n\t<div id=\"col-915992425\" class=\"col medium-6 small-12 large-6\"  >\n\t\t\t\t<div class=\"col-inner text-right\"  >\n\t\t\t\n\t\t\t\n\n\t<div class=\"img has-hover x md-x lg-x y md-y lg-y\" id=\"image_2051412186\">\n\t\t<a class=\"\" href=\"https:\/\/www.meine-tcm.com\/es\/producto\/yoga-meridiano-para-mas-energia-y-vitalidad\/\" >\t\t\t\t\t\t<div class=\"img-inner dark\" >\n\t\t\t<img loading=\"lazy\" decoding=\"async\" width=\"768\" height=\"512\" src=\"https:\/\/www.meine-tcm.com\/wp-content\/uploads\/2022\/09\/meridian-yoga-uebung-nieren-meridian-heldenposition-768x512.jpg\" class=\"attachment-medium_large size-medium_large\" alt=\"Kati haciendo el ejercicio de yoga meridiano de la postura del h\u00e9roe para el meridiano del ri\u00f1\u00f3n con la l\u00ednea de estiramiento marcada\" srcset=\"https:\/\/www.meine-tcm.com\/wp-content\/uploads\/2022\/09\/meridian-yoga-uebung-nieren-meridian-heldenposition-768x512.jpg 768w, https:\/\/www.meine-tcm.com\/wp-content\/uploads\/2022\/09\/meridian-yoga-uebung-nieren-meridian-heldenposition-800x533.jpg 800w, https:\/\/www.meine-tcm.com\/wp-content\/uploads\/2022\/09\/meridian-yoga-uebung-nieren-meridian-heldenposition-600x400.jpg 600w, https:\/\/www.meine-tcm.com\/wp-content\/uploads\/2022\/09\/meridian-yoga-uebung-nieren-meridian-heldenposition-18x12.jpg 18w, https:\/\/www.meine-tcm.com\/wp-content\/uploads\/2022\/09\/meridian-yoga-uebung-nieren-meridian-heldenposition.jpg 1200w\" sizes=\"auto, (max-width: 768px) 100vw, 768px\" title=\"Ejercicio de yoga para los meridianos Postura del h\u00e9roe para el meridiano del ri\u00f1\u00f3n\" \/>\t\t\t\t\t\t\n\t\t\t\t\t<\/div>\n\t\t\t\t\t\t<\/a>\t\t\n<style>\n#image_2051412186 {\n  width: 100%;\n}\n<\/style>\n\t<\/div>\n\t\n\n\n\t\t<\/div>\n\t\t\t\t\n<style>\n#col-915992425 > .col-inner {\n  max-width: 480px;\n}\n<\/style>\n\t<\/div>\n\n\t\n\n\t<div id=\"col-1018558870\" class=\"col medium-6 small-12 large-6\"  >\n\t\t\t\t<div class=\"col-inner text-left\"  >\n\t\t\t\n\t\t\t\n\n<h3>Yoga Meridiano<\/h3>\n<h2>Posici\u00f3n de h\u00e9roe para el meridiano del ri\u00f1\u00f3n<\/h2>\n<p><b>La posici\u00f3n del h\u00e9roe<\/b>&nbsp;Desarrolla la fuerza y la resistencia, por un lado, y estira todo el recorrido del meridiano del ri\u00f1\u00f3n, por otro. En esta postura puedes liberar muchas tensiones.<\/p>\n<p><a href=\"https:\/\/www.meine-tcm.com\/es\/producto\/yoga-meridiano-para-mas-energia-y-vitalidad\/\">M\u00e1s informaci\u00f3n<\/a><\/p>\n\n\t\t<\/div>\n\t\t\t\t\n<style>\n#col-1018558870 > .col-inner {\n  max-width: 480px;\n}\n<\/style>\n\t<\/div>\n\n\t\n\n<\/div>\n\n\t\t<\/div>\n\n\t\t\n<style>\n#section_1767228129 {\n  padding-top: 0px;\n  padding-bottom: 0px;\n}\n<\/style>\n\t<\/section>\n\t\n\t<div id=\"gap-31181637\" class=\"gap-element clearfix\" style=\"display:block; height:auto;\">\n\t\t\n<style>\n#gap-31181637 {\n  padding-top: 36px;\n}\n<\/style>\n\t<\/div>\n\t\n\n\n\t<section class=\"section single-button\" id=\"section_725974038\">\n\t\t<div class=\"section-bg fill\" >\n\t\t\t\t\t\t\t\t\t\n\t\t\t\n\n\t\t<\/div>\n\n\t\t\n\n\t\t<div class=\"section-content relative\">\n\t\t\t\n\n<div class=\"row row-collapse align-center\"  id=\"row-833974628\">\n\n\n\t<div id=\"col-1312913928\" class=\"col small-12 large-12\"  >\n\t\t\t\t<div class=\"col-inner text-center\"  >\n\t\t\t\n\t\t\t\n\n<a href=\"https:\/\/www.meine-tcm.com\/es\/producto\/yoga-meridiano-para-mas-energia-y-vitalidad\/\" class=\"button primary box-shadow-1 button-meridian-yoga\" >\n\t\t<span>Al curso de Meridian Yoga<\/span>\n\t<\/a>\n\n\n\n\t\t<\/div>\n\t\t\t\t\n<style>\n#col-1312913928 > .col-inner {\n  max-width: 800px;\n}\n<\/style>\n\t<\/div>\n\n\t\n\n<\/div>\n\n\t\t<\/div>\n\n\t\t\n<style>\n#section_725974038 {\n  padding-top: 0px;\n  padding-bottom: 0px;\n}\n<\/style>\n\t<\/section>\n\t\n\t<div id=\"gap-2146867677\" class=\"gap-element clearfix\" style=\"display:block; height:auto;\">\n\t\t\n<style>\n#gap-2146867677 {\n  padding-top: 60px;\n}\n<\/style>\n\t<\/div>\n\t\n\n\n\t<section class=\"section pro-tipp\" id=\"section_1989647912\">\n\t\t<div class=\"section-bg fill\" >\n\t\t\t\t\t\t\t\t\t\n\t\t\t\n\n\t\t<\/div>\n\n\t\t\n\n\t\t<div class=\"section-content relative\">\n\t\t\t\n\n<div class=\"row row-small align-middle align-center\" style=\"max-width:960px\" id=\"row-1005558236\">\n\n\n\t<div id=\"col-993443938\" class=\"col pro-tipp-image medium-3 small-12 large-3\"  >\n\t\t\t\t<div class=\"col-inner text-center\"  >\n\t\t\t\n\t\t\t\n\n\t<div class=\"img has-hover x md-x lg-x y md-y lg-y\" id=\"image_89845177\">\n\t\t\t\t\t\t\t\t<div class=\"img-inner dark\" >\n\t\t\t<img loading=\"lazy\" decoding=\"async\" width=\"442\" height=\"440\" src=\"https:\/\/www.meine-tcm.com\/wp-content\/uploads\/2021\/02\/wolfgang-meine-tcm-qi-gong-akademie-einfach-besser-leben.jpg\" class=\"attachment-medium_large size-medium_large\" alt=\"Retrato de Wolfgang Stemer para mi Academia de MTC Qi Gong, Simply Better Living\" srcset=\"https:\/\/www.meine-tcm.com\/wp-content\/uploads\/2021\/02\/wolfgang-meine-tcm-qi-gong-akademie-einfach-besser-leben.jpg 442w, https:\/\/www.meine-tcm.com\/wp-content\/uploads\/2021\/02\/wolfgang-meine-tcm-qi-gong-akademie-einfach-besser-leben-100x100.jpg 100w, https:\/\/www.meine-tcm.com\/wp-content\/uploads\/2021\/02\/wolfgang-meine-tcm-qi-gong-akademie-einfach-besser-leben-402x400.jpg 402w, https:\/\/www.meine-tcm.com\/wp-content\/uploads\/2021\/02\/wolfgang-meine-tcm-qi-gong-akademie-einfach-besser-leben-280x280.jpg 280w\" sizes=\"auto, (max-width: 442px) 100vw, 442px\" title=\"Wolfgang de mi Academia TCM Qi Gong, Simplemente vivir mejor\" \/>\t\t\t\t\t\t\n\t\t\t\t\t<\/div>\n\t\t\t\t\t\t\t\t\n<style>\n#image_89845177 {\n  width: 100%;\n}\n<\/style>\n\t<\/div>\n\t\n\n\n\t\t<\/div>\n\t\t\t\t\n<style>\n#col-993443938 > .col-inner {\n  margin: 0px 60px 0px 0px;\n  max-width: 600px;\n}\n<\/style>\n\t<\/div>\n\n\t\n\n\t<div id=\"col-1221160295\" class=\"col pro-tipp-text medium-9 small-12 large-9\"  >\n\t\t\t\t<div class=\"col-inner text-center\"  >\n\t\t\t\n\t\t\t\n\n<h3>Consejo profesional de Wolfgang<\/h3>\n<p>Combina los dos sistemas de movimiento, Meridian Yoga y Qi Gong, y aumenta su efecto. Por la ma\u00f1ana, cuando el cuerpo a\u00fan est\u00e1 un poco r\u00edgido, puedes empezar el d\u00eda con 15 minutos de Qi Gong y obtener la energ\u00eda que necesitas. Por la noche, puedes despedir el d\u00eda con 15 minutos de yoga meridiano y volver a calmarte.<\/p>\n\n\t\t<\/div>\n\t\t\t\t\n<style>\n#col-1221160295 > .col-inner {\n  max-width: 600px;\n}\n<\/style>\n\t<\/div>\n\n\t\n\n<\/div>\n\n\t\t<\/div>\n\n\t\t\n<style>\n#section_1989647912 {\n  padding-top: 40px;\n  padding-bottom: 40px;\n  margin-bottom: 0px;\n  background-color: rgb(255, 244, 217);\n}\n<\/style>\n\t<\/section>\n\t\n\t<div id=\"gap-59184821\" class=\"gap-element clearfix\" style=\"display:block; height:auto;\">\n\t\t\n<style>\n#gap-59184821 {\n  padding-top: 50px;\n}\n<\/style>\n\t<\/div>\n\t\n\n\n\t<section class=\"section text800\" id=\"section_1876116770\">\n\t\t<div class=\"section-bg fill\" >\n\t\t\t\t\t\t\t\t\t\n\t\t\t\n\n\t\t<\/div>\n\n\t\t\n\n\t\t<div class=\"section-content relative\">\n\t\t\t\n\n<div class=\"row\" style=\"max-width:960px\" id=\"row-1746796106\">\n\n\n\t<div id=\"col-1574853302\" class=\"col small-12 large-12\"  >\n\t\t\t\t<div class=\"col-inner\"  >\n\t\t\t\n\t\t\t\n\n<span class=\"scroll-to\" data-label=\"Scroll to: #qi-gong-uebungen\" data-bullet=\"true\" data-link=\"#qi-gong-uebungen\" data-title=\"Qi Gong \u00dcbungen\"><a name=\"qi-gong-uebungen\"><\/a><\/span>\n\n<h2>Qi Gong para equilibrar la energ\u00eda renal<\/h2>\n<p style=\"text-align: center;\">Otra forma muy elegante y eficaz de aumentar tu energ\u00eda personal procede de la MTC. <strong><a href=\"https:\/\/www.meine-tcm.com\/es\/qi-gong\/\">Qi Gong<\/a><\/strong> es un arte milenario del movimiento, que constituye uno de los 5 pilares del <a href=\"https:\/\/www.meine-tcm.com\/es\/medicina-tradicional-china\/\"><strong>Medicina china<\/strong><\/a> formas. Los ejercicios son f\u00e1ciles de aprender y aqu\u00ed te muestro mis 2 ejercicios favoritos para equilibrar la energ\u00eda renal.<\/p>\n\n\t\t<\/div>\n\t\t\t\t\n<style>\n#col-1574853302 > .col-inner {\n  max-width: 800px;\n}\n<\/style>\n\t<\/div>\n\n\t\n\n<\/div>\n\n\t\t<\/div>\n\n\t\t\n<style>\n#section_1876116770 {\n  padding-top: 0px;\n  padding-bottom: 0px;\n}\n<\/style>\n\t<\/section>\n\t\n\n\t<section class=\"section image-text\" id=\"section_1658535274\">\n\t\t<div class=\"section-bg fill\" >\n\t\t\t\t\t\t\t\t\t\n\t\t\t\n\n\t\t<\/div>\n\n\t\t\n\n\t\t<div class=\"section-content relative\">\n\t\t\t\n\n<div class=\"row align-middle align-center\"  id=\"row-1074368240\">\n\n\n\t<div id=\"col-683387376\" class=\"col medium-6 small-12 large-6\"  >\n\t\t\t\t<div class=\"col-inner text-right\"  >\n\t\t\t\n\t\t\t\n\n\t<div class=\"img has-hover x md-x lg-x y md-y lg-y\" id=\"image_936682984\">\n\t\t<a class=\"\" href=\"https:\/\/www.meine-tcm.com\/es\/ejercicio-qi-gong-golpeteo-renal\/\" >\t\t\t\t\t\t<div class=\"img-inner dark\" >\n\t\t\t<img loading=\"lazy\" decoding=\"async\" width=\"768\" height=\"512\" src=\"https:\/\/www.meine-tcm.com\/wp-content\/uploads\/2022\/10\/lebenstore-aktivieren-qi-uebung-5-elemente-768x512.jpg\" class=\"attachment-medium_large size-medium_large\" alt=\"Wolfgang durante el ejercicio de Qi Gong Activar las Puertas de la Vida (5 Elementos Qi Gong)\" srcset=\"https:\/\/www.meine-tcm.com\/wp-content\/uploads\/2022\/10\/lebenstore-aktivieren-qi-uebung-5-elemente-768x512.jpg 768w, https:\/\/www.meine-tcm.com\/wp-content\/uploads\/2022\/10\/lebenstore-aktivieren-qi-uebung-5-elemente-800x533.jpg 800w, https:\/\/www.meine-tcm.com\/wp-content\/uploads\/2022\/10\/lebenstore-aktivieren-qi-uebung-5-elemente-600x400.jpg 600w, https:\/\/www.meine-tcm.com\/wp-content\/uploads\/2022\/10\/lebenstore-aktivieren-qi-uebung-5-elemente-1200x800.jpg 1200w, https:\/\/www.meine-tcm.com\/wp-content\/uploads\/2022\/10\/lebenstore-aktivieren-qi-uebung-5-elemente-1536x1024.jpg 1536w, https:\/\/www.meine-tcm.com\/wp-content\/uploads\/2022\/10\/lebenstore-aktivieren-qi-uebung-5-elemente-2048x1365.jpg 2048w, https:\/\/www.meine-tcm.com\/wp-content\/uploads\/2022\/10\/lebenstore-aktivieren-qi-uebung-5-elemente-18x12.jpg 18w\" sizes=\"auto, (max-width: 768px) 100vw, 768px\" title=\"Ejercicio de Qi Gong: Activar las puertas de la vida\" \/>\t\t\t\t\t\t\n\t\t\t\t\t<\/div>\n\t\t\t\t\t\t<\/a>\t\t\n<style>\n#image_936682984 {\n  width: 100%;\n}\n<\/style>\n\t<\/div>\n\t\n\n\n\t\t<\/div>\n\t\t\t\t\n<style>\n#col-683387376 > .col-inner {\n  max-width: 480px;\n}\n<\/style>\n\t<\/div>\n\n\t\n\n\t<div id=\"col-734009610\" class=\"col medium-6 small-12 large-6\"  >\n\t\t\t\t<div class=\"col-inner text-left\"  >\n\t\t\t\n\t\t\t\n\n<h3>Ejercicio de Qi Gong<\/h3>\n<h2>Activar la puerta de la vida<\/h2>\n<p>Con este&nbsp;<strong>Elementos de agua - Ejercicio<\/strong>&nbsp;fortaleces los ri\u00f1ones y la vejiga, que forman un par de \u00f3rganos en MTC. Una flexi\u00f3n consciente hacia delante relaja la regi\u00f3n renal y la zona lumbar.<\/p>\n<p><a href=\"https:\/\/www.meine-tcm.com\/es\/ejercicio-qi-gong-golpeteo-renal\/\">Explicaci\u00f3n del ejercicio con descripci\u00f3n en v\u00eddeo<\/a><\/p>\n\n\t\t<\/div>\n\t\t\t\t\n<style>\n#col-734009610 > .col-inner {\n  max-width: 480px;\n}\n<\/style>\n\t<\/div>\n\n\t\n\n<\/div>\n\n\t\t<\/div>\n\n\t\t\n<style>\n#section_1658535274 {\n  padding-top: 0px;\n  padding-bottom: 0px;\n}\n<\/style>\n\t<\/section>\n\t\n\t<div id=\"gap-1073958072\" class=\"gap-element clearfix\" style=\"display:block; height:auto;\">\n\t\t\n<style>\n#gap-1073958072 {\n  padding-top: 36px;\n}\n<\/style>\n\t<\/div>\n\t\n\n\n\t<section class=\"section image-text\" id=\"section_332846161\">\n\t\t<div class=\"section-bg fill\" >\n\t\t\t\t\t\t\t\t\t\n\t\t\t\n\n\t\t<\/div>\n\n\t\t\n\n\t\t<div class=\"section-content relative\">\n\t\t\t\n\n<div class=\"row align-middle align-center\"  id=\"row-1803772820\">\n\n\n\t<div id=\"col-1203904100\" class=\"col medium-6 small-12 large-6\"  >\n\t\t\t\t<div class=\"col-inner text-right\"  >\n\t\t\t\n\t\t\t\n\n\t<div class=\"img has-hover x md-x lg-x y md-y lg-y\" id=\"image_1966927930\">\n\t\t<a class=\"\" href=\"https:\/\/www.meine-tcm.com\/es\/ejercicio-qi-gong-empuje-de-ondas\/\" >\t\t\t\t\t\t<div class=\"img-inner dark\" >\n\t\t\t<img loading=\"lazy\" decoding=\"async\" width=\"768\" height=\"512\" src=\"https:\/\/www.meine-tcm.com\/wp-content\/uploads\/2022\/10\/welle-schieben-qi-uebung-5-elemente-768x512.jpg\" class=\"attachment-medium_large size-medium_large\" alt=\"Wolfgang haciendo el ejercicio de Qi Gong empujando la ola (5 elementos Qi Gong)\" srcset=\"https:\/\/www.meine-tcm.com\/wp-content\/uploads\/2022\/10\/welle-schieben-qi-uebung-5-elemente-768x512.jpg 768w, https:\/\/www.meine-tcm.com\/wp-content\/uploads\/2022\/10\/welle-schieben-qi-uebung-5-elemente-800x533.jpg 800w, https:\/\/www.meine-tcm.com\/wp-content\/uploads\/2022\/10\/welle-schieben-qi-uebung-5-elemente-600x400.jpg 600w, https:\/\/www.meine-tcm.com\/wp-content\/uploads\/2022\/10\/welle-schieben-qi-uebung-5-elemente-1200x800.jpg 1200w, https:\/\/www.meine-tcm.com\/wp-content\/uploads\/2022\/10\/welle-schieben-qi-uebung-5-elemente-1536x1024.jpg 1536w, https:\/\/www.meine-tcm.com\/wp-content\/uploads\/2022\/10\/welle-schieben-qi-uebung-5-elemente-2048x1365.jpg 2048w, https:\/\/www.meine-tcm.com\/wp-content\/uploads\/2022\/10\/welle-schieben-qi-uebung-5-elemente-18x12.jpg 18w\" sizes=\"auto, (max-width: 768px) 100vw, 768px\" title=\"Ejercicio de Qi Gong: Empuja la ola\" \/>\t\t\t\t\t\t\n\t\t\t\t\t<\/div>\n\t\t\t\t\t\t<\/a>\t\t\n<style>\n#image_1966927930 {\n  width: 100%;\n}\n<\/style>\n\t<\/div>\n\t\n\n\n\t\t<\/div>\n\t\t\t\t\n<style>\n#col-1203904100 > .col-inner {\n  max-width: 480px;\n}\n<\/style>\n\t<\/div>\n\n\t\n\n\t<div id=\"col-2129105148\" class=\"col medium-6 small-12 large-6\"  >\n\t\t\t\t<div class=\"col-inner text-left\"  >\n\t\t\t\n\t\t\t\n\n<h3>Ejercicio de Qi Gong<\/h3>\n<h2>Eje de empuje<\/h2>\n<p>Fortalece tus \u00f3rganos con este ejercicio de Qi Gong&nbsp;<strong>Ri\u00f1ones y vejiga<\/strong>que van juntos en la MTC y juntos forman la&nbsp;<strong>Elemento agua<\/strong> forma. Este ejercicio ilustra perfectamente el principio del yin y el yang.<\/p>\n<p><a href=\"https:\/\/www.meine-tcm.com\/es\/ejercicio-qi-gong-empuje-de-ondas\/\">Explicaci\u00f3n del ejercicio con descripci\u00f3n en v\u00eddeo<\/a><\/p>\n\n\t\t<\/div>\n\t\t\t\t\n<style>\n#col-2129105148 > .col-inner {\n  max-width: 480px;\n}\n<\/style>\n\t<\/div>\n\n\t\n\n<\/div>\n\n\t\t<\/div>\n\n\t\t\n<style>\n#section_332846161 {\n  padding-top: 0px;\n  padding-bottom: 0px;\n}\n<\/style>\n\t<\/section>\n\t\n\t<div id=\"gap-808134218\" class=\"gap-element clearfix\" style=\"display:block; height:auto;\">\n\t\t\n<style>\n#gap-808134218 {\n  padding-top: 36px;\n}\n<\/style>\n\t<\/div>\n\t\n\n\n\t<section class=\"section single-button\" id=\"section_459092749\">\n\t\t<div class=\"section-bg fill\" >\n\t\t\t\t\t\t\t\t\t\n\t\t\t\n\n\t\t<\/div>\n\n\t\t\n\n\t\t<div class=\"section-content relative\">\n\t\t\t\n\n<div class=\"row row-collapse align-center\"  id=\"row-304218903\">\n\n\n\t<div id=\"col-1749702115\" class=\"col small-12 large-12\"  >\n\t\t\t\t<div class=\"col-inner text-center\"  >\n\t\t\t\n\t\t\t\n\n<a href=\"https:\/\/www.meine-tcm.com\/es\/productos-mtc\/qi-gong\/\" class=\"button primary box-shadow-1\" >\n\t\t<span>A nuestros cursos de Qi Gong<\/span>\n\t<\/a>\n\n\n\n\t\t<\/div>\n\t\t\t\t\n<style>\n#col-1749702115 > .col-inner {\n  max-width: 800px;\n}\n<\/style>\n\t<\/div>\n\n\t\n\n<\/div>\n\n\t\t<\/div>\n\n\t\t\n<style>\n#section_459092749 {\n  padding-top: 0px;\n  padding-bottom: 0px;\n}\n<\/style>\n\t<\/section>\n\t\n\t<div id=\"gap-683947401\" class=\"gap-element clearfix\" style=\"display:block; height:auto;\">\n\t\t\n<style>\n#gap-683947401 {\n  padding-top: 60px;\n}\n<\/style>\n\t<\/div>\n\t\n\n\n\t<section class=\"section text800\" id=\"section_1911362176\">\n\t\t<div class=\"section-bg fill\" >\n\t\t\t\t\t\t\t\t\t\n\t\t\t\n\n\t\t<\/div>\n\n\t\t\n\n\t\t<div class=\"section-content relative\">\n\t\t\t\n\n<div class=\"row\" style=\"max-width:960px\" id=\"row-1767720610\">\n\n\n\t<div id=\"col-1914715493\" class=\"col small-12 large-12\"  >\n\t\t\t\t<div class=\"col-inner\"  >\n\t\t\t\n\t\t\t\n\n<span class=\"scroll-to\" data-label=\"Scroll to: #noch-mehr-informationen-zum-meridian\" data-bullet=\"true\" data-link=\"#noch-mehr-informationen-zum-meridian\" data-title=\"Noch mehr Informationen zum Meridian\"><a name=\"noch-mehr-informationen-zum-meridian\"><\/a><\/span>\n\n<h2>M\u00e1s informaci\u00f3n sobre los meridianos y su estado de salud<\/h2>\n<p>\u00bfLe gustar\u00eda saber m\u00e1s sobre su estado de salud actual? T\u00f3mese unos minutos para rellenar nuestro cuestionario de MTC. Le indicar\u00e1 qu\u00e9 circuitos funcionales de su cuerpo puede reforzar desde la perspectiva de la MTC.\u00a0<\/p>\n<p>\u00bfQuiere saber m\u00e1s sobre el <strong><a href=\"https:\/\/www.meine-tcm.com\/es\/meridianos\/\">Meridianos<\/a><\/strong> y conocer sus antecedentes? Eche un vistazo a nuestro resumen de meridianos. Aqu\u00ed encontrar\u00e1s m\u00e1s informaci\u00f3n sobre todos los meridianos del cuerpo.<\/p>\n\n\t\t<\/div>\n\t\t\t\t\n<style>\n#col-1914715493 > .col-inner {\n  max-width: 800px;\n}\n<\/style>\n\t<\/div>\n\n\t\n\n<\/div>\n\n\t\t<\/div>\n\n\t\t\n<style>\n#section_1911362176 {\n  padding-top: 0px;\n  padding-bottom: 0px;\n}\n<\/style>\n\t<\/section>\n\t\n<span class=\"scroll-to\" data-label=\"Scroll to: #tcm-fragebogen\" data-bullet=\"true\" data-link=\"#tcm-fragebogen\" data-title=\"TCM Fragebogen\"><a name=\"tcm-fragebogen\"><\/a><\/span>\n\n\n\t<section class=\"section image-text\" id=\"section_71602860\">\n\t\t<div class=\"section-bg fill\" >\n\t\t\t\t\t\t\t\t\t\n\t\t\t\n\n\t\t<\/div>\n\n\t\t\n\n\t\t<div class=\"section-content relative\">\n\t\t\t\n\n<div class=\"row align-middle align-center\"  id=\"row-1747501346\">\n\n\n\t<div id=\"col-1599385272\" class=\"col medium-6 small-12 large-6\"  >\n\t\t\t\t<div class=\"col-inner text-right\"  >\n\t\t\t\n\t\t\t\n\n\t<div class=\"img has-hover x md-x lg-x y md-y lg-y\" id=\"image_1717926576\">\n\t\t<a class=\"\" href=\"https:\/\/www.meine-tcm.com\/es\/analisis-tcm\/\" >\t\t\t\t\t\t<div class=\"img-inner dark\" >\n\t\t\t<img loading=\"lazy\" decoding=\"async\" width=\"768\" height=\"608\" src=\"https:\/\/www.meine-tcm.com\/wp-content\/uploads\/2021\/09\/TCM-Fragebogen-1-768x608.jpg\" class=\"attachment-medium_large size-medium_large\" alt=\"Foto teaser con Wolfgang para el cuestionario de TCM\" srcset=\"https:\/\/www.meine-tcm.com\/wp-content\/uploads\/2021\/09\/TCM-Fragebogen-1-768x608.jpg 768w, https:\/\/www.meine-tcm.com\/wp-content\/uploads\/2021\/09\/TCM-Fragebogen-1-800x633.jpg 800w, https:\/\/www.meine-tcm.com\/wp-content\/uploads\/2021\/09\/TCM-Fragebogen-1-505x400.jpg 505w, https:\/\/www.meine-tcm.com\/wp-content\/uploads\/2021\/09\/TCM-Fragebogen-1-600x475.jpg 600w, https:\/\/www.meine-tcm.com\/wp-content\/uploads\/2021\/09\/TCM-Fragebogen-1.jpg 920w\" sizes=\"auto, (max-width: 768px) 100vw, 768px\" title=\"Cuestionario MTC\" \/>\t\t\t\t\t\t\n\t\t\t\t\t<\/div>\n\t\t\t\t\t\t<\/a>\t\t\n<style>\n#image_1717926576 {\n  width: 100%;\n}\n<\/style>\n\t<\/div>\n\t\n\n\n\t\t<\/div>\n\t\t\t\t\n<style>\n#col-1599385272 > .col-inner {\n  max-width: 480px;\n}\n<\/style>\n\t<\/div>\n\n\t\n\n\t<div id=\"col-544938787\" class=\"col medium-6 small-12 large-6\"  >\n\t\t\t\t<div class=\"col-inner text-left\"  >\n\t\t\t\n\t\t\t\n\n<h3>Cuestionario MTC<\/h3>\n<h2>Encuentre sus aplicaciones MTC \u00f3ptimas<\/h2>\n<p>Le invitamos a invertir unos minutos de su tiempo en rellenar este cuestionario. Como resultado, recibir\u00e1 sus tratamientos \u00f3ptimos con hierbas, puntos de acupuntura y ejercicios de Qi Gong.<\/p>\n<p><a title=\"Al arco libre TCM\" href=\"https:\/\/www.meine-tcm.com\/es\/analisis-tcm\/\">Al cuestionario<\/a><\/p>\n\n\t\t<\/div>\n\t\t\t\t\n<style>\n#col-544938787 > .col-inner {\n  max-width: 480px;\n}\n<\/style>\n\t<\/div>\n\n\t\n\n<\/div>\n\n\t\t<\/div>\n\n\t\t\n<style>\n#section_71602860 {\n  padding-top: 0px;\n  padding-bottom: 0px;\n}\n<\/style>\n\t<\/section>\n\t\n\t<div id=\"gap-271490418\" class=\"gap-element clearfix\" style=\"display:block; height:auto;\">\n\t\t\n<style>\n#gap-271490418 {\n  padding-top: 36px;\n}\n<\/style>\n\t<\/div>\n\t\n\n\n\t<section class=\"section image-text\" id=\"section_1704100098\">\n\t\t<div class=\"section-bg fill\" >\n\t\t\t\t\t\t\t\t\t\n\t\t\t\n\n\t\t<\/div>\n\n\t\t\n\n\t\t<div class=\"section-content relative\">\n\t\t\t\n\n<div class=\"row align-middle align-center\"  id=\"row-1124955394\">\n\n\n\t<div id=\"col-93601002\" class=\"col medium-6 small-12 large-6\"  >\n\t\t\t\t<div class=\"col-inner text-right\"  >\n\t\t\t\n\t\t\t\n\n\t<div class=\"img has-hover x md-x lg-x y md-y lg-y\" id=\"image_1654833893\">\n\t\t<a class=\"\" href=\"https:\/\/www.meine-tcm.com\/es\/meridianos\/\" >\t\t\t\t\t\t<div class=\"img-inner dark\" >\n\t\t\t<img loading=\"lazy\" decoding=\"async\" width=\"768\" height=\"506\" src=\"https:\/\/www.meine-tcm.com\/wp-content\/uploads\/2022\/10\/tcm-alle-meridiane-1536x1012-2-768x506.jpg\" class=\"attachment-medium_large size-medium_large\" alt=\"Gr\u00e1fico con los meridianos de la medicina china\" srcset=\"https:\/\/www.meine-tcm.com\/wp-content\/uploads\/2022\/10\/tcm-alle-meridiane-1536x1012-2-768x506.jpg 768w, https:\/\/www.meine-tcm.com\/wp-content\/uploads\/2022\/10\/tcm-alle-meridiane-1536x1012-2-800x527.jpg 800w, https:\/\/www.meine-tcm.com\/wp-content\/uploads\/2022\/10\/tcm-alle-meridiane-1536x1012-2-607x400.jpg 607w, https:\/\/www.meine-tcm.com\/wp-content\/uploads\/2022\/10\/tcm-alle-meridiane-1536x1012-2-1214x800.jpg 1214w, https:\/\/www.meine-tcm.com\/wp-content\/uploads\/2022\/10\/tcm-alle-meridiane-1536x1012-2-18x12.jpg 18w, https:\/\/www.meine-tcm.com\/wp-content\/uploads\/2022\/10\/tcm-alle-meridiane-1536x1012-2.jpg 1536w\" sizes=\"auto, (max-width: 768px) 100vw, 768px\" title=\"Todos los meridianos de la MTC\" \/>\t\t\t\t\t\t\n\t\t\t\t\t<\/div>\n\t\t\t\t\t\t<\/a>\t\t\n<style>\n#image_1654833893 {\n  width: 100%;\n}\n<\/style>\n\t<\/div>\n\t\n\n\n\t\t<\/div>\n\t\t\t\t\n<style>\n#col-93601002 > .col-inner {\n  max-width: 480px;\n}\n<\/style>\n\t<\/div>\n\n\t\n\n\t<div id=\"col-2098593209\" class=\"col medium-6 small-12 large-6\"  >\n\t\t\t\t<div class=\"col-inner text-left\"  >\n\t\t\t\n\t\t\t\n\n<h3>Conocimientos de MTC<\/h3>\n<h2>Todos los meridianos de la visi\u00f3n general<\/h2>\n<p>Los meridianos son un concepto central de la MTC, que encontramos una y otra vez tanto en la acupresi\u00f3n como en el Qi Gong. El conocimiento de estos meridianos puede ser de gran ayuda para la salud.<\/p>\n<p><a href=\"https:\/\/www.meine-tcm.com\/es\/meridianos\/\">Todos los meridianos de la medicina china<\/a><\/p>\n\n\t\t<\/div>\n\t\t\t\t\n<style>\n#col-2098593209 > .col-inner {\n  max-width: 480px;\n}\n<\/style>\n\t<\/div>\n\n\t\n\n<\/div>\n\n\t\t<\/div>\n\n\t\t\n<style>\n#section_1704100098 {\n  padding-top: 0px;\n  padding-bottom: 0px;\n}\n<\/style>\n\t<\/section>\n\t\n\t<div id=\"gap-317603063\" class=\"gap-element clearfix\" style=\"display:block; height:auto;\">\n\t\t\n<style>\n#gap-317603063 {\n  padding-top: 60px;\n}\n<\/style>\n\t<\/div>\n\t\n\n\n\n\t<section class=\"section newsletter\" id=\"section_665211692\">\n\t\t<div class=\"section-bg fill\" >\n\t\t\t\t\t\t\t\t\t\n\t\t\t\n\n\t\t<\/div>\n\n\t\t\n\n\t\t<div class=\"section-content relative\">\n\t\t\t\r\n\r\n<div class=\"row row-small align-middle align-center\"  id=\"row-865670212\">\r\n\r\n\n\t<div id=\"col-1708743617\" class=\"col medium-2 small-12 large-2\"  >\n\t\t\t\t<div class=\"col-inner text-left\"  >\n\t\t\t\n\t\t\t\r\n\r\n\t<div class=\"img has-hover portrait-wolfgang x md-x lg-x y md-y lg-y\" id=\"image_1062089168\">\n\t\t\t\t\t\t\t\t<div class=\"img-inner dark\" >\n\t\t\t<img loading=\"lazy\" decoding=\"async\" width=\"400\" height=\"400\" src=\"https:\/\/www.meine-tcm.com\/wp-content\/uploads\/2026\/06\/wolfgang-kontakt-400x400.jpg\" class=\"attachment-medium size-medium\" alt=\"Retrato de Wolfgang Stemer, de \u00abEinfach besser Leben\u00bb\" srcset=\"https:\/\/www.meine-tcm.com\/wp-content\/uploads\/2026\/06\/wolfgang-kontakt-400x400.jpg 400w, https:\/\/www.meine-tcm.com\/wp-content\/uploads\/2026\/06\/wolfgang-kontakt-800x800.jpg 800w, https:\/\/www.meine-tcm.com\/wp-content\/uploads\/2026\/06\/wolfgang-kontakt-280x280.jpg 280w, https:\/\/www.meine-tcm.com\/wp-content\/uploads\/2026\/06\/wolfgang-kontakt-768x768.jpg 768w, https:\/\/www.meine-tcm.com\/wp-content\/uploads\/2026\/06\/wolfgang-kontakt-12x12.jpg 12w, https:\/\/www.meine-tcm.com\/wp-content\/uploads\/2026\/06\/wolfgang-kontakt-100x100.jpg 100w, https:\/\/www.meine-tcm.com\/wp-content\/uploads\/2026\/06\/wolfgang-kontakt.jpg 1340w\" sizes=\"auto, (max-width: 400px) 100vw, 400px\" title=\"P\u00f3ngase en contacto con nosotros\" \/>\t\t\t\t\t\t\n\t\t\t\t\t<\/div>\n\t\t\t\t\t\t\t\t\n<style>\n#image_1062089168 {\n  width: 100%;\n}\n<\/style>\n\t<\/div>\n\t\r\n\r\n\r\n\t\t<\/div>\n\t\t\t\t\n<style>\n#col-1708743617 > .col-inner {\n  padding: 0px 0px 0px 0px;\n  max-width: 180px;\n}\n<\/style>\n\t<\/div>\n\n\t\r\n\n\t<div id=\"col-776897276\" class=\"col medium-7 small-12 large-7\"  >\n\t\t\t\t<div class=\"col-inner\"  >\n\t\t\t\n\t\t\t\r\n\r\n<h4 class=\"newsletter-heading\">Inicie su an\u00e1lisis personal de MTC<\/h4>\r\n<p class=\"text-left\">Descubra c\u00f3mo puede reforzar su equilibrio energ\u00e9tico.<\/p>\r\n<p class=\"text-left\">Unsere kostenlose TCM\u2013Analyse zeigt Dir originale TCM\u2013Kr\u00e4uterrezepte, Akupunkturpunkte, Qi\u202fGong\u2013\u00dcbungen und Ern\u00e4hrungstipps \u2014 individuell auf Dich abgestimmt.<\/p>\r\n\r\n\t\t<\/div>\n\t\t\t\t\t<\/div>\n\n\t\r\n\n\t<div id=\"col-1051336713\" class=\"col medium-3 small-12 large-3\"  >\n\t\t\t\t<div class=\"col-inner\"  >\n\t\t\t\n\t\t\t\r\n\r\n<a href=\"https:\/\/www.meine-tcm.com\/es\/analisis-tcm\/\" class=\"button secondary is-large box-shadow-3-hover lowercase\" style=\"border-radius:10px;\">\n\t\t<span>Inicie ahora el an\u00e1lisis TCM<\/span>\n\t<\/a>\n\r\n\r\n\r\n\t\t<\/div>\n\t\t\t\t\n<style>\n#col-1051336713 > .col-inner {\n  max-width: 290px;\n}\n<\/style>\n\t<\/div>\n\n\t\r\n\r\n<\/div>\r\n\r\n\r\n<style>\r\n.portrait-wolfgang img { border-radius: 50%; }\r\n\r\n\r\n\r\n@media (max-width: 549px) {\r\n\r\nh4.newsletter-heading {\r\n  text-align: center;\r\n}\r\n\r\n.section.newsletter p.text-left {\r\n  text-align: center;\r\n}\r\n\r\n}\r\n\r\n<\/style>\r\n\r\n\r\n\t\t<\/div>\n\n\t\t\n<style>\n#section_665211692 {\n  padding-top: 40px;\n  padding-bottom: 40px;\n  background-color: rgba(0, 121, 140, 0.2);\n}\n<\/style>\n\t<\/section>\n\t\n\n\t<div id=\"gap-1840288942\" class=\"gap-element clearfix\" style=\"display:block; height:auto;\">\n\t\t\n<style>\n#gap-1840288942 {\n  padding-top: 60px;\n}\n<\/style>\n\t<\/div>\n\t\n\n\n\t<section class=\"section text800\" id=\"section_529761064\">\n\t\t<div class=\"section-bg fill\" >\n\t\t\t\t\t\t\t\t\t\n\t\t\t\n\n\t\t<\/div>\n\n\t\t\n\n\t\t<div class=\"section-content relative\">\n\t\t\t\n\n<div class=\"row\" style=\"max-width:960px\" id=\"row-2107397355\">\n\n\n\t<div id=\"col-592555909\" class=\"col small-12 large-12\"  >\n\t\t\t\t<div class=\"col-inner\"  >\n\t\t\t\n\t\t\t\n\n<h2>Recorrido detallado del meridiano del ri\u00f1\u00f3n<\/h2>\n\n\t\t<\/div>\n\t\t\t\t\n<style>\n#col-592555909 > .col-inner {\n  max-width: 800px;\n}\n<\/style>\n\t<\/div>\n\n\t\n\n<\/div>\n\n\t\t<\/div>\n\n\t\t\n<style>\n#section_529761064 {\n  padding-top: 0px;\n  padding-bottom: 0px;\n}\n<\/style>\n\t<\/section>\n\t\n\n\t<section class=\"section\" id=\"section_655100059\">\n\t\t<div class=\"section-bg fill\" >\n\t\t\t\t\t\t\t\t\t\n\t\t\t\n\n\t\t<\/div>\n\n\t\t\n\n\t\t<div class=\"section-content relative\">\n\t\t\t\n\n<div class=\"row row-collapse align-center\"  id=\"row-1548247556\">\n\n\n\t<div id=\"col-1833756096\" class=\"col image-full medium-6 small-12 large-6\"  >\n\t\t\t\t<div class=\"col-inner text-left\"  >\n\t\t\t\n\t\t\t\n\n\n\n<img loading=\"lazy\" decoding=\"async\" width=\"1200\" height=\"1760\" src=\"https:\/\/www.meine-tcm.com\/wp-content\/uploads\/2022\/10\/nieren-meridian-1200x1760-1.jpg\" data-src=\"https:\/\/www.meine-tcm.com\/wp-content\/uploads\/2022\/10\/nieren-meridian-1200x1760-1.jpg\" class=\"zoooom attachment-original size-original Meridianbild\" alt=\"Diagrama del recorrido del meridiano renal\" title=\"Progresi\u00f3n del meridiano del ri\u00f1\u00f3n\" data-no-lazy=\"1\">\n\n\t<div id=\"gap-1702915696\" class=\"gap-element clearfix\" style=\"display:block; height:auto;\">\n\t\t\n<style>\n#gap-1702915696 {\n  padding-top: 18px;\n}\n<\/style>\n\t<\/div>\n\t\n\n\t<div id=\"text-3039517435\" class=\"text caption hide-on-mobile\">\n\t\t\n\n<p>Haga clic en la imagen para ampliarla.<\/p>\n\t\t\t<\/div>\n\t\n\n\t\t<\/div>\n\t\t\t\t\n<style>\n#col-1833756096 > .col-inner {\n  max-width: 800px;\n}\n<\/style>\n\t<\/div>\n\n\t\n\n\t<div id=\"col-1265270298\" class=\"col padding15 medium-6 small-12 large-6\"  >\n\t\t\t\t<div class=\"col-inner text-left\"  >\n\t\t\t\n\t\t\t\n\n<span class=\"scroll-to\" data-label=\"Scroll to: #der-meridianverlauf-im-detail\" data-bullet=\"true\" data-link=\"#der-meridianverlauf-im-detail\" data-title=\"Der Meridianverlauf im Detail beschrieben\"><a name=\"der-meridianverlauf-im-detail\"><\/a><\/span>\n\n\t<div id=\"text-860250472\" class=\"text meridian-detail-text image-text\">\n\t\t\n\n<p class=\"p1\">El meridiano del ri\u00f1\u00f3n comienza en la planta del pie con el punto <a class=\"akupunkturpunkt\" href=\"https:\/\/www.meine-tcm.com\/es\/puntos-de-acupuntura\/punto-de-acupuntura-rn-01\/\">R\u00f1 01<\/a>que se encuentra entre la bola grande y la peque\u00f1a del pie.<\/p>\n<p class=\"p1\">Desde ah\u00ed recorre la planta del pie hasta el arco interno del pie y luego sigue hasta la articulaci\u00f3n interna del tobillo hasta el punto de acupuntura <a class=\"akupunkturpunkt\" href=\"https:\/\/www.meine-tcm.com\/es\/puntos-de-acupuntura\/punto-de-acupuntura-rn-03\/\">R\u00f1 03<\/a>. Se encuentra entre el tend\u00f3n de Aquiles y la parte interna del tobillo.<\/p>\n<p class=\"p1\">A continuaci\u00f3n, el meridiano renal desciende en bucle hasta el punto de acupuntura <a class=\"akupunkturpunkt\" href=\"https:\/\/www.meine-tcm.com\/es\/puntos-de-acupuntura\/akupunkturpunkt-ni06\/\">R\u00f1 06<\/a> y de ah\u00ed siguiendo la parte interior de la pantorrilla a trav\u00e9s del punto de acupuntura <a class=\"akupunkturpunkt\" href=\"https:\/\/www.meine-tcm.com\/es\/puntos-de-acupuntura\/punto-de-acupuntura-bp-06\/\">BP 06<\/a>\u00a0(reuni\u00f3n de los tres Yin: MP, Le y Ni), hacia arriba hasta la parte posterior de la rodilla.<\/p>\n<p class=\"p1\">El punto de acupuntura Ni 10 se encuentra aqu\u00ed, en el interior, entre 2 tendones.<\/p>\n<p class=\"p1\">Contin\u00fae subiendo por la parte posterior del muslo hasta el pliegue gl\u00fateo.<\/p>\n<p class=\"p1\">Aqu\u00ed el meridiano del Ri\u00f1\u00f3n desaparece en las profundidades, donde rodea los genitales y luego sale a la superficie en la parte frontal del cuerpo, directamente sobre el hueso p\u00fabico, 0,5 cun fuera de la l\u00ednea central.<\/p>\n<p class=\"p1\">Ahora sigue la l\u00ednea central m\u00e1s arriba en el punto de acupuntura <a class=\"akupunkturpunkt\" href=\"https:\/\/www.meine-tcm.com\/es\/puntos-de-acupuntura\/punto-de-acupuntura-rn-16\/\">R\u00f1 16<\/a>que se encuentra al lado del ombligo.<\/p>\n<p class=\"p1\">Una vez que alcanza el arco costal inferior, se dirige ligeramente en diagonal hacia fuera, de modo que ahora discurre 2 cun por fuera de la l\u00ednea media hasta el extremo interno de la clav\u00edcula. Aqu\u00ed se sit\u00faa directamente debajo del extremo esf\u00e9rico de la clav\u00edcula, con el punto final Ni 27.<\/p>\n\t\t\t<\/div>\n\t\n\n\t\t<\/div>\n\t\t\t\t\n<style>\n#col-1265270298 > .col-inner {\n  max-width: 800px;\n}\n<\/style>\n\t<\/div>\n\n\t\n\n<\/div>\n\n\t\t<\/div>\n\n\t\t\n<style>\n#section_655100059 {\n  padding-top: 0px;\n  padding-bottom: 0px;\n}\n<\/style>\n\t<\/section>\n\t\n\t<div id=\"gap-640128302\" class=\"gap-element clearfix\" style=\"display:block; height:auto;\">\n\t\t\n<style>\n#gap-640128302 {\n  padding-top: 30px;\n}\n<\/style>\n\t<\/div>\n\t\n\n\n\t<section class=\"section longline\" id=\"section_1351569368\">\n\t\t<div class=\"section-bg fill\" >\n\t\t\t\t\t\t\t\t\t\n\t\t\t\n\n\t\t<\/div>\n\n\t\t\n\n\t\t<div class=\"section-content relative\">\n\t\t\t\n\n<div class=\"row row-collapse align-center\"  id=\"row-1507746926\">\n\n\n\t<div id=\"col-1829640132\" class=\"col small-12 large-12\"  >\n\t\t\t\t<div class=\"col-inner text-left\"  >\n\t\t\t\n\t\t\t\n\n<hr>\n\n\t\t<\/div>\n\t\t\t\t\n<style>\n#col-1829640132 > .col-inner {\n  max-width: 1000px;\n}\n<\/style>\n\t<\/div>\n\n\t\n\n<\/div>\n\n\t\t<\/div>\n\n\t\t\n<style>\n#section_1351569368 {\n  padding-top: 0px;\n  padding-bottom: 0px;\n}\n<\/style>\n\t<\/section>\n\t\n\n\t<section class=\"section blogpostlist\" id=\"section_624444148\">\n\t\t<div class=\"section-bg fill\" >\n\t\t\t\t\t\t\t\t\t\n\t\t\t\n\n\t\t<\/div>\n\n\t\t\n\n\t\t<div class=\"section-content relative\">\n\t\t\t\n\n<div class=\"row row-collapse align-center\"  id=\"row-353552190\">\n\n\n\t<div id=\"col-759360625\" class=\"col blogpostscarousel small-12 large-12\"  >\n\t\t\t\t<div class=\"col-inner text-left\"  >\n\t\t\t\n\t\t\t\n\n<h2>Nuestros art\u00edculos actuales sobre el tema<\/h2>\n\n  \n    <div class=\"row large-columns-5 medium-columns-3 small-columns-1 slider row-slider slider-nav-simple slider-nav-outside slider-nav-push\"  data-flickity-options='{&quot;imagesLoaded&quot;: true, &quot;groupCells&quot;: &quot;100%&quot;, &quot;dragThreshold&quot; : 5, &quot;cellAlign&quot;: &quot;left&quot;,&quot;wrapAround&quot;: true,&quot;prevNextButtons&quot;: true,&quot;percentPosition&quot;: true,&quot;pageDots&quot;: false, &quot;rightToLeft&quot;: false, &quot;autoPlay&quot; : false}' >\n\n  <div class=\"col post-item\" >\n\t\t\t<div class=\"col-inner\">\n\t\t\t\t<div class=\"box box-default box-text-bottom box-blog-post has-hover\">\n            \t\t\t\t\t<div class=\"box-image\" >\n  \t\t\t\t\t\t<div class=\"image-cover\" style=\"padding-top:56%;\">\n\t\t\t\t\t\t\t<a href=\"https:\/\/www.meine-tcm.com\/es\/den-herbst-richtig-beginnen\/\" class=\"plain\" aria-label=\"Den Herbst richtig beginnen\">\n\t\t\t\t\t\t\t\t<img loading=\"lazy\" decoding=\"async\" width=\"400\" height=\"400\" src=\"https:\/\/www.meine-tcm.com\/wp-content\/uploads\/2026\/04\/september-beitrag-woche-4-wei-qi-2-400x400.jpg\" class=\"attachment-medium size-medium wp-post-image\" alt=\"Der Wind nimmt sich, was du nicht sch\u00fctzt. Schlie\u00df die T\u00fcr, bevor er einzieht.\" srcset=\"https:\/\/www.meine-tcm.com\/wp-content\/uploads\/2026\/04\/september-beitrag-woche-4-wei-qi-2-400x400.jpg 400w, https:\/\/www.meine-tcm.com\/wp-content\/uploads\/2026\/04\/september-beitrag-woche-4-wei-qi-2-100x100.jpg 100w, https:\/\/www.meine-tcm.com\/wp-content\/uploads\/2026\/04\/september-beitrag-woche-4-wei-qi-2-800x800.jpg 800w, https:\/\/www.meine-tcm.com\/wp-content\/uploads\/2026\/04\/september-beitrag-woche-4-wei-qi-2-280x280.jpg 280w, https:\/\/www.meine-tcm.com\/wp-content\/uploads\/2026\/04\/september-beitrag-woche-4-wei-qi-2-768x768.jpg 768w, https:\/\/www.meine-tcm.com\/wp-content\/uploads\/2026\/04\/september-beitrag-woche-4-wei-qi-2-1536x1536.jpg 1536w, https:\/\/www.meine-tcm.com\/wp-content\/uploads\/2026\/04\/september-beitrag-woche-4-wei-qi-2-2048x2048.jpg 2048w, https:\/\/www.meine-tcm.com\/wp-content\/uploads\/2026\/04\/september-beitrag-woche-4-wei-qi-2-12x12.jpg 12w\" sizes=\"auto, (max-width: 400px) 100vw, 400px\" title=\"Der Wind nimmt sich, was du nicht sch\u00fctzt. Schlie\u00df die T\u00fcr, bevor er einzieht.\" \/>\t\t\t\t\t\t\t<\/a>\n  \t\t\t\t\t\t\t<div class=\"overlay\" style=\"background-color: rgba(0, 0, 0, 0.09)\"><\/div>  \t\t\t\t\t\t\t  \t\t\t\t\t\t<\/div>\n  \t\t\t\t\t\t  \t\t\t\t\t<\/div>\n          \t\t\t\t\t<div class=\"box-text text-center\" style=\"padding:0 0px 0px 0px;\">\n\t\t\t\t\t<div class=\"box-text-inner blog-post-inner\">\n\n\t\t\t\t\t\n\t\t\t\t\t\t\t\t\t\t<h5 class=\"post-title is-large\">\n\t\t\t\t\t\t<a href=\"https:\/\/www.meine-tcm.com\/es\/den-herbst-richtig-beginnen\/\" class=\"plain\">Den Herbst richtig beginnen<\/a>\n\t\t\t\t\t<\/h5>\n\t\t\t\t\t\t\t\t\t\t<div class=\"is-divider\"><\/div>\n\t\t\t\t\t                    \n\t\t\t\t\t\n\t\t\t\t\t\n\t\t\t\t\t<\/div>\n\t\t\t\t\t<\/div>\n\t\t\t\t\t\t\t\t\t<\/div>\n\t\t\t<\/div>\n\t\t<\/div><div class=\"col post-item\" >\n\t\t\t<div class=\"col-inner\">\n\t\t\t\t<div class=\"box box-default box-text-bottom box-blog-post has-hover\">\n            \t\t\t\t\t<div class=\"box-image\" >\n  \t\t\t\t\t\t<div class=\"image-cover\" style=\"padding-top:56%;\">\n\t\t\t\t\t\t\t<a href=\"https:\/\/www.meine-tcm.com\/es\/birnen-dattel-suppe-herbst\/\" class=\"plain\" aria-label=\"Das Herbstgetr\u00e4nk der alten Meister\">\n\t\t\t\t\t\t\t\t<img loading=\"lazy\" decoding=\"async\" width=\"400\" height=\"400\" src=\"https:\/\/www.meine-tcm.com\/wp-content\/uploads\/2026\/08\/birnensuppe-B-glas-928-400x400.jpg\" class=\"attachment-medium size-medium wp-post-image\" alt=\"Birnen\u2013Dattel\u2013Suppe\" srcset=\"https:\/\/www.meine-tcm.com\/wp-content\/uploads\/2026\/08\/birnensuppe-B-glas-928-400x400.jpg 400w, https:\/\/www.meine-tcm.com\/wp-content\/uploads\/2026\/08\/birnensuppe-B-glas-928-800x800.jpg 800w, https:\/\/www.meine-tcm.com\/wp-content\/uploads\/2026\/08\/birnensuppe-B-glas-928-280x280.jpg 280w, https:\/\/www.meine-tcm.com\/wp-content\/uploads\/2026\/08\/birnensuppe-B-glas-928-768x768.jpg 768w, https:\/\/www.meine-tcm.com\/wp-content\/uploads\/2026\/08\/birnensuppe-B-glas-928-12x12.jpg 12w, https:\/\/www.meine-tcm.com\/wp-content\/uploads\/2026\/08\/birnensuppe-B-glas-928-100x100.jpg 100w, https:\/\/www.meine-tcm.com\/wp-content\/uploads\/2026\/08\/birnensuppe-B-glas-928.jpg 928w\" sizes=\"auto, (max-width: 400px) 100vw, 400px\" title=\"Birnen\u2013Dattel\u2013Suppe TCM Rezept\" \/>\t\t\t\t\t\t\t<\/a>\n  \t\t\t\t\t\t\t<div class=\"overlay\" style=\"background-color: rgba(0, 0, 0, 0.09)\"><\/div>  \t\t\t\t\t\t\t  \t\t\t\t\t\t<\/div>\n  \t\t\t\t\t\t  \t\t\t\t\t<\/div>\n          \t\t\t\t\t<div class=\"box-text text-center\" style=\"padding:0 0px 0px 0px;\">\n\t\t\t\t\t<div class=\"box-text-inner blog-post-inner\">\n\n\t\t\t\t\t\n\t\t\t\t\t\t\t\t\t\t<h5 class=\"post-title is-large\">\n\t\t\t\t\t\t<a href=\"https:\/\/www.meine-tcm.com\/es\/birnen-dattel-suppe-herbst\/\" class=\"plain\">Das Herbstgetr\u00e4nk der alten Meister<\/a>\n\t\t\t\t\t<\/h5>\n\t\t\t\t\t\t\t\t\t\t<div class=\"is-divider\"><\/div>\n\t\t\t\t\t                    \n\t\t\t\t\t\n\t\t\t\t\t\n\t\t\t\t\t<\/div>\n\t\t\t\t\t<\/div>\n\t\t\t\t\t\t\t\t\t<\/div>\n\t\t\t<\/div>\n\t\t<\/div><div class=\"col post-item\" >\n\t\t\t<div class=\"col-inner\">\n\t\t\t\t<div class=\"box box-default box-text-bottom box-blog-post has-hover\">\n            \t\t\t\t\t<div class=\"box-image\" >\n  \t\t\t\t\t\t<div class=\"image-cover\" style=\"padding-top:56%;\">\n\t\t\t\t\t\t\t<a href=\"https:\/\/www.meine-tcm.com\/es\/herbst-trockenheit-kratzender-hals-trockene-haut-traege-verdauung\/\" class=\"plain\" aria-label=\"Der Hals kratzt, die Haut spannt, die Verdauung stockt \u2014 im Herbst hat das eine gemeinsame Ursache\">\n\t\t\t\t\t\t\t\t<img loading=\"lazy\" decoding=\"async\" width=\"536\" height=\"400\" src=\"https:\/\/www.meine-tcm.com\/wp-content\/uploads\/2026\/08\/3-weisen-september-2026-behind-the-scenes-1066-536x400.jpg\" class=\"attachment-medium size-medium wp-post-image\" alt=\"Q\u00ed B\u00f3 | El Emperador Amarillo Huangdi | Dr Weber\" srcset=\"https:\/\/www.meine-tcm.com\/wp-content\/uploads\/2026\/08\/3-weisen-september-2026-behind-the-scenes-1066-536x400.jpg 536w, https:\/\/www.meine-tcm.com\/wp-content\/uploads\/2026\/08\/3-weisen-september-2026-behind-the-scenes-1066-768x573.jpg 768w, https:\/\/www.meine-tcm.com\/wp-content\/uploads\/2026\/08\/3-weisen-september-2026-behind-the-scenes-1066-16x12.jpg 16w, https:\/\/www.meine-tcm.com\/wp-content\/uploads\/2026\/08\/3-weisen-september-2026-behind-the-scenes-1066-800x597.jpg 800w, https:\/\/www.meine-tcm.com\/wp-content\/uploads\/2026\/08\/3-weisen-september-2026-behind-the-scenes-1066.jpg 1066w\" sizes=\"auto, (max-width: 536px) 100vw, 536px\" title=\"Frag den Gelben Kaiser Shooting (BTS) - September 2026\" \/>\t\t\t\t\t\t\t<\/a>\n  \t\t\t\t\t\t\t<div class=\"overlay\" style=\"background-color: rgba(0, 0, 0, 0.09)\"><\/div>  \t\t\t\t\t\t\t  \t\t\t\t\t\t<\/div>\n  \t\t\t\t\t\t  \t\t\t\t\t<\/div>\n          \t\t\t\t\t<div class=\"box-text text-center\" style=\"padding:0 0px 0px 0px;\">\n\t\t\t\t\t<div class=\"box-text-inner blog-post-inner\">\n\n\t\t\t\t\t\n\t\t\t\t\t\t\t\t\t\t<h5 class=\"post-title is-large\">\n\t\t\t\t\t\t<a href=\"https:\/\/www.meine-tcm.com\/es\/herbst-trockenheit-kratzender-hals-trockene-haut-traege-verdauung\/\" class=\"plain\">Der Hals kratzt, die Haut spannt, die Verdauung stockt \u2014 im Herbst hat das eine gemeinsame Ursache<\/a>\n\t\t\t\t\t<\/h5>\n\t\t\t\t\t\t\t\t\t\t<div class=\"is-divider\"><\/div>\n\t\t\t\t\t                    \n\t\t\t\t\t\n\t\t\t\t\t\n\t\t\t\t\t<\/div>\n\t\t\t\t\t<\/div>\n\t\t\t\t\t\t\t\t\t<\/div>\n\t\t\t<\/div>\n\t\t<\/div><div class=\"col post-item\" >\n\t\t\t<div class=\"col-inner\">\n\t\t\t\t<div class=\"box box-default box-text-bottom box-blog-post has-hover\">\n            \t\t\t\t\t<div class=\"box-image\" >\n  \t\t\t\t\t\t<div class=\"image-cover\" style=\"padding-top:56%;\">\n\t\t\t\t\t\t\t<a href=\"https:\/\/www.meine-tcm.com\/es\/weisse-lebensmittel-herbst-tcm\/\" class=\"plain\" aria-label=\"Der Herbst entscheidet, wie du durch den Winter kommst\">\n\t\t\t\t\t\t\t\t<img loading=\"lazy\" decoding=\"async\" width=\"400\" height=\"400\" src=\"https:\/\/www.meine-tcm.com\/wp-content\/uploads\/2026\/06\/weisse-medizin-des-herbstes-oktober-woche-2-400x400.jpg\" class=\"attachment-medium size-medium wp-post-image\" alt=\"Was der Herbst den Bl\u00e4ttern nimmt, nimmt er auch dir. N\u00e4hre dein Yin, bevor der Wind es davontr\u00e4gt.\" srcset=\"https:\/\/www.meine-tcm.com\/wp-content\/uploads\/2026\/06\/weisse-medizin-des-herbstes-oktober-woche-2-400x400.jpg 400w, https:\/\/www.meine-tcm.com\/wp-content\/uploads\/2026\/06\/weisse-medizin-des-herbstes-oktober-woche-2-800x800.jpg 800w, https:\/\/www.meine-tcm.com\/wp-content\/uploads\/2026\/06\/weisse-medizin-des-herbstes-oktober-woche-2-280x280.jpg 280w, https:\/\/www.meine-tcm.com\/wp-content\/uploads\/2026\/06\/weisse-medizin-des-herbstes-oktober-woche-2-768x768.jpg 768w, https:\/\/www.meine-tcm.com\/wp-content\/uploads\/2026\/06\/weisse-medizin-des-herbstes-oktober-woche-2-1536x1536.jpg 1536w, https:\/\/www.meine-tcm.com\/wp-content\/uploads\/2026\/06\/weisse-medizin-des-herbstes-oktober-woche-2-2048x2048.jpg 2048w, https:\/\/www.meine-tcm.com\/wp-content\/uploads\/2026\/06\/weisse-medizin-des-herbstes-oktober-woche-2-12x12.jpg 12w, https:\/\/www.meine-tcm.com\/wp-content\/uploads\/2026\/06\/weisse-medizin-des-herbstes-oktober-woche-2-100x100.jpg 100w\" sizes=\"auto, (max-width: 400px) 100vw, 400px\" title=\"Was der Herbst den Bl\u00e4ttern nimmt, nimmt er auch dir. N\u00e4hre dein Yin, bevor der Wind es davontr\u00e4gt.\" \/>\t\t\t\t\t\t\t<\/a>\n  \t\t\t\t\t\t\t<div class=\"overlay\" style=\"background-color: rgba(0, 0, 0, 0.09)\"><\/div>  \t\t\t\t\t\t\t  \t\t\t\t\t\t<\/div>\n  \t\t\t\t\t\t  \t\t\t\t\t<\/div>\n          \t\t\t\t\t<div class=\"box-text text-center\" style=\"padding:0 0px 0px 0px;\">\n\t\t\t\t\t<div class=\"box-text-inner blog-post-inner\">\n\n\t\t\t\t\t\n\t\t\t\t\t\t\t\t\t\t<h5 class=\"post-title is-large\">\n\t\t\t\t\t\t<a href=\"https:\/\/www.meine-tcm.com\/es\/weisse-lebensmittel-herbst-tcm\/\" class=\"plain\">Der Herbst entscheidet, wie du durch den Winter kommst<\/a>\n\t\t\t\t\t<\/h5>\n\t\t\t\t\t\t\t\t\t\t<div class=\"is-divider\"><\/div>\n\t\t\t\t\t                    \n\t\t\t\t\t\n\t\t\t\t\t\n\t\t\t\t\t<\/div>\n\t\t\t\t\t<\/div>\n\t\t\t\t\t\t\t\t\t<\/div>\n\t\t\t<\/div>\n\t\t<\/div><div class=\"col post-item\" >\n\t\t\t<div class=\"col-inner\">\n\t\t\t\t<div class=\"box box-default box-text-bottom box-blog-post has-hover\">\n            \t\t\t\t\t<div class=\"box-image\" >\n  \t\t\t\t\t\t<div class=\"image-cover\" style=\"padding-top:56%;\">\n\t\t\t\t\t\t\t<a href=\"https:\/\/www.meine-tcm.com\/es\/warum-loslassen-im-kopf-nicht-funktioniert\/\" class=\"plain\" aria-label=\"Warum Loslassen im Kopf nicht funktioniert\">\n\t\t\t\t\t\t\t\t<img loading=\"lazy\" decoding=\"async\" width=\"400\" height=\"400\" src=\"https:\/\/www.meine-tcm.com\/wp-content\/uploads\/2026\/08\/seufzen-august-woche-3-1-400x400.jpg\" class=\"attachment-medium size-medium wp-post-image\" alt=\"Dein K\u00f6rper wei\u00df, wie Loslassen geht. Es hei\u00dft Seufzen.\" srcset=\"https:\/\/www.meine-tcm.com\/wp-content\/uploads\/2026\/08\/seufzen-august-woche-3-1-400x400.jpg 400w, https:\/\/www.meine-tcm.com\/wp-content\/uploads\/2026\/08\/seufzen-august-woche-3-1-800x800.jpg 800w, https:\/\/www.meine-tcm.com\/wp-content\/uploads\/2026\/08\/seufzen-august-woche-3-1-280x280.jpg 280w, https:\/\/www.meine-tcm.com\/wp-content\/uploads\/2026\/08\/seufzen-august-woche-3-1-768x768.jpg 768w, https:\/\/www.meine-tcm.com\/wp-content\/uploads\/2026\/08\/seufzen-august-woche-3-1-1536x1536.jpg 1536w, https:\/\/www.meine-tcm.com\/wp-content\/uploads\/2026\/08\/seufzen-august-woche-3-1-2048x2048.jpg 2048w, https:\/\/www.meine-tcm.com\/wp-content\/uploads\/2026\/08\/seufzen-august-woche-3-1-12x12.jpg 12w, https:\/\/www.meine-tcm.com\/wp-content\/uploads\/2026\/08\/seufzen-august-woche-3-1-100x100.jpg 100w\" sizes=\"auto, (max-width: 400px) 100vw, 400px\" title=\"Dein K\u00f6rper wei\u00df, wie Loslassen geht. Es hei\u00dft Seufzen.\" \/>\t\t\t\t\t\t\t<\/a>\n  \t\t\t\t\t\t\t<div class=\"overlay\" style=\"background-color: rgba(0, 0, 0, 0.09)\"><\/div>  \t\t\t\t\t\t\t  \t\t\t\t\t\t<\/div>\n  \t\t\t\t\t\t  \t\t\t\t\t<\/div>\n          \t\t\t\t\t<div class=\"box-text text-center\" style=\"padding:0 0px 0px 0px;\">\n\t\t\t\t\t<div class=\"box-text-inner blog-post-inner\">\n\n\t\t\t\t\t\n\t\t\t\t\t\t\t\t\t\t<h5 class=\"post-title is-large\">\n\t\t\t\t\t\t<a href=\"https:\/\/www.meine-tcm.com\/es\/warum-loslassen-im-kopf-nicht-funktioniert\/\" class=\"plain\">Warum Loslassen im Kopf nicht funktioniert<\/a>\n\t\t\t\t\t<\/h5>\n\t\t\t\t\t\t\t\t\t\t<div class=\"is-divider\"><\/div>\n\t\t\t\t\t                    \n\t\t\t\t\t\n\t\t\t\t\t\n\t\t\t\t\t<\/div>\n\t\t\t\t\t<\/div>\n\t\t\t\t\t\t\t\t\t<\/div>\n\t\t\t<\/div>\n\t\t<\/div><div class=\"col post-item\" >\n\t\t\t<div class=\"col-inner\">\n\t\t\t\t<div class=\"box box-default box-text-bottom box-blog-post has-hover\">\n            \t\t\t\t\t<div class=\"box-image\" >\n  \t\t\t\t\t\t<div class=\"image-cover\" style=\"padding-top:56%;\">\n\t\t\t\t\t\t\t<a href=\"https:\/\/www.meine-tcm.com\/es\/der-weg-aus-dem-gedankenkreis\/\" class=\"plain\" aria-label=\"El camino para salir del c\u00edrculo vicioso de los pensamientos\">\n\t\t\t\t\t\t\t\t<img loading=\"lazy\" decoding=\"async\" width=\"400\" height=\"400\" src=\"https:\/\/www.meine-tcm.com\/wp-content\/uploads\/2026\/07\/gruebeln-august-woche-2-1-400x400.jpg\" class=\"attachment-medium size-medium wp-post-image\" alt=\"Hay pensamientos que no se resuelven. Hay que deshacerse de ellos.\" srcset=\"https:\/\/www.meine-tcm.com\/wp-content\/uploads\/2026\/07\/gruebeln-august-woche-2-1-400x400.jpg 400w, https:\/\/www.meine-tcm.com\/wp-content\/uploads\/2026\/07\/gruebeln-august-woche-2-1-800x800.jpg 800w, https:\/\/www.meine-tcm.com\/wp-content\/uploads\/2026\/07\/gruebeln-august-woche-2-1-280x280.jpg 280w, https:\/\/www.meine-tcm.com\/wp-content\/uploads\/2026\/07\/gruebeln-august-woche-2-1-768x768.jpg 768w, https:\/\/www.meine-tcm.com\/wp-content\/uploads\/2026\/07\/gruebeln-august-woche-2-1-1536x1536.jpg 1536w, https:\/\/www.meine-tcm.com\/wp-content\/uploads\/2026\/07\/gruebeln-august-woche-2-1-2048x2048.jpg 2048w, https:\/\/www.meine-tcm.com\/wp-content\/uploads\/2026\/07\/gruebeln-august-woche-2-1-12x12.jpg 12w, https:\/\/www.meine-tcm.com\/wp-content\/uploads\/2026\/07\/gruebeln-august-woche-2-1-100x100.jpg 100w\" sizes=\"auto, (max-width: 400px) 100vw, 400px\" title=\"Hay pensamientos que no se resuelven. Hay que deshacerse de ellos.\" \/>\t\t\t\t\t\t\t<\/a>\n  \t\t\t\t\t\t\t<div class=\"overlay\" style=\"background-color: rgba(0, 0, 0, 0.09)\"><\/div>  \t\t\t\t\t\t\t  \t\t\t\t\t\t<\/div>\n  \t\t\t\t\t\t  \t\t\t\t\t<\/div>\n          \t\t\t\t\t<div class=\"box-text text-center\" style=\"padding:0 0px 0px 0px;\">\n\t\t\t\t\t<div class=\"box-text-inner blog-post-inner\">\n\n\t\t\t\t\t\n\t\t\t\t\t\t\t\t\t\t<h5 class=\"post-title is-large\">\n\t\t\t\t\t\t<a href=\"https:\/\/www.meine-tcm.com\/es\/der-weg-aus-dem-gedankenkreis\/\" class=\"plain\">El camino para salir del c\u00edrculo vicioso de los pensamientos<\/a>\n\t\t\t\t\t<\/h5>\n\t\t\t\t\t\t\t\t\t\t<div class=\"is-divider\"><\/div>\n\t\t\t\t\t                    \n\t\t\t\t\t\n\t\t\t\t\t\n\t\t\t\t\t<\/div>\n\t\t\t\t\t<\/div>\n\t\t\t\t\t\t\t\t\t<\/div>\n\t\t\t<\/div>\n\t\t<\/div><div class=\"col post-item\" >\n\t\t\t<div class=\"col-inner\">\n\t\t\t\t<div class=\"box box-default box-text-bottom box-blog-post has-hover\">\n            \t\t\t\t\t<div class=\"box-image\" >\n  \t\t\t\t\t\t<div class=\"image-cover\" style=\"padding-top:56%;\">\n\t\t\t\t\t\t\t<a href=\"https:\/\/www.meine-tcm.com\/es\/es-ist-zeit-zu-ernten\/\" class=\"plain\" aria-label=\"Es hora de cosechar\">\n\t\t\t\t\t\t\t\t<img loading=\"lazy\" decoding=\"async\" width=\"400\" height=\"400\" src=\"https:\/\/www.meine-tcm.com\/wp-content\/uploads\/2026\/07\/dojo-august-woche-1-400x400.jpeg\" class=\"attachment-medium size-medium wp-post-image\" alt=\"Ya no tienes que sembrar nada m\u00e1s. Es hora de cosechar.\" srcset=\"https:\/\/www.meine-tcm.com\/wp-content\/uploads\/2026\/07\/dojo-august-woche-1-400x400.jpeg 400w, https:\/\/www.meine-tcm.com\/wp-content\/uploads\/2026\/07\/dojo-august-woche-1-800x800.jpeg 800w, https:\/\/www.meine-tcm.com\/wp-content\/uploads\/2026\/07\/dojo-august-woche-1-280x280.jpeg 280w, https:\/\/www.meine-tcm.com\/wp-content\/uploads\/2026\/07\/dojo-august-woche-1-768x768.jpeg 768w, https:\/\/www.meine-tcm.com\/wp-content\/uploads\/2026\/07\/dojo-august-woche-1-12x12.jpeg 12w, https:\/\/www.meine-tcm.com\/wp-content\/uploads\/2026\/07\/dojo-august-woche-1-100x100.jpeg 100w, https:\/\/www.meine-tcm.com\/wp-content\/uploads\/2026\/07\/dojo-august-woche-1.jpeg 1280w\" sizes=\"auto, (max-width: 400px) 100vw, 400px\" title=\"Ya no tienes que sembrar nada m\u00e1s. Es hora de cosechar.\" \/>\t\t\t\t\t\t\t<\/a>\n  \t\t\t\t\t\t\t<div class=\"overlay\" style=\"background-color: rgba(0, 0, 0, 0.09)\"><\/div>  \t\t\t\t\t\t\t  \t\t\t\t\t\t<\/div>\n  \t\t\t\t\t\t  \t\t\t\t\t<\/div>\n          \t\t\t\t\t<div class=\"box-text text-center\" style=\"padding:0 0px 0px 0px;\">\n\t\t\t\t\t<div class=\"box-text-inner blog-post-inner\">\n\n\t\t\t\t\t\n\t\t\t\t\t\t\t\t\t\t<h5 class=\"post-title is-large\">\n\t\t\t\t\t\t<a href=\"https:\/\/www.meine-tcm.com\/es\/es-ist-zeit-zu-ernten\/\" class=\"plain\">Es hora de cosechar<\/a>\n\t\t\t\t\t<\/h5>\n\t\t\t\t\t\t\t\t\t\t<div class=\"is-divider\"><\/div>\n\t\t\t\t\t                    \n\t\t\t\t\t\n\t\t\t\t\t\n\t\t\t\t\t<\/div>\n\t\t\t\t\t<\/div>\n\t\t\t\t\t\t\t\t\t<\/div>\n\t\t\t<\/div>\n\t\t<\/div><div class=\"col post-item\" >\n\t\t\t<div class=\"col-inner\">\n\t\t\t\t<div class=\"box box-default box-text-bottom box-blog-post has-hover\">\n            \t\t\t\t\t<div class=\"box-image\" >\n  \t\t\t\t\t\t<div class=\"image-cover\" style=\"padding-top:56%;\">\n\t\t\t\t\t\t\t<a href=\"https:\/\/www.meine-tcm.com\/es\/gruebeln-schlaegt-auf-den-magen\/\" class=\"plain\" aria-label=\"C\u00f3mo afecta el dar vueltas a las cosas a tu digesti\u00f3n\u2026 y c\u00f3mo volver a sentirte ligero\">\n\t\t\t\t\t\t\t\t<img loading=\"lazy\" decoding=\"async\" width=\"536\" height=\"400\" src=\"https:\/\/www.meine-tcm.com\/wp-content\/uploads\/2026\/07\/3weisen-leichte-mitte-behind-the-scenes-1066-536x400.jpg\" class=\"attachment-medium size-medium wp-post-image\" alt=\"Q\u00ed B\u00f3 | El Emperador Amarillo Huangdi | Dr Weber\" srcset=\"https:\/\/www.meine-tcm.com\/wp-content\/uploads\/2026\/07\/3weisen-leichte-mitte-behind-the-scenes-1066-536x400.jpg 536w, https:\/\/www.meine-tcm.com\/wp-content\/uploads\/2026\/07\/3weisen-leichte-mitte-behind-the-scenes-1066-768x573.jpg 768w, https:\/\/www.meine-tcm.com\/wp-content\/uploads\/2026\/07\/3weisen-leichte-mitte-behind-the-scenes-1066-16x12.jpg 16w, https:\/\/www.meine-tcm.com\/wp-content\/uploads\/2026\/07\/3weisen-leichte-mitte-behind-the-scenes-1066-800x597.jpg 800w, https:\/\/www.meine-tcm.com\/wp-content\/uploads\/2026\/07\/3weisen-leichte-mitte-behind-the-scenes-1066.jpg 1066w\" sizes=\"auto, (max-width: 536px) 100vw, 536px\" title=\"Sesi\u00f3n fotogr\u00e1fica de \u00abPreg\u00fantale al Emperador Amarillo\u00bb (detr\u00e1s de las c\u00e1maras) - agosto de 2026\" \/>\t\t\t\t\t\t\t<\/a>\n  \t\t\t\t\t\t\t<div class=\"overlay\" style=\"background-color: rgba(0, 0, 0, 0.09)\"><\/div>  \t\t\t\t\t\t\t  \t\t\t\t\t\t<\/div>\n  \t\t\t\t\t\t  \t\t\t\t\t<\/div>\n          \t\t\t\t\t<div class=\"box-text text-center\" style=\"padding:0 0px 0px 0px;\">\n\t\t\t\t\t<div class=\"box-text-inner blog-post-inner\">\n\n\t\t\t\t\t\n\t\t\t\t\t\t\t\t\t\t<h5 class=\"post-title is-large\">\n\t\t\t\t\t\t<a href=\"https:\/\/www.meine-tcm.com\/es\/gruebeln-schlaegt-auf-den-magen\/\" class=\"plain\">C\u00f3mo afecta el dar vueltas a las cosas a tu digesti\u00f3n\u2026 y c\u00f3mo volver a sentirte ligero<\/a>\n\t\t\t\t\t<\/h5>\n\t\t\t\t\t\t\t\t\t\t<div class=\"is-divider\"><\/div>\n\t\t\t\t\t                    \n\t\t\t\t\t\n\t\t\t\t\t\n\t\t\t\t\t<\/div>\n\t\t\t\t\t<\/div>\n\t\t\t\t\t\t\t\t\t<\/div>\n\t\t\t<\/div>\n\t\t<\/div><div class=\"col post-item\" >\n\t\t\t<div class=\"col-inner\">\n\t\t\t\t<div class=\"box box-default box-text-bottom box-blog-post has-hover\">\n            \t\t\t\t\t<div class=\"box-image\" >\n  \t\t\t\t\t\t<div class=\"image-cover\" style=\"padding-top:56%;\">\n\t\t\t\t\t\t\t<a href=\"https:\/\/www.meine-tcm.com\/es\/leichte-mitte-atem-gruebeln\/\" class=\"plain\" aria-label=\"La respiraci\u00f3n que tu cuerpo conoce desde hace tiempo\">\n\t\t\t\t\t\t\t\t<img loading=\"lazy\" decoding=\"async\" width=\"400\" height=\"400\" src=\"https:\/\/www.meine-tcm.com\/wp-content\/uploads\/2026\/07\/august-newsletter-mitte-gruebeln-leitfaden-1-400x400.jpg\" class=\"attachment-medium size-medium wp-post-image\" alt=\"Deja de darle vueltas al asunto, simplemente respira hondo.\" srcset=\"https:\/\/www.meine-tcm.com\/wp-content\/uploads\/2026\/07\/august-newsletter-mitte-gruebeln-leitfaden-1-400x400.jpg 400w, https:\/\/www.meine-tcm.com\/wp-content\/uploads\/2026\/07\/august-newsletter-mitte-gruebeln-leitfaden-1-800x800.jpg 800w, https:\/\/www.meine-tcm.com\/wp-content\/uploads\/2026\/07\/august-newsletter-mitte-gruebeln-leitfaden-1-280x280.jpg 280w, https:\/\/www.meine-tcm.com\/wp-content\/uploads\/2026\/07\/august-newsletter-mitte-gruebeln-leitfaden-1-768x768.jpg 768w, https:\/\/www.meine-tcm.com\/wp-content\/uploads\/2026\/07\/august-newsletter-mitte-gruebeln-leitfaden-1-1536x1536.jpg 1536w, https:\/\/www.meine-tcm.com\/wp-content\/uploads\/2026\/07\/august-newsletter-mitte-gruebeln-leitfaden-1-2048x2048.jpg 2048w, https:\/\/www.meine-tcm.com\/wp-content\/uploads\/2026\/07\/august-newsletter-mitte-gruebeln-leitfaden-1-12x12.jpg 12w, https:\/\/www.meine-tcm.com\/wp-content\/uploads\/2026\/07\/august-newsletter-mitte-gruebeln-leitfaden-1-100x100.jpg 100w\" sizes=\"auto, (max-width: 400px) 100vw, 400px\" title=\"Deja de darle vueltas al asunto, simplemente respira hondo.\" \/>\t\t\t\t\t\t\t<\/a>\n  \t\t\t\t\t\t\t<div class=\"overlay\" style=\"background-color: rgba(0, 0, 0, 0.09)\"><\/div>  \t\t\t\t\t\t\t  \t\t\t\t\t\t<\/div>\n  \t\t\t\t\t\t  \t\t\t\t\t<\/div>\n          \t\t\t\t\t<div class=\"box-text text-center\" style=\"padding:0 0px 0px 0px;\">\n\t\t\t\t\t<div class=\"box-text-inner blog-post-inner\">\n\n\t\t\t\t\t\n\t\t\t\t\t\t\t\t\t\t<h5 class=\"post-title is-large\">\n\t\t\t\t\t\t<a href=\"https:\/\/www.meine-tcm.com\/es\/leichte-mitte-atem-gruebeln\/\" class=\"plain\">La respiraci\u00f3n que tu cuerpo conoce desde hace tiempo<\/a>\n\t\t\t\t\t<\/h5>\n\t\t\t\t\t\t\t\t\t\t<div class=\"is-divider\"><\/div>\n\t\t\t\t\t                    \n\t\t\t\t\t\n\t\t\t\t\t\n\t\t\t\t\t<\/div>\n\t\t\t\t\t<\/div>\n\t\t\t\t\t\t\t\t\t<\/div>\n\t\t\t<\/div>\n\t\t<\/div><div class=\"col post-item\" >\n\t\t\t<div class=\"col-inner\">\n\t\t\t\t<div class=\"box box-default box-text-bottom box-blog-post has-hover\">\n            \t\t\t\t\t<div class=\"box-image\" >\n  \t\t\t\t\t\t<div class=\"image-cover\" style=\"padding-top:56%;\">\n\t\t\t\t\t\t\t<a href=\"https:\/\/www.meine-tcm.com\/es\/fuenfte-jahreszeit-dojo-zeit-tcm\/\" class=\"plain\" aria-label=\"La quinta estaci\u00f3n\">\n\t\t\t\t\t\t\t\t<img loading=\"lazy\" decoding=\"async\" width=\"400\" height=\"400\" src=\"https:\/\/www.meine-tcm.com\/wp-content\/uploads\/2026\/09\/herbst-dojo-mitte-staerken-september-woche-3-400x400.jpg\" class=\"attachment-medium size-medium wp-post-image\" alt=\"Hay una estaci\u00f3n del a\u00f1o que ning\u00fan calendario conoce. Pero tu cuerpo s\u00ed.\" srcset=\"https:\/\/www.meine-tcm.com\/wp-content\/uploads\/2026\/09\/herbst-dojo-mitte-staerken-september-woche-3-400x400.jpg 400w, https:\/\/www.meine-tcm.com\/wp-content\/uploads\/2026\/09\/herbst-dojo-mitte-staerken-september-woche-3-100x100.jpg 100w, https:\/\/www.meine-tcm.com\/wp-content\/uploads\/2026\/09\/herbst-dojo-mitte-staerken-september-woche-3-800x800.jpg 800w, https:\/\/www.meine-tcm.com\/wp-content\/uploads\/2026\/09\/herbst-dojo-mitte-staerken-september-woche-3-280x280.jpg 280w, https:\/\/www.meine-tcm.com\/wp-content\/uploads\/2026\/09\/herbst-dojo-mitte-staerken-september-woche-3-768x768.jpg 768w, https:\/\/www.meine-tcm.com\/wp-content\/uploads\/2026\/09\/herbst-dojo-mitte-staerken-september-woche-3-1536x1536.jpg 1536w, https:\/\/www.meine-tcm.com\/wp-content\/uploads\/2026\/09\/herbst-dojo-mitte-staerken-september-woche-3-2048x2048.jpg 2048w, https:\/\/www.meine-tcm.com\/wp-content\/uploads\/2026\/09\/herbst-dojo-mitte-staerken-september-woche-3-12x12.jpg 12w\" sizes=\"auto, (max-width: 400px) 100vw, 400px\" title=\"Hay una estaci\u00f3n del a\u00f1o que ning\u00fan calendario conoce. Pero tu cuerpo s\u00ed.\" \/>\t\t\t\t\t\t\t<\/a>\n  \t\t\t\t\t\t\t<div class=\"overlay\" style=\"background-color: rgba(0, 0, 0, 0.09)\"><\/div>  \t\t\t\t\t\t\t  \t\t\t\t\t\t<\/div>\n  \t\t\t\t\t\t  \t\t\t\t\t<\/div>\n          \t\t\t\t\t<div class=\"box-text text-center\" style=\"padding:0 0px 0px 0px;\">\n\t\t\t\t\t<div class=\"box-text-inner blog-post-inner\">\n\n\t\t\t\t\t\n\t\t\t\t\t\t\t\t\t\t<h5 class=\"post-title is-large\">\n\t\t\t\t\t\t<a href=\"https:\/\/www.meine-tcm.com\/es\/fuenfte-jahreszeit-dojo-zeit-tcm\/\" class=\"plain\">La quinta estaci\u00f3n<\/a>\n\t\t\t\t\t<\/h5>\n\t\t\t\t\t\t\t\t\t\t<div class=\"is-divider\"><\/div>\n\t\t\t\t\t                    \n\t\t\t\t\t\n\t\t\t\t\t\n\t\t\t\t\t<\/div>\n\t\t\t\t\t<\/div>\n\t\t\t\t\t\t\t\t\t<\/div>\n\t\t\t<\/div>\n\t\t<\/div><div class=\"col post-item\" >\n\t\t\t<div class=\"col-inner\">\n\t\t\t\t<div class=\"box box-default box-text-bottom box-blog-post has-hover\">\n            \t\t\t\t\t<div class=\"box-image\" >\n  \t\t\t\t\t\t<div class=\"image-cover\" style=\"padding-top:56%;\">\n\t\t\t\t\t\t\t<a href=\"https:\/\/www.meine-tcm.com\/es\/sommer-rituale-fuer-herz-und-seele\/\" class=\"plain\" aria-label=\"Rituales de verano para el coraz\u00f3n y el alma\">\n\t\t\t\t\t\t\t\t<img loading=\"lazy\" decoding=\"async\" width=\"400\" height=\"400\" src=\"https:\/\/www.meine-tcm.com\/wp-content\/uploads\/2026\/03\/juli-Beitrag-4-shen-rituale-400x400.jpg\" class=\"attachment-medium size-medium wp-post-image\" alt=\"No es otra tarea m\u00e1s. Es un momento que solo te pertenece a ti.\" srcset=\"https:\/\/www.meine-tcm.com\/wp-content\/uploads\/2026\/03\/juli-Beitrag-4-shen-rituale-400x400.jpg 400w, https:\/\/www.meine-tcm.com\/wp-content\/uploads\/2026\/03\/juli-Beitrag-4-shen-rituale-100x100.jpg 100w, https:\/\/www.meine-tcm.com\/wp-content\/uploads\/2026\/03\/juli-Beitrag-4-shen-rituale-800x800.jpg 800w, https:\/\/www.meine-tcm.com\/wp-content\/uploads\/2026\/03\/juli-Beitrag-4-shen-rituale-280x280.jpg 280w, https:\/\/www.meine-tcm.com\/wp-content\/uploads\/2026\/03\/juli-Beitrag-4-shen-rituale-768x768.jpg 768w, https:\/\/www.meine-tcm.com\/wp-content\/uploads\/2026\/03\/juli-Beitrag-4-shen-rituale-1536x1536.jpg 1536w, https:\/\/www.meine-tcm.com\/wp-content\/uploads\/2026\/03\/juli-Beitrag-4-shen-rituale-2048x2048.jpg 2048w, https:\/\/www.meine-tcm.com\/wp-content\/uploads\/2026\/03\/juli-Beitrag-4-shen-rituale-12x12.jpg 12w\" sizes=\"auto, (max-width: 400px) 100vw, 400px\" title=\"No es otra tarea m\u00e1s. Es un momento que solo te pertenece a ti.\" \/>\t\t\t\t\t\t\t<\/a>\n  \t\t\t\t\t\t\t<div class=\"overlay\" style=\"background-color: rgba(0, 0, 0, 0.09)\"><\/div>  \t\t\t\t\t\t\t  \t\t\t\t\t\t<\/div>\n  \t\t\t\t\t\t  \t\t\t\t\t<\/div>\n          \t\t\t\t\t<div class=\"box-text text-center\" style=\"padding:0 0px 0px 0px;\">\n\t\t\t\t\t<div class=\"box-text-inner blog-post-inner\">\n\n\t\t\t\t\t\n\t\t\t\t\t\t\t\t\t\t<h5 class=\"post-title is-large\">\n\t\t\t\t\t\t<a href=\"https:\/\/www.meine-tcm.com\/es\/sommer-rituale-fuer-herz-und-seele\/\" class=\"plain\">Rituales de verano para el coraz\u00f3n y el alma<\/a>\n\t\t\t\t\t<\/h5>\n\t\t\t\t\t\t\t\t\t\t<div class=\"is-divider\"><\/div>\n\t\t\t\t\t                    \n\t\t\t\t\t\n\t\t\t\t\t\n\t\t\t\t\t<\/div>\n\t\t\t\t\t<\/div>\n\t\t\t\t\t\t\t\t\t<\/div>\n\t\t\t<\/div>\n\t\t<\/div><div class=\"col post-item\" >\n\t\t\t<div class=\"col-inner\">\n\t\t\t\t<div class=\"box box-default box-text-bottom box-blog-post has-hover\">\n            \t\t\t\t\t<div class=\"box-image\" >\n  \t\t\t\t\t\t<div class=\"image-cover\" style=\"padding-top:56%;\">\n\t\t\t\t\t\t\t<a href=\"https:\/\/www.meine-tcm.com\/es\/die-herz-zeit-nutzen\/\" class=\"plain\" aria-label=\"Aprovechar el momento del coraz\u00f3n\">\n\t\t\t\t\t\t\t\t<img loading=\"lazy\" decoding=\"async\" width=\"400\" height=\"400\" src=\"https:\/\/www.meine-tcm.com\/wp-content\/uploads\/2026\/03\/juli-Beitrag-3-herz-zeit-400x400.jpg\" class=\"attachment-medium size-medium wp-post-image\" alt=\"Tu coraz\u00f3n tiene su momento cada d\u00eda. Si te lo pierdes, \u00e9l se da cuenta.\" srcset=\"https:\/\/www.meine-tcm.com\/wp-content\/uploads\/2026\/03\/juli-Beitrag-3-herz-zeit-400x400.jpg 400w, https:\/\/www.meine-tcm.com\/wp-content\/uploads\/2026\/03\/juli-Beitrag-3-herz-zeit-100x100.jpg 100w, https:\/\/www.meine-tcm.com\/wp-content\/uploads\/2026\/03\/juli-Beitrag-3-herz-zeit-800x800.jpg 800w, https:\/\/www.meine-tcm.com\/wp-content\/uploads\/2026\/03\/juli-Beitrag-3-herz-zeit-280x280.jpg 280w, https:\/\/www.meine-tcm.com\/wp-content\/uploads\/2026\/03\/juli-Beitrag-3-herz-zeit-768x768.jpg 768w, https:\/\/www.meine-tcm.com\/wp-content\/uploads\/2026\/03\/juli-Beitrag-3-herz-zeit-1536x1536.jpg 1536w, https:\/\/www.meine-tcm.com\/wp-content\/uploads\/2026\/03\/juli-Beitrag-3-herz-zeit-2048x2048.jpg 2048w, https:\/\/www.meine-tcm.com\/wp-content\/uploads\/2026\/03\/juli-Beitrag-3-herz-zeit-12x12.jpg 12w\" sizes=\"auto, (max-width: 400px) 100vw, 400px\" title=\"Tu coraz\u00f3n tiene su momento cada d\u00eda. Si te lo pierdes, \u00e9l se da cuenta.\" \/>\t\t\t\t\t\t\t<\/a>\n  \t\t\t\t\t\t\t<div class=\"overlay\" style=\"background-color: rgba(0, 0, 0, 0.09)\"><\/div>  \t\t\t\t\t\t\t  \t\t\t\t\t\t<\/div>\n  \t\t\t\t\t\t  \t\t\t\t\t<\/div>\n          \t\t\t\t\t<div class=\"box-text text-center\" style=\"padding:0 0px 0px 0px;\">\n\t\t\t\t\t<div class=\"box-text-inner blog-post-inner\">\n\n\t\t\t\t\t\n\t\t\t\t\t\t\t\t\t\t<h5 class=\"post-title is-large\">\n\t\t\t\t\t\t<a href=\"https:\/\/www.meine-tcm.com\/es\/die-herz-zeit-nutzen\/\" class=\"plain\">Aprovechar el momento del coraz\u00f3n<\/a>\n\t\t\t\t\t<\/h5>\n\t\t\t\t\t\t\t\t\t\t<div class=\"is-divider\"><\/div>\n\t\t\t\t\t                    \n\t\t\t\t\t\n\t\t\t\t\t\n\t\t\t\t\t<\/div>\n\t\t\t\t\t<\/div>\n\t\t\t\t\t\t\t\t\t<\/div>\n\t\t\t<\/div>\n\t\t<\/div><div class=\"col post-item\" >\n\t\t\t<div class=\"col-inner\">\n\t\t\t\t<div class=\"box box-default box-text-bottom box-blog-post has-hover\">\n            \t\t\t\t\t<div class=\"box-image\" >\n  \t\t\t\t\t\t<div class=\"image-cover\" style=\"padding-top:56%;\">\n\t\t\t\t\t\t\t<a href=\"https:\/\/www.meine-tcm.com\/es\/wenn-hitze-krank-macht\/\" class=\"plain\" aria-label=\"Cuando el calor nos hace enfermar\">\n\t\t\t\t\t\t\t\t<img loading=\"lazy\" decoding=\"async\" width=\"400\" height=\"400\" src=\"https:\/\/www.meine-tcm.com\/wp-content\/uploads\/2026\/03\/juli-Beitrag-1-hitze-tcm-400x400.jpg\" class=\"attachment-medium size-medium wp-post-image\" alt=\"El sol da vida. Pero tambi\u00e9n la quita si no te proteges.\" srcset=\"https:\/\/www.meine-tcm.com\/wp-content\/uploads\/2026\/03\/juli-Beitrag-1-hitze-tcm-400x400.jpg 400w, https:\/\/www.meine-tcm.com\/wp-content\/uploads\/2026\/03\/juli-Beitrag-1-hitze-tcm-100x100.jpg 100w, https:\/\/www.meine-tcm.com\/wp-content\/uploads\/2026\/03\/juli-Beitrag-1-hitze-tcm-800x800.jpg 800w, https:\/\/www.meine-tcm.com\/wp-content\/uploads\/2026\/03\/juli-Beitrag-1-hitze-tcm-280x280.jpg 280w, https:\/\/www.meine-tcm.com\/wp-content\/uploads\/2026\/03\/juli-Beitrag-1-hitze-tcm-768x768.jpg 768w, https:\/\/www.meine-tcm.com\/wp-content\/uploads\/2026\/03\/juli-Beitrag-1-hitze-tcm-1536x1536.jpg 1536w, https:\/\/www.meine-tcm.com\/wp-content\/uploads\/2026\/03\/juli-Beitrag-1-hitze-tcm-2048x2048.jpg 2048w, https:\/\/www.meine-tcm.com\/wp-content\/uploads\/2026\/03\/juli-Beitrag-1-hitze-tcm-12x12.jpg 12w\" sizes=\"auto, (max-width: 400px) 100vw, 400px\" title=\"El sol da vida. Pero tambi\u00e9n la quita si no te proteges.\" \/>\t\t\t\t\t\t\t<\/a>\n  \t\t\t\t\t\t\t<div class=\"overlay\" style=\"background-color: rgba(0, 0, 0, 0.09)\"><\/div>  \t\t\t\t\t\t\t  \t\t\t\t\t\t<\/div>\n  \t\t\t\t\t\t  \t\t\t\t\t<\/div>\n          \t\t\t\t\t<div class=\"box-text text-center\" style=\"padding:0 0px 0px 0px;\">\n\t\t\t\t\t<div class=\"box-text-inner blog-post-inner\">\n\n\t\t\t\t\t\n\t\t\t\t\t\t\t\t\t\t<h5 class=\"post-title is-large\">\n\t\t\t\t\t\t<a href=\"https:\/\/www.meine-tcm.com\/es\/wenn-hitze-krank-macht\/\" class=\"plain\">Cuando el calor nos hace enfermar<\/a>\n\t\t\t\t\t<\/h5>\n\t\t\t\t\t\t\t\t\t\t<div class=\"is-divider\"><\/div>\n\t\t\t\t\t                    \n\t\t\t\t\t\n\t\t\t\t\t\n\t\t\t\t\t<\/div>\n\t\t\t\t\t<\/div>\n\t\t\t\t\t\t\t\t\t<\/div>\n\t\t\t<\/div>\n\t\t<\/div><div class=\"col post-item\" >\n\t\t\t<div class=\"col-inner\">\n\t\t\t\t<div class=\"box box-default box-text-bottom box-blog-post has-hover\">\n            \t\t\t\t\t<div class=\"box-image\" >\n  \t\t\t\t\t\t<div class=\"image-cover\" style=\"padding-top:56%;\">\n\t\t\t\t\t\t\t<a href=\"https:\/\/www.meine-tcm.com\/es\/warum-dein-bauch-im-sommer-rebelliert\/\" class=\"plain\" aria-label=\"\u00bfPor qu\u00e9 tu est\u00f3mago se rebela en verano?\">\n\t\t\t\t\t\t\t\t<img loading=\"lazy\" decoding=\"async\" width=\"400\" height=\"400\" src=\"https:\/\/www.meine-tcm.com\/wp-content\/uploads\/2026\/03\/juni-Beitrag-5-verdauung-im-sommer-400x400.jpg\" class=\"attachment-medium size-medium wp-post-image\" alt=\"El instinto sabe lo que la mente no puede expresar. Esc\u00fachalo.\" srcset=\"https:\/\/www.meine-tcm.com\/wp-content\/uploads\/2026\/03\/juni-Beitrag-5-verdauung-im-sommer-400x400.jpg 400w, https:\/\/www.meine-tcm.com\/wp-content\/uploads\/2026\/03\/juni-Beitrag-5-verdauung-im-sommer-100x100.jpg 100w, https:\/\/www.meine-tcm.com\/wp-content\/uploads\/2026\/03\/juni-Beitrag-5-verdauung-im-sommer-800x800.jpg 800w, https:\/\/www.meine-tcm.com\/wp-content\/uploads\/2026\/03\/juni-Beitrag-5-verdauung-im-sommer-280x280.jpg 280w, https:\/\/www.meine-tcm.com\/wp-content\/uploads\/2026\/03\/juni-Beitrag-5-verdauung-im-sommer-768x768.jpg 768w, https:\/\/www.meine-tcm.com\/wp-content\/uploads\/2026\/03\/juni-Beitrag-5-verdauung-im-sommer-1536x1536.jpg 1536w, https:\/\/www.meine-tcm.com\/wp-content\/uploads\/2026\/03\/juni-Beitrag-5-verdauung-im-sommer-2048x2048.jpg 2048w, https:\/\/www.meine-tcm.com\/wp-content\/uploads\/2026\/03\/juni-Beitrag-5-verdauung-im-sommer-12x12.jpg 12w\" sizes=\"auto, (max-width: 400px) 100vw, 400px\" title=\"El instinto sabe lo que la mente no puede expresar. Esc\u00fachalo.\" \/>\t\t\t\t\t\t\t<\/a>\n  \t\t\t\t\t\t\t<div class=\"overlay\" style=\"background-color: rgba(0, 0, 0, 0.09)\"><\/div>  \t\t\t\t\t\t\t  \t\t\t\t\t\t<\/div>\n  \t\t\t\t\t\t  \t\t\t\t\t<\/div>\n          \t\t\t\t\t<div class=\"box-text text-center\" style=\"padding:0 0px 0px 0px;\">\n\t\t\t\t\t<div class=\"box-text-inner blog-post-inner\">\n\n\t\t\t\t\t\n\t\t\t\t\t\t\t\t\t\t<h5 class=\"post-title is-large\">\n\t\t\t\t\t\t<a href=\"https:\/\/www.meine-tcm.com\/es\/warum-dein-bauch-im-sommer-rebelliert\/\" class=\"plain\">\u00bfPor qu\u00e9 tu est\u00f3mago se rebela en verano?<\/a>\n\t\t\t\t\t<\/h5>\n\t\t\t\t\t\t\t\t\t\t<div class=\"is-divider\"><\/div>\n\t\t\t\t\t                    \n\t\t\t\t\t\n\t\t\t\t\t\n\t\t\t\t\t<\/div>\n\t\t\t\t\t<\/div>\n\t\t\t\t\t\t\t\t\t<\/div>\n\t\t\t<\/div>\n\t\t<\/div><div class=\"col post-item\" >\n\t\t\t<div class=\"col-inner\">\n\t\t\t\t<div class=\"box box-default box-text-bottom box-blog-post has-hover\">\n            \t\t\t\t\t<div class=\"box-image\" >\n  \t\t\t\t\t\t<div class=\"image-cover\" style=\"padding-top:56%;\">\n\t\t\t\t\t\t\t<a href=\"https:\/\/www.meine-tcm.com\/es\/sommerhitze-kreislauf-yin-schuetzen\/\" class=\"plain\" aria-label=\"Por qu\u00e9 el verano afecta a tu circulaci\u00f3n \u2014 y qu\u00e9 recomienda la medicina tradicional china para combatirlo\">\n\t\t\t\t\t\t\t\t<img loading=\"lazy\" decoding=\"async\" width=\"533\" height=\"400\" src=\"https:\/\/www.meine-tcm.com\/wp-content\/uploads\/2026\/06\/3weisen-gespraech-sommerhitze-bts-1066x800-1-533x400.jpg\" class=\"attachment-medium size-medium wp-post-image\" alt=\"Q\u00ed B\u00f3 | El Emperador Amarillo Huangdi | Dr Weber\" srcset=\"https:\/\/www.meine-tcm.com\/wp-content\/uploads\/2026\/06\/3weisen-gespraech-sommerhitze-bts-1066x800-1-533x400.jpg 533w, https:\/\/www.meine-tcm.com\/wp-content\/uploads\/2026\/06\/3weisen-gespraech-sommerhitze-bts-1066x800-1-768x576.jpg 768w, https:\/\/www.meine-tcm.com\/wp-content\/uploads\/2026\/06\/3weisen-gespraech-sommerhitze-bts-1066x800-1-16x12.jpg 16w, https:\/\/www.meine-tcm.com\/wp-content\/uploads\/2026\/06\/3weisen-gespraech-sommerhitze-bts-1066x800-1-800x600.jpg 800w, https:\/\/www.meine-tcm.com\/wp-content\/uploads\/2026\/06\/3weisen-gespraech-sommerhitze-bts-1066x800-1.jpg 1066w\" sizes=\"auto, (max-width: 533px) 100vw, 533px\" title=\"Sesi\u00f3n fotogr\u00e1fica de \u00abPreg\u00fantale al Emperador Amarillo\u00bb (BTS) - julio de 2026\" \/>\t\t\t\t\t\t\t<\/a>\n  \t\t\t\t\t\t\t<div class=\"overlay\" style=\"background-color: rgba(0, 0, 0, 0.09)\"><\/div>  \t\t\t\t\t\t\t  \t\t\t\t\t\t<\/div>\n  \t\t\t\t\t\t  \t\t\t\t\t<\/div>\n          \t\t\t\t\t<div class=\"box-text text-center\" style=\"padding:0 0px 0px 0px;\">\n\t\t\t\t\t<div class=\"box-text-inner blog-post-inner\">\n\n\t\t\t\t\t\n\t\t\t\t\t\t\t\t\t\t<h5 class=\"post-title is-large\">\n\t\t\t\t\t\t<a href=\"https:\/\/www.meine-tcm.com\/es\/sommerhitze-kreislauf-yin-schuetzen\/\" class=\"plain\">Por qu\u00e9 el verano afecta a tu circulaci\u00f3n \u2014 y qu\u00e9 recomienda la medicina tradicional china para combatirlo<\/a>\n\t\t\t\t\t<\/h5>\n\t\t\t\t\t\t\t\t\t\t<div class=\"is-divider\"><\/div>\n\t\t\t\t\t                    \n\t\t\t\t\t\n\t\t\t\t\t\n\t\t\t\t\t<\/div>\n\t\t\t\t\t<\/div>\n\t\t\t\t\t\t\t\t\t<\/div>\n\t\t\t<\/div>\n\t\t<\/div><\/div>\n\n\n\t\t<\/div>\n\t\t\t\t\n<style>\n#col-759360625 > .col-inner {\n  max-width: 1200px;\n}\n<\/style>\n\t<\/div>\n\n\t\n\n<\/div>\n\n\t\t<\/div>\n\n\t\t\n<style>\n#section_624444148 {\n  padding-top: 0px;\n  padding-bottom: 0px;\n}\n<\/style>\n\t<\/section>\n\t\n\n\n\n<style>\n.section.text .image-text h3 {\n    padding-top: 0;\n}\n\n.section.text h2 {\n    margin: 0;\n}\n\nh2.before-ul {\n    padding-bottom: 8px;\n}\n\nul.square {\n  list-style: none;\n  padding: 0;\n  margin: 0;\n}\n\nul.square li {\n    padding-left: 2px;\n    text-indent: -26px;\n    margin-left: 20px;\n}\n\nul.square li:before {\n  content: \"\\25A0\";\n  font-size: 30px;\n  font-family: Arial, Helvetica, sans-serif;\n  line-height: 0;\n  margin-right: 4px;\n  position: relative;\n}\n\nul.square.red li:before {\n  color: #DB3A34;\n}\n\nul.yellow li:before {\n  color: #ffb600;\n}\n\nul.blue li:before {\n  color: #007f8b;\n}\n\n.meridian-detail ul:not(:last-child) {\n    margin-bottom: 40px;\n}\n\nli > p {\n    display: inline;\n}\n\n.caption p {\n    width: 90%;\n    font-size: 14px;\n    line-height: 1.4;\n    text-transform: uppercase;\n    text-align: center;\n    margin: auto;\n}\n\n.section .akupunkturpunkte p {\n    padding: 0;\n    font-size: 16px;\n    line-height: 1.2;\n}\n\n.section .akupunkturpunkte img {\n    border-radius: 5%;\n}\n\n.section .akupunkturpunkte .col,\n.section .akupunkturpunkte-text .col,\n.section .akupunkturpunkte-text-caption .col,\n.section .pro-tipp .col {\n    padding-bottom: 0;\n}\n\n.section .akupunkturpunkte-text a::before,\na.akupunkturpunkt::before {\n    content: \"\u2b24\";\n    color: rgb(219, 58, 52);\n    border-bottom: 8px solid rgb(252, 252, 250);\n    font-size: 14px;\n    font-weight: 700;\n    line-height: 14px;\n    position: relative;\n    bottom: 3px;\n    padding-right: 2px;\n}\n\na.akupunkturpunkt:after,\na.textlink:after {\n    content: '';\n}\n\n.section .akupunkturpunkte-text a,\na.akupunkturpunkt {\n    text-decoration: none;\n    border-bottom: 3px solid #000a0d;\n}\n\n.text800 p {\n    margin-top: 16px;\n}\n\n.section.pro-tipp h3:before {\n    content: '';\n}\n\n.section.pro-tipp h3 {\n    font-size: 32px;\n    font-weight: 700;\n    text-transform: uppercase;\n    margin-bottom: 16px;\n}\n\n.section.pro-tipp .pro-tipp-text,\n.section.pro-tipp .pro-tipp-image {\n    padding-bottom: 0;\n}\n\n.section.single-button {\n    font-size: 22px;\n    font-weight: 600;\n}\n\n.section.single-button a.button-meridian-yoga {\n    background-color: #e639c0;\n}\n\n.imageZoomExtra {\n    margin-bottom: 1em;\n}\n\n.meridian-detail-text a {\n    text-decoration: none;\n    border-bottom: 3px solid #000a0d;\n}\n\n.meridian-detail-text a:before {\n    content: '\u2b24';\n    color: #DB3A34;\n    border-bottom: 8px solid #FCFCFA;\n    font-size: 13px;\n    position: relative;\n    bottom: 3px;\n    padding-right: 2px;\n}\n\n.meridian-detail-text a:after {\n    content: '';\n}\n\n@media screen and (max-width: 549px) {\n\nbody {\n    -webkit-text-size-adjust: none;\n}\n\n.hide-on-mobile { display: none; }\n\n.text.caption {\n    margin-bottom: 60px;\n}\n\n.section.pro-tipp .pro-tipp-image {\n    padding-bottom: 40px;\n    max-width: 70%;\n}\n\n.section.pro-tipp .pro-tipp-text h3 {\n    padding: 0;\n}\n\n.akupunkturpunkte-text-caption .text.caption {\n    margin-bottom: 0;\n}\n\n.section.akupunktur .section-content .akupunkturpunkte {\n    width: 60%;\n    margin: auto;\n}\n\n.akupunkturpunkte .tip-top {\n    margin-bottom: 20px;\n}\n\n.section.akupunktur .section-content {\n    display:flex;\n    flex-flow: column;\n}\n\n.section.akupunktur .akupunkturpunkte {\n    order: 2;\n}\n\n.section.akupunktur .akupunkturpunkte-text {\n    order: 1;\n}\n\n.section.akupunktur .akupunkturpunkte-text-caption {\n    order: 3;\n}\n\n.col.padding15 {\n    padding: 0 15px !important;\n}\n\n.akupunkturpunkte-text strong {\n    display: block;\n}\n\n.button span {\n    padding-top: 8px;\n}\n\n}\n<\/style>","protected":false},"excerpt":{"rendered":"","protected":false},"author":3,"featured_media":0,"parent":0,"menu_order":0,"comment_status":"closed","ping_status":"closed","template":"","meta":{"_acf_changed":false,"_yoast_wpseo_focuskw":"","_yoast_wpseo_title":"","_yoast_wpseo_metadesc":"","tcm_facetten":"","tcm_jin":"","footnotes":""},"class_list":["post-9977","page","type-page","status-publish","hentry"],"acf":[],"yoast_head":"<!-- This site is optimized with the Yoast SEO plugin v28.3 - https:\/\/yoast.com\/product\/yoast-seo-wordpress\/ -->\n<title>Nieren\u2013Meridian | meine-TCM.com<\/title>\n<meta name=\"robots\" content=\"index, follow, max-snippet:-1, max-image-preview:large, max-video-preview:-1\" \/>\n<link rel=\"canonical\" href=\"https:\/\/www.meine-tcm.com\/es\/meridiano-de-rinon\/\" \/>\n<meta property=\"og:locale\" content=\"es_ES\" \/>\n<meta property=\"og:type\" content=\"article\" \/>\n<meta property=\"og:title\" content=\"Nieren\u2013Meridian | meine-TCM.com\" \/>\n<meta property=\"og:url\" content=\"https:\/\/www.meine-tcm.com\/es\/meridiano-de-rinon\/\" \/>\n<meta property=\"og:site_name\" content=\"meine TCM | Traditionelle Chinesische Medizin einfach erkl\u00e4rt\" \/>\n<meta property=\"article:modified_time\" content=\"2025-08-03T17:24:51+00:00\" \/>\n<meta property=\"og:image\" content=\"https:\/\/www.meine-tcm.com\/wp-content\/uploads\/2022\/10\/nieren-meridian-1200x1760-1.jpg\" \/>\n<meta name=\"twitter:card\" content=\"summary_large_image\" \/>\n<meta name=\"twitter:label1\" content=\"Tiempo de lectura\" \/>\n\t<meta name=\"twitter:data1\" content=\"10 minutos\" \/>\n<script type=\"application\/ld+json\" class=\"yoast-schema-graph\">{\"@context\":\"https:\\\/\\\/schema.org\",\"@graph\":[{\"@type\":\"WebPage\",\"@id\":\"https:\\\/\\\/www.meine-tcm.com\\\/nieren-meridian\\\/\",\"url\":\"https:\\\/\\\/www.meine-tcm.com\\\/nieren-meridian\\\/\",\"name\":\"Nieren\u2013Meridian | meine-TCM.com\",\"isPartOf\":{\"@id\":\"https:\\\/\\\/www.meine-tcm.com\\\/#website\"},\"primaryImageOfPage\":{\"@id\":\"https:\\\/\\\/www.meine-tcm.com\\\/nieren-meridian\\\/#primaryimage\"},\"image\":{\"@id\":\"https:\\\/\\\/www.meine-tcm.com\\\/nieren-meridian\\\/#primaryimage\"},\"thumbnailUrl\":\"https:\\\/\\\/www.meine-tcm.com\\\/wp-content\\\/uploads\\\/2022\\\/10\\\/nieren-meridian-1200x1760-1.jpg\",\"datePublished\":\"2022-10-13T15:01:21+00:00\",\"dateModified\":\"2025-08-03T17:24:51+00:00\",\"breadcrumb\":{\"@id\":\"https:\\\/\\\/www.meine-tcm.com\\\/nieren-meridian\\\/#breadcrumb\"},\"inLanguage\":\"es\",\"potentialAction\":[{\"@type\":\"ReadAction\",\"target\":[\"https:\\\/\\\/www.meine-tcm.com\\\/nieren-meridian\\\/\"]}]},{\"@type\":\"ImageObject\",\"inLanguage\":\"es\",\"@id\":\"https:\\\/\\\/www.meine-tcm.com\\\/nieren-meridian\\\/#primaryimage\",\"url\":\"https:\\\/\\\/www.meine-tcm.com\\\/wp-content\\\/uploads\\\/2022\\\/10\\\/nieren-meridian-1200x1760-1.jpg\",\"contentUrl\":\"https:\\\/\\\/www.meine-tcm.com\\\/wp-content\\\/uploads\\\/2022\\\/10\\\/nieren-meridian-1200x1760-1.jpg\"},{\"@type\":\"BreadcrumbList\",\"@id\":\"https:\\\/\\\/www.meine-tcm.com\\\/nieren-meridian\\\/#breadcrumb\",\"itemListElement\":[{\"@type\":\"ListItem\",\"position\":1,\"name\":\"Home\",\"item\":\"https:\\\/\\\/www.meine-tcm.com\\\/\"},{\"@type\":\"ListItem\",\"position\":2,\"name\":\"Nieren\u2013Meridian\"}]},{\"@type\":\"WebSite\",\"@id\":\"https:\\\/\\\/www.meine-tcm.com\\\/#website\",\"url\":\"https:\\\/\\\/www.meine-tcm.com\\\/\",\"name\":\"meine TCM | Traditionelle Chinesische Medizin einfach erkl\u00e4rt\",\"description\":\"Einfach gesund bleiben\",\"publisher\":{\"@id\":\"https:\\\/\\\/www.meine-tcm.com\\\/#organization\"},\"potentialAction\":[{\"@type\":\"SearchAction\",\"target\":{\"@type\":\"EntryPoint\",\"urlTemplate\":\"https:\\\/\\\/www.meine-tcm.com\\\/?s={search_term_string}\"},\"query-input\":{\"@type\":\"PropertyValueSpecification\",\"valueRequired\":true,\"valueName\":\"search_term_string\"}}],\"inLanguage\":\"es\"},{\"@type\":\"Organization\",\"@id\":\"https:\\\/\\\/www.meine-tcm.com\\\/#organization\",\"name\":\"meine-TCM.com \u2014 Traditionelle chinesische Medizin einfach erkl\u00e4rt\",\"url\":\"https:\\\/\\\/www.meine-tcm.com\\\/\",\"logo\":{\"@type\":\"ImageObject\",\"inLanguage\":\"es\",\"@id\":\"https:\\\/\\\/www.meine-tcm.com\\\/#\\\/schema\\\/logo\\\/image\\\/\",\"url\":\"https:\\\/\\\/www.meine-tcm.com\\\/wp-content\\\/uploads\\\/2022\\\/08\\\/meine-tcm-traditionelle-chinesische-medizin-einfach-erklaert.png\",\"contentUrl\":\"https:\\\/\\\/www.meine-tcm.com\\\/wp-content\\\/uploads\\\/2022\\\/08\\\/meine-tcm-traditionelle-chinesische-medizin-einfach-erklaert.png\",\"width\":559,\"height\":479,\"caption\":\"meine-TCM.com \u2014 Traditionelle chinesische Medizin einfach erkl\u00e4rt\"},\"image\":{\"@id\":\"https:\\\/\\\/www.meine-tcm.com\\\/#\\\/schema\\\/logo\\\/image\\\/\"},\"sameAs\":[\"https:\\\/\\\/www.instagram.com\\\/meinetcm\\\/\",\"https:\\\/\\\/www.youtube.com\\\/@EinfachbesserLeben\"]}]}<\/script>\n<!-- \/ Yoast SEO plugin. -->","yoast_head_json":{"title":"Meridiano del ri\u00f1\u00f3n | my-TCM.com","robots":{"index":"index","follow":"follow","max-snippet":"max-snippet:-1","max-image-preview":"max-image-preview:large","max-video-preview":"max-video-preview:-1"},"canonical":"https:\/\/www.meine-tcm.com\/es\/meridiano-de-rinon\/","og_locale":"es_ES","og_type":"article","og_title":"Nieren\u2013Meridian | meine-TCM.com","og_url":"https:\/\/www.meine-tcm.com\/es\/meridiano-de-rinon\/","og_site_name":"meine TCM | Traditionelle Chinesische Medizin einfach erkl\u00e4rt","article_modified_time":"2025-08-03T17:24:51+00:00","og_image":[{"url":"https:\/\/www.meine-tcm.com\/wp-content\/uploads\/2022\/10\/nieren-meridian-1200x1760-1.jpg","type":"","width":"","height":""}],"twitter_card":"summary_large_image","twitter_misc":{"Tiempo de lectura":"10 minutos"},"schema":{"@context":"https:\/\/schema.org","@graph":[{"@type":"WebPage","@id":"https:\/\/www.meine-tcm.com\/nieren-meridian\/","url":"https:\/\/www.meine-tcm.com\/nieren-meridian\/","name":"Meridiano del ri\u00f1\u00f3n | my-TCM.com","isPartOf":{"@id":"https:\/\/www.meine-tcm.com\/#website"},"primaryImageOfPage":{"@id":"https:\/\/www.meine-tcm.com\/nieren-meridian\/#primaryimage"},"image":{"@id":"https:\/\/www.meine-tcm.com\/nieren-meridian\/#primaryimage"},"thumbnailUrl":"https:\/\/www.meine-tcm.com\/wp-content\/uploads\/2022\/10\/nieren-meridian-1200x1760-1.jpg","datePublished":"2022-10-13T15:01:21+00:00","dateModified":"2025-08-03T17:24:51+00:00","breadcrumb":{"@id":"https:\/\/www.meine-tcm.com\/nieren-meridian\/#breadcrumb"},"inLanguage":"es","potentialAction":[{"@type":"ReadAction","target":["https:\/\/www.meine-tcm.com\/nieren-meridian\/"]}]},{"@type":"ImageObject","inLanguage":"es","@id":"https:\/\/www.meine-tcm.com\/nieren-meridian\/#primaryimage","url":"https:\/\/www.meine-tcm.com\/wp-content\/uploads\/2022\/10\/nieren-meridian-1200x1760-1.jpg","contentUrl":"https:\/\/www.meine-tcm.com\/wp-content\/uploads\/2022\/10\/nieren-meridian-1200x1760-1.jpg"},{"@type":"BreadcrumbList","@id":"https:\/\/www.meine-tcm.com\/nieren-meridian\/#breadcrumb","itemListElement":[{"@type":"ListItem","position":1,"name":"Home","item":"https:\/\/www.meine-tcm.com\/"},{"@type":"ListItem","position":2,"name":"Nieren\u2013Meridian"}]},{"@type":"WebSite","@id":"https:\/\/www.meine-tcm.com\/#website","url":"https:\/\/www.meine-tcm.com\/","name":"mi MTC | Medicina Tradicional China explicada de forma sencilla","description":"Mant\u00e9ngase sano","publisher":{"@id":"https:\/\/www.meine-tcm.com\/#organization"},"potentialAction":[{"@type":"SearchAction","target":{"@type":"EntryPoint","urlTemplate":"https:\/\/www.meine-tcm.com\/?s={search_term_string}"},"query-input":{"@type":"PropertyValueSpecification","valueRequired":true,"valueName":"search_term_string"}}],"inLanguage":"es"},{"@type":"Organization","@id":"https:\/\/www.meine-tcm.com\/#organization","name":"meine-TCM.com - La Medicina Tradicional China explicada de forma sencilla","url":"https:\/\/www.meine-tcm.com\/","logo":{"@type":"ImageObject","inLanguage":"es","@id":"https:\/\/www.meine-tcm.com\/#\/schema\/logo\/image\/","url":"https:\/\/www.meine-tcm.com\/wp-content\/uploads\/2022\/08\/meine-tcm-traditionelle-chinesische-medizin-einfach-erklaert.png","contentUrl":"https:\/\/www.meine-tcm.com\/wp-content\/uploads\/2022\/08\/meine-tcm-traditionelle-chinesische-medizin-einfach-erklaert.png","width":559,"height":479,"caption":"meine-TCM.com \u2014 Traditionelle chinesische Medizin einfach erkl\u00e4rt"},"image":{"@id":"https:\/\/www.meine-tcm.com\/#\/schema\/logo\/image\/"},"sameAs":["https:\/\/www.instagram.com\/meinetcm\/","https:\/\/www.youtube.com\/@EinfachbesserLeben"]}]}},"wps_subtitle":"","_links":{"self":[{"href":"https:\/\/www.meine-tcm.com\/es\/wp-json\/wp\/v2\/pages\/9977","targetHints":{"allow":["GET"]}}],"collection":[{"href":"https:\/\/www.meine-tcm.com\/es\/wp-json\/wp\/v2\/pages"}],"about":[{"href":"https:\/\/www.meine-tcm.com\/es\/wp-json\/wp\/v2\/types\/page"}],"author":[{"embeddable":true,"href":"https:\/\/www.meine-tcm.com\/es\/wp-json\/wp\/v2\/users\/3"}],"replies":[{"embeddable":true,"href":"https:\/\/www.meine-tcm.com\/es\/wp-json\/wp\/v2\/comments?post=9977"}],"version-history":[{"count":0,"href":"https:\/\/www.meine-tcm.com\/es\/wp-json\/wp\/v2\/pages\/9977\/revisions"}],"wp:attachment":[{"href":"https:\/\/www.meine-tcm.com\/es\/wp-json\/wp\/v2\/media?parent=9977"}],"curies":[{"name":"wp","href":"https:\/\/api.w.org\/{rel}","templated":true}]}}