{"id":25153,"date":"2026-01-22T16:54:08","date_gmt":"2026-01-22T15:54:08","guid":{"rendered":"https:\/\/www.meine-tcm.com\/?page_id=25153"},"modified":"2026-04-22T10:53:10","modified_gmt":"2026-04-22T08:53:10","slug":"retiros-de-qi-gong","status":"publish","type":"page","link":"https:\/\/www.meine-tcm.com\/es\/qi-gong-retreats\/","title":{"rendered":"Todos los retiros"},"content":{"rendered":"<section class=\"section h1-h3\" id=\"section_925328717\">\n\t\t<div class=\"section-bg fill\" >\n\t\t\t\t\t\t\t\t\t\n\t\t\t\n\n\t\t<\/div>\n\n\t\t\n\n\t\t<div class=\"section-content relative\">\n\t\t\t\n\n<div class=\"row row-collapse align-center\"  id=\"row-387516787\">\n\n\n\t<div id=\"col-1688645920\" class=\"col small-12 large-12\"  >\n\t\t\t\t<div class=\"col-inner text-center\"  >\n\t\t\t\n\t\t\t\n\n<h1>Unsere EBL RETREATS 2026<\/h1>\n<h3 class=\"width-h1\">SIMPLEMENTE VIVIR M\u00c1S CONSCIENTEMENTE y mejor<\/h3>\n\n\t\t<\/div>\n\t\t\t\t\n<style>\n#col-1688645920 > .col-inner {\n  max-width: 960px;\n}\n<\/style>\n\t<\/div>\n\n\t\n\n<\/div>\n\n\t\t<\/div>\n\n\t\t\n<style>\n#section_925328717 {\n  padding-top: 0px;\n  padding-bottom: 0px;\n}\n<\/style>\n\t<\/section>\n\t\n\t<div id=\"gap-1613465370\" class=\"gap-element clearfix\" style=\"display:block; height:auto;\">\n\t\t\n<style>\n#gap-1613465370 {\n  padding-top: 40px;\n}\n<\/style>\n\t<\/div>\n\t\n\n\n\t<section class=\"section main-teaser\" id=\"section_383387569\">\n\t\t<div class=\"section-bg fill\" >\n\t\t\t\t\t\t\t\t\t\n\t\t\t\n\n\t\t<\/div>\n\n\t\t\n\n\t\t<div class=\"section-content relative\">\n\t\t\t\n\n<div class=\"row row-collapse align-center\"  id=\"row-1145667552\">\n\n\n\t<div id=\"col-1650024925\" class=\"col small-12 large-12\"  >\n\t\t\t\t<div class=\"col-inner text-center\"  >\n\t\t\t\n\t\t\t\n\n<p class=\"teaser\">Unsere Retreats sind einzigartige Auszeiten \u2014 mal in den wundersch\u00f6nen, kraftvollen Bergen Tirols, mal in der Toskana.\u00a0<br data-start=\"312\" data-end=\"315\" \/>Dich erwartet ein klarer Mix aus Bewegung, Atmung, Ruhe und Natur \u2014 wissenschaftsfreundlich erkl\u00e4rt, k\u00f6rperlich erfahrbar, alltagstauglich.<\/p>\n<p class=\"teaser\">Para todos aquellos que no quieren optimizar, sino autorregularse: ralentizar, repostar, realinear.<\/p>\n\n\t\t<\/div>\n\t\t\t\t\n<style>\n#col-1650024925 > .col-inner {\n  max-width: 800px;\n}\n<\/style>\n\t<\/div>\n\n\t\n\n<\/div>\n\n\t\t<\/div>\n\n\t\t\n<style>\n#section_383387569 {\n  padding-top: 0px;\n  padding-bottom: 0px;\n}\n<\/style>\n\t<\/section>\n\t\n\t<div id=\"gap-1538282422\" class=\"gap-element clearfix\" style=\"display:block; height:auto;\">\n\t\t\n<style>\n#gap-1538282422 {\n  padding-top: 40px;\n}\n<\/style>\n\t<\/div>\n\t\n\n\n\t<section class=\"section h2\" id=\"section_737330202\">\n\t\t<div class=\"section-bg fill\" >\n\t\t\t\t\t\t\t\t\t\n\t\t\t\n\n\t\t<\/div>\n\n\t\t\n\n\t\t<div class=\"section-content relative\">\n\t\t\t\n\n<div class=\"row row-collapse align-center\"  id=\"row-339013059\">\n\n\n\t<div id=\"col-552377632\" class=\"col small-12 large-12\"  >\n\t\t\t\t<div class=\"col-inner text-center\"  >\n\t\t\t\n\t\t\t\n\n<h2>Retiro y regeneraci\u00f3n pura<\/h2>\n\n\t\t<\/div>\n\t\t\t\t\n<style>\n#col-552377632 > .col-inner {\n  max-width: 960px;\n}\n<\/style>\n\t<\/div>\n\n\t\n\n<\/div>\n\n\t\t<\/div>\n\n\t\t\n<style>\n#section_737330202 {\n  padding-top: 0px;\n  padding-bottom: 0px;\n}\n<\/style>\n\t<\/section>\n\t\n\t<div id=\"gap-105698613\" class=\"gap-element clearfix\" style=\"display:block; height:auto;\">\n\t\t\n<style>\n#gap-105698613 {\n  padding-top: 40px;\n}\n<\/style>\n\t<\/div>\n\t\n\n\n\t<section class=\"section text\" id=\"section_370318375\">\n\t\t<div class=\"section-bg fill\" >\n\t\t\t\t\t\t\t\t\t\n\t\t\t\n\n\t\t<\/div>\n\n\t\t\n\n\t\t<div class=\"section-content relative\">\n\t\t\t\n\n<div class=\"row row-collapse align-center\"  id=\"row-2003375052\">\n\n\n\t<div id=\"col-1086636838\" class=\"col small-12 large-12\"  >\n\t\t\t\t<div class=\"col-inner text-left\"  >\n\t\t\t\n\t\t\t\n\n<p data-start=\"0\" data-end=\"426\">Unsere Retreats sind Auszeiten mit Tiefe \u2014 und gleichzeitig mit Struktur. Ob in den kraftvollen Bergen rund um Leutasch, im weiten Licht der Toskana oder beim Atemretreat am Fernpass: Jede Woche ist so gestaltet, dass du aus dem \u201eDauer-an\u201c-Modus herauskommst und wieder bei dir landest. Nicht \u00fcber gro\u00dfe Versprechen, sondern \u00fcber Praxis, Rhythmus und echte Erfahrung \u2014 mit Raum f\u00fcr Stille, Natur und das, was sich zeigen will.<\/p>\n<p data-start=\"428\" data-end=\"828\">Dich erwartet ein klarer Mix aus Qi Gong, Atemarbeit, Bewegung, Regeneration und alltagstauglichen Impulsen aus TCM und moderner K\u00f6rper- und Stressphysiologie. Wir erkl\u00e4ren Zusammenh\u00e4nge wissenschaftsfreundlich und verst\u00e4ndlich \u2014 und bringen sie dann sofort in den K\u00f6rper: sp\u00fcrbar, dosierbar, sicher. So entsteht ein Lernen, das nicht im Kopf stecken bleibt, sondern in deinem Nervensystem \u201eankommt\u201c.<\/p>\n<p data-start=\"830\" data-end=\"1046\">Egal, welches Retreat du w\u00e4hlst: Es geht nicht um Optimierung, sondern um Regulation. Runterfahren, auftanken, neu ausrichten \u2014 und mit einem inneren Kompass nach Hause fahren, der auch im Alltag weiter funktioniert.<\/p>\n\n\t\t<\/div>\n\t\t\t\t\n<style>\n#col-1086636838 > .col-inner {\n  max-width: 800px;\n}\n<\/style>\n\t<\/div>\n\n\t\n\n<\/div>\n\n\t\t<\/div>\n\n\t\t\n<style>\n#section_370318375 {\n  padding-top: 0px;\n  padding-bottom: 0px;\n}\n<\/style>\n\t<\/section>\n\t\n\t<div id=\"gap-1797662906\" class=\"gap-element clearfix\" style=\"display:block; height:auto;\">\n\t\t\n<style>\n#gap-1797662906 {\n  padding-top: 60px;\n}\n<\/style>\n\t<\/div>\n\t\n\n\n\t<div id=\"gap-1457668499\" class=\"gap-element clearfix hidden\" style=\"display:block; height:auto;\">\n\t\t\n<style>\n#gap-1457668499 {\n  padding-top: 40px;\n}\n<\/style>\n\t<\/div>\n\t\n\n\n\t<section class=\"section image-text\" id=\"section_832142412\">\n\t\t<div class=\"section-bg fill\" >\n\t\t\t\t\t\t\t\t\t\n\t\t\t\n\n\t\t<\/div>\n\n\t\t\n\n\t\t<div class=\"section-content relative\">\n\t\t\t\n\n<div class=\"row align-middle align-center\"  id=\"row-457121044\">\n\n\n\t<div id=\"col-1116279609\" class=\"col medium-6 small-12 large-6\"  >\n\t\t\t\t<div class=\"col-inner text-right\"  >\n\t\t\t\n\t\t\t\n\n\t<div class=\"img has-hover x md-x lg-x y md-y lg-y\" id=\"image_120959710\">\n\t\t<a class=\"\" href=\"https:\/\/www.meine-tcm.com\/es\/retirada-descubre-el-poder-curativo-de-tu-respiracion\/\" >\t\t\t\t\t\t<div class=\"img-inner dark\" >\n\t\t\t<img loading=\"lazy\" decoding=\"async\" width=\"1020\" height=\"638\" src=\"https:\/\/www.meine-tcm.com\/wp-content\/uploads\/2024\/04\/yoga_halle_meditations_retreat_tirol_alpenretreat_1920x1200-2-1280x800.webp\" class=\"attachment-large size-large\" alt=\"\" srcset=\"https:\/\/www.meine-tcm.com\/wp-content\/uploads\/2024\/04\/yoga_halle_meditations_retreat_tirol_alpenretreat_1920x1200-2-1280x800.webp 1280w, https:\/\/www.meine-tcm.com\/wp-content\/uploads\/2024\/04\/yoga_halle_meditations_retreat_tirol_alpenretreat_1920x1200-2-510x319.webp 510w, https:\/\/www.meine-tcm.com\/wp-content\/uploads\/2024\/04\/yoga_halle_meditations_retreat_tirol_alpenretreat_1920x1200-2-640x400.webp 640w, https:\/\/www.meine-tcm.com\/wp-content\/uploads\/2024\/04\/yoga_halle_meditations_retreat_tirol_alpenretreat_1920x1200-2-768x480.webp 768w, https:\/\/www.meine-tcm.com\/wp-content\/uploads\/2024\/04\/yoga_halle_meditations_retreat_tirol_alpenretreat_1920x1200-2-1536x960.webp 1536w, https:\/\/www.meine-tcm.com\/wp-content\/uploads\/2024\/04\/yoga_halle_meditations_retreat_tirol_alpenretreat_1920x1200-2-18x12.webp 18w, https:\/\/www.meine-tcm.com\/wp-content\/uploads\/2024\/04\/yoga_halle_meditations_retreat_tirol_alpenretreat_1920x1200-2.webp 1920w\" sizes=\"auto, (max-width: 1020px) 100vw, 1020px\" title=\"yoga_hall_meditaciones_retiro_tirol_alpenretreat_1920x1200\" \/>\t\t\t\t\t\t\n\t\t\t\t\t<\/div>\n\t\t\t\t\t\t<\/a>\t\t\n<style>\n#image_120959710 {\n  width: 100%;\n}\n<\/style>\n\t<\/div>\n\t\n\n\n\t\t<\/div>\n\t\t\t\t\n<style>\n#col-1116279609 > .col-inner {\n  max-width: 480px;\n}\n<\/style>\n\t<\/div>\n\n\t\n\n\t<div id=\"col-1079708015\" class=\"col medium-6 small-12 large-6\"  >\n\t\t\t\t<div class=\"col-inner text-left\"  >\n\t\t\t\n\t\t\t\n\n<h3>03. \u2013 06. Mai 2026 | FERNPASS, TIROL<\/h3>\n<h2>RETREAT \u2014 Entdecke die Heilkraft deines Atems<\/h2>\n<p><strong>En este retiro de respiraci\u00f3n<\/strong> lernst du, wie du \u00fcber gezielte Atemarbeit K\u00f6rper und Nervensystem sp\u00fcrbar beeinflussen kannst \u2014 beruhigen, kl\u00e4ren, st\u00e4rken. Dich erwartet eine sichere, gut angeleitete Praxis mit Regenerationsphasen, Bewegung und Naturzeit. Wissenschaftsfreundlich erkl\u00e4rt, tief erfahrbar und so alltagstauglich, dass du die wichtigsten Tools danach wirklich mit nach Hause nimmst.<\/p>\n<p><a href=\"https:\/\/www.meine-tcm.com\/es\/retirada-descubre-el-poder-curativo-de-tu-respiracion\/\">m\u00e1s informaci\u00f3n<\/a><\/p>\n\n\t\t<\/div>\n\t\t\t\t\n<style>\n#col-1079708015 > .col-inner {\n  max-width: 480px;\n}\n<\/style>\n\t<\/div>\n\n\t\n\n<\/div>\n\n\t\t<\/div>\n\n\t\t\n<style>\n#section_832142412 {\n  padding-top: 0px;\n  padding-bottom: 0px;\n}\n<\/style>\n\t<\/section>\n\t\n\t<div id=\"gap-820730932\" class=\"gap-element clearfix\" style=\"display:block; height:auto;\">\n\t\t\n<style>\n#gap-820730932 {\n  padding-top: 40px;\n}\n<\/style>\n\t<\/div>\n\t\n\n\n\t<section class=\"section image-text\" id=\"section_436388173\">\n\t\t<div class=\"section-bg fill\" >\n\t\t\t\t\t\t\t\t\t\n\t\t\t\n\n\t\t<\/div>\n\n\t\t\n\n\t\t<div class=\"section-content relative\">\n\t\t\t\n\n<div class=\"row align-middle align-center\"  id=\"row-37045459\">\n\n\n\t<div id=\"col-1118765362\" class=\"col medium-6 small-12 large-6\"  >\n\t\t\t\t<div class=\"col-inner text-right\"  >\n\t\t\t\n\t\t\t\n\n\t<div class=\"img has-hover x md-x lg-x y md-y lg-y\" id=\"image_2078153889\">\n\t\t<a class=\"\" href=\"https:\/\/www.meine-tcm.com\/es\/retiro-qi-gong-tao-respiracion-tirol-junio-2026\/\" >\t\t\t\t\t\t<div class=\"img-inner dark\" >\n\t\t\t<img loading=\"lazy\" decoding=\"async\" width=\"680\" height=\"420\" src=\"https:\/\/www.meine-tcm.com\/wp-content\/uploads\/2026\/01\/qi-gong-retreat-leutasch-juni-2026-680px.jpg\" class=\"attachment-large size-large\" alt=\"3 personas meditando en una plataforma redonda de madera en el bosque de Leutasch, Tirol, en los Chalets Verdes\" srcset=\"https:\/\/www.meine-tcm.com\/wp-content\/uploads\/2026\/01\/qi-gong-retreat-leutasch-juni-2026-680px.jpg 680w, https:\/\/www.meine-tcm.com\/wp-content\/uploads\/2026\/01\/qi-gong-retreat-leutasch-juni-2026-680px-510x315.jpg 510w, https:\/\/www.meine-tcm.com\/wp-content\/uploads\/2026\/01\/qi-gong-retreat-leutasch-juni-2026-680px-648x400.jpg 648w, https:\/\/www.meine-tcm.com\/wp-content\/uploads\/2026\/01\/qi-gong-retreat-leutasch-juni-2026-680px-18x12.jpg 18w\" sizes=\"auto, (max-width: 680px) 100vw, 680px\" title=\"Retiro de Qi Gong en Leutasch en verano\" \/>\t\t\t\t\t\t\n\t\t\t\t\t<\/div>\n\t\t\t\t\t\t<\/a>\t\t\n<style>\n#image_2078153889 {\n  width: 100%;\n}\n<\/style>\n\t<\/div>\n\t\n\n\n\t\t<\/div>\n\t\t\t\t\n<style>\n#col-1118765362 > .col-inner {\n  max-width: 480px;\n}\n<\/style>\n\t<\/div>\n\n\t\n\n\t<div id=\"col-1838336202\" class=\"col medium-6 small-12 large-6\"  >\n\t\t\t\t<div class=\"col-inner text-left\"  >\n\t\t\t\n\t\t\t\n\n<h3>04. \u2013 07. Juni 2026 | LEUTASCH, TIROL<\/h3>\n<h2>\u00a0RETREAT \u2014 Einfach bewusster leben<\/h2>\n<p>Dieses Retreat ist eine Auszeit, die dich zur\u00fcck in deinen eigenen Rhythmus bringt \u2014 mit Bewegung, Atmung, Stille und Natur. Du lernst einfache, wirksame Routinen, die dein Nervensystem beruhigen und deinen Alltag leichter machen. Wissenschaftsfreundlich erkl\u00e4rt, k\u00f6rperlich erfahrbar, direkt umsetzbar \u2014 damit \u201ebewusster leben\u201c nicht nur ein Gedanke bleibt, sondern wieder sp\u00fcrbar wird.<\/p>\n<p><a href=\"https:\/\/www.meine-tcm.com\/es\/retiro-qi-gong-tao-respiracion-tirol-junio-2026\/\">m\u00e1s informaci\u00f3n<\/a><\/p>\n\n\t\t<\/div>\n\t\t\t\t\n<style>\n#col-1838336202 > .col-inner {\n  max-width: 480px;\n}\n<\/style>\n\t<\/div>\n\n\t\n\n<\/div>\n\n\t\t<\/div>\n\n\t\t\n<style>\n#section_436388173 {\n  padding-top: 0px;\n  padding-bottom: 0px;\n}\n<\/style>\n\t<\/section>\n\t\n\t<div id=\"gap-1310457229\" class=\"gap-element clearfix\" style=\"display:block; height:auto;\">\n\t\t\n<style>\n#gap-1310457229 {\n  padding-top: 40px;\n}\n<\/style>\n\t<\/div>\n\t\n\n\n\t<section class=\"section image-text\" id=\"section_1520074066\">\n\t\t<div class=\"section-bg fill\" >\n\t\t\t\t\t\t\t\t\t\n\t\t\t\n\n\t\t<\/div>\n\n\t\t\n\n\t\t<div class=\"section-content relative\">\n\t\t\t\n\n<div class=\"row align-middle align-center\"  id=\"row-743912137\">\n\n\n\t<div id=\"col-2099354309\" class=\"col medium-6 small-12 large-6\"  >\n\t\t\t\t<div class=\"col-inner text-right\"  >\n\t\t\t\n\t\t\t\n\n\t<div class=\"img has-hover x md-x lg-x y md-y lg-y\" id=\"image_1535264505\">\n\t\t<a class=\"\" href=\"https:\/\/www.meine-tcm.com\/es\/retiro-simplemente-vivir-mejor-en-toscana-2026\/\" >\t\t\t\t\t\t<div class=\"img-inner dark\" >\n\t\t\t<img loading=\"lazy\" decoding=\"async\" width=\"920\" height=\"728\" src=\"https:\/\/www.meine-tcm.com\/wp-content\/uploads\/2023\/04\/qi-gong-pilates-retreat-toskana.jpg\" class=\"attachment-large size-large\" alt=\"Vista a\u00e9rea del Panorama \u00danico Retiro Lucerna\" srcset=\"https:\/\/www.meine-tcm.com\/wp-content\/uploads\/2023\/04\/qi-gong-pilates-retreat-toskana.jpg 920w, https:\/\/www.meine-tcm.com\/wp-content\/uploads\/2023\/04\/qi-gong-pilates-retreat-toskana-510x404.jpg 510w, https:\/\/www.meine-tcm.com\/wp-content\/uploads\/2023\/04\/qi-gong-pilates-retreat-toskana-505x400.jpg 505w, https:\/\/www.meine-tcm.com\/wp-content\/uploads\/2023\/04\/qi-gong-pilates-retreat-toskana-768x608.jpg 768w, https:\/\/www.meine-tcm.com\/wp-content\/uploads\/2023\/04\/qi-gong-pilates-retreat-toskana-15x12.jpg 15w\" sizes=\"auto, (max-width: 920px) 100vw, 920px\" title=\"Retiro de Qi Gong y Pilates en la Toscana\" \/>\t\t\t\t\t\t\n\t\t\t\t\t<\/div>\n\t\t\t\t\t\t<\/a>\t\t\n<style>\n#image_1535264505 {\n  width: 100%;\n}\n<\/style>\n\t<\/div>\n\t\n\n\n\t\t<\/div>\n\t\t\t\t\n<style>\n#col-2099354309 > .col-inner {\n  max-width: 480px;\n}\n<\/style>\n\t<\/div>\n\n\t\n\n\t<div id=\"col-130791594\" class=\"col medium-6 small-12 large-6\"  >\n\t\t\t\t<div class=\"col-inner text-left\"  >\n\t\t\t\n\t\t\t\n\n<h3>27 junio - 4 julio 2026 | 4 julio - 11 julio 2026 | TOSCANA<\/h3>\n<h2>RETREAT \u2014 Einfach besser leben<\/h2>\n<p><strong>Una semana en la Toscana<\/strong> \u2014 zum Durchatmen, Ankommen und Neu-Ausrichten. In einem klaren Rhythmus aus Qi Gong, Atemarbeit, sanfter Bewegung, Ruhe und Natur kommst du weg vom Funktionieren und n\u00e4her zu dir. Du bekommst verst\u00e4ndliche Impulse aus TCM und moderner K\u00f6rperphysiologie \u2014 und vor allem: Praxis, die wirkt und die du zuhause weiterf\u00fchren kannst.<\/p>\n<p><a href=\"https:\/\/www.meine-tcm.com\/es\/retiro-simplemente-vivir-mejor-en-toscana-2026\/\">m\u00e1s informaci\u00f3n<\/a><\/p>\n\n\t\t<\/div>\n\t\t\t\t\n<style>\n#col-130791594 > .col-inner {\n  max-width: 480px;\n}\n<\/style>\n\t<\/div>\n\n\t\n\n<\/div>\n\n\t\t<\/div>\n\n\t\t\n<style>\n#section_1520074066 {\n  padding-top: 0px;\n  padding-bottom: 0px;\n}\n<\/style>\n\t<\/section>\n\t\n\t<div id=\"gap-572426513\" class=\"gap-element clearfix\" style=\"display:block; height:auto;\">\n\t\t\n<style>\n#gap-572426513 {\n  padding-top: 40px;\n}\n<\/style>\n\t<\/div>\n\t\n\n\n\t<section class=\"section image-text\" id=\"section_366211568\">\n\t\t<div class=\"section-bg fill\" >\n\t\t\t\t\t\t\t\t\t\n\t\t\t\n\n\t\t<\/div>\n\n\t\t\n\n\t\t<div class=\"section-content relative\">\n\t\t\t\n\n<div class=\"row align-middle align-center\"  id=\"row-1817322622\">\n\n\n\t<div id=\"col-1250724863\" class=\"col medium-6 small-12 large-6\"  >\n\t\t\t\t<div class=\"col-inner text-right\"  >\n\t\t\t\n\t\t\t\n\n\t<div class=\"img has-hover x md-x lg-x y md-y lg-y\" id=\"image_1325945662\">\n\t\t<a class=\"\" href=\"https:\/\/www.meine-tcm.com\/es\/retiro-qi-gong-tao-respiracion-tirol-junio-2026\/\" >\t\t\t\t\t\t<div class=\"img-inner dark\" >\n\t\t\t<img loading=\"lazy\" decoding=\"async\" width=\"960\" height=\"720\" src=\"https:\/\/www.meine-tcm.com\/wp-content\/uploads\/2026\/04\/qi-gong-retreat-herbst-leutasch-960.jpg\" class=\"attachment-large size-large\" alt=\"Qi Gong Retreat in Leutasch, Tirol im Herbst\" srcset=\"https:\/\/www.meine-tcm.com\/wp-content\/uploads\/2026\/04\/qi-gong-retreat-herbst-leutasch-960.jpg 960w, https:\/\/www.meine-tcm.com\/wp-content\/uploads\/2026\/04\/qi-gong-retreat-herbst-leutasch-960-533x400.jpg 533w, https:\/\/www.meine-tcm.com\/wp-content\/uploads\/2026\/04\/qi-gong-retreat-herbst-leutasch-960-768x576.jpg 768w, https:\/\/www.meine-tcm.com\/wp-content\/uploads\/2026\/04\/qi-gong-retreat-herbst-leutasch-960-16x12.jpg 16w, https:\/\/www.meine-tcm.com\/wp-content\/uploads\/2026\/04\/qi-gong-retreat-herbst-leutasch-960-510x383.jpg 510w\" sizes=\"auto, (max-width: 960px) 100vw, 960px\" title=\"Qi Gong Retreat in Leutasch, Tirol im Herbst\" \/>\t\t\t\t\t\t\n\t\t\t\t\t<\/div>\n\t\t\t\t\t\t<\/a>\t\t\n<style>\n#image_1325945662 {\n  width: 100%;\n}\n<\/style>\n\t<\/div>\n\t\n\n\n\t\t<\/div>\n\t\t\t\t\n<style>\n#col-1250724863 > .col-inner {\n  max-width: 480px;\n}\n<\/style>\n\t<\/div>\n\n\t\n\n\t<div id=\"col-406555952\" class=\"col medium-6 small-12 large-6\"  >\n\t\t\t\t<div class=\"col-inner text-left\"  >\n\t\t\t\n\t\t\t\n\n<h3>14. \u2013 18. Oktober 2026 | LEUTASCH, TIROL<\/h3>\n<h2>\u00a0RETREAT \u2014 Einfach bewusster leben<\/h2>\n<p>Dieses Retreat ist eine Auszeit, die dich zur\u00fcck in deinen eigenen Rhythmus bringt \u2014 mit Bewegung, Atmung, Stille und Natur. Du lernst einfache, wirksame Routinen, die dein Nervensystem beruhigen und deinen Alltag leichter machen. Wissenschaftsfreundlich erkl\u00e4rt, k\u00f6rperlich erfahrbar, direkt umsetzbar \u2014 damit \u201ebewusster leben\u201c nicht nur ein Gedanke bleibt, sondern wieder sp\u00fcrbar wird.<\/p>\n<p><a href=\"https:\/\/www.meine-tcm.com\/es\/retreat-qi-gong-tao-breathwork-oktober-2026\/\">m\u00e1s informaci\u00f3n<\/a><\/p>\n\n\t\t<\/div>\n\t\t\t\t\n<style>\n#col-406555952 > .col-inner {\n  max-width: 480px;\n}\n<\/style>\n\t<\/div>\n\n\t\n\n<\/div>\n\n\t\t<\/div>\n\n\t\t\n<style>\n#section_366211568 {\n  padding-top: 0px;\n  padding-bottom: 0px;\n}\n<\/style>\n\t<\/section>\n\t\n\t<div id=\"gap-862165142\" class=\"gap-element clearfix\" style=\"display:block; height:auto;\">\n\t\t\n<style>\n#gap-862165142 {\n  padding-top: 40px;\n}\n<\/style>\n\t<\/div>\n\t\n\n\n\t<section class=\"section\" id=\"section_1838051644\">\n\t\t<div class=\"section-bg fill\" >\n\t\t\t\t\t\t\t\t\t\n\t\t\t\n\n\t\t<\/div>\n\n\t\t\n\n\t\t<div class=\"section-content relative\">\n\t\t\t\n\n<div class=\"row row-collapse align-center\"  id=\"row-1718670411\">\n\n\n\t<div id=\"col-281531106\" class=\"col small-12 large-12\"  >\n\t\t\t\t<div class=\"col-inner text-center\"  >\n\t\t\t\n\t\t\t\n\n<h3>\u00bfPor qu\u00e9 participar en un RETREAT?<\/h3>\n\n\t\t<\/div>\n\t\t\t\t\n<style>\n#col-281531106 > .col-inner {\n  max-width: 960px;\n}\n<\/style>\n\t<\/div>\n\n\t\n\n<\/div>\n\n\t\t<\/div>\n\n\t\t\n<style>\n#section_1838051644 {\n  padding-top: 0px;\n  padding-bottom: 0px;\n}\n<\/style>\n\t<\/section>\n\t\n\t<div id=\"gap-859329269\" class=\"gap-element clearfix\" style=\"display:block; height:auto;\">\n\t\t\n<style>\n#gap-859329269 {\n  padding-top: 40px;\n}\n<\/style>\n\t<\/div>\n\t\n\n\n\t<section class=\"section list\" id=\"section_946226813\">\n\t\t<div class=\"section-bg fill\" >\n\t\t\t\t\t\t\t\t\t\n\t\t\t\n\n\t\t<\/div>\n\n\t\t\n\n\t\t<div class=\"section-content relative\">\n\t\t\t\n\n<div class=\"row row-collapse align-center\"  id=\"row-443077813\">\n\n\n\t<div id=\"col-1588243053\" class=\"col small-12 large-12\"  >\n\t\t\t\t<div class=\"col-inner text-left\"  >\n\t\t\t\n\t\t\t\n\n<h2>5 gute Gr\u00fcnde dabei zu sein\u2026<\/h2>\n<ul class=\"check\">\n<li data-start=\"0\" data-end=\"219\">\n<p data-start=\"2\" data-end=\"219\"><strong data-start=\"2\" data-end=\"62\">Du kommst raus aus dem Dauerstress \u2014 rein in Regulation.<\/strong> Nuestros d\u00edas est\u00e1n estructurados de tal manera que su sistema nervioso vuelve a un tono b\u00e1sico m\u00e1s tranquilo (respiraci\u00f3n, ritmo, naturaleza, pausas en lugar de un \u201emarat\u00f3n de programas\u201c).<\/p>\n<\/li>\n<li data-start=\"221\" data-end=\"413\">\n<p data-start=\"223\" data-end=\"413\"><strong data-start=\"223\" data-end=\"275\">Aprendes cosas que realmente se pegan en la vida cotidiana.<\/strong> Kein Retreat-Hoch, das nach 48 Stunden verpufft \u2014 du bekommst einfache Routinen und klare Prinzipien, die du zuhause weiterf\u00fchren kannst.<\/p>\n<\/li>\n<li data-start=\"415\" data-end=\"605\">\n<p data-start=\"417\" data-end=\"605\"><strong data-start=\"417\" data-end=\"468\">Cuerpo en lugar de cabeza: sientes inmediatamente lo que funciona.<\/strong> Qi Gong, Atemarbeit und Bewegung sind nicht nur \u201eWissen\u201c, sondern Erfahrung \u2014 du merkst direkt, was dich \u00f6ffnet, beruhigt oder kr\u00e4ftigt.<\/p>\n<\/li>\n<li data-start=\"607\" data-end=\"845\">\n<p data-start=\"609\" data-end=\"845\"><strong data-start=\"609\" data-end=\"678\">Orientaci\u00f3n en lugar de confusi\u00f3n: la MTC explicada de forma comprensible y moderna.<\/strong> Wir verbinden traditionelle Modelle (z. B. Elemente, Yin &amp; Yang) mit moderner Stress- und K\u00f6rperphysiologie \u2014 wissenschaftsfreundlich, ohne es kompliziert zu machen.<\/p>\n<\/li>\n<li data-start=\"847\" data-end=\"1063\">\n<p data-start=\"849\" data-end=\"1063\"><strong data-start=\"849\" data-end=\"904\">Un lugar que te apoye: entorno, naturaleza y grupo.<\/strong> Berge, Toskana oder Fernpass \u2014 plus eine Gruppe, die mitzieht, ohne Druck. Das macht es leichter, dranzubleiben, tiefer zu gehen und wirklich zu regenerieren.<\/p>\n<\/li>\n<\/ul>\n\n\t\t<\/div>\n\t\t\t\t\n<style>\n#col-1588243053 > .col-inner {\n  max-width: 800px;\n}\n<\/style>\n\t<\/div>\n\n\t\n\n<\/div>\n\n\t\t<\/div>\n\n\t\t\n<style>\n#section_946226813 {\n  padding-top: 0px;\n  padding-bottom: 0px;\n}\n<\/style>\n\t<\/section>\n\t\n\t<div id=\"gap-353589896\" class=\"gap-element clearfix\" style=\"display:block; height:auto;\">\n\t\t\n<style>\n#gap-353589896 {\n  padding-top: 40px;\n}\n<\/style>\n\t<\/div>\n\t\n\n\n\t<section class=\"section newsletter\" id=\"section_42860292\">\n\t\t<div class=\"section-bg fill\" >\n\t\t\t\t\t\t\t\t\t\n\t\t\t\n\n\t\t<\/div>\n\n\t\t\n\n\t\t<div class=\"section-content relative\">\n\t\t\t\n\n<div class=\"row row-collapse align-center\"  id=\"row-1498416778\">\n\n\n\t<div id=\"col-1078867268\" class=\"col medium-2 small-12 large-2\"  >\n\t\t\t\t<div class=\"col-inner text-left\"  >\n\t\t\t\n\t\t\t\n\n\t<div class=\"img has-hover x md-x lg-x y md-y lg-y\" id=\"image_1037960965\">\n\t\t\t\t\t\t\t\t<div class=\"img-inner dark\" >\n\t\t\t<img loading=\"lazy\" decoding=\"async\" width=\"360\" height=\"360\" src=\"https:\/\/www.meine-tcm.com\/wp-content\/uploads\/2020\/08\/wolfgang-von-ebl.png\" class=\"attachment-medium size-medium\" alt=\"Retrato de Wolfgang\" srcset=\"https:\/\/www.meine-tcm.com\/wp-content\/uploads\/2020\/08\/wolfgang-von-ebl.png 360w, https:\/\/www.meine-tcm.com\/wp-content\/uploads\/2020\/08\/wolfgang-von-ebl-100x100.png 100w, https:\/\/www.meine-tcm.com\/wp-content\/uploads\/2020\/08\/wolfgang-von-ebl-280x280.png 280w\" sizes=\"auto, (max-width: 360px) 100vw, 360px\" title=\"Wolfgang de EBL - mi TCM\" \/>\t\t\t\t\t\t\n\t\t\t\t\t<\/div>\n\t\t\t\t\t\t\t\t\n<style>\n#image_1037960965 {\n  width: 100%;\n}\n<\/style>\n\t<\/div>\n\t\n\n\n\t\t<\/div>\n\t\t\t\t\n<style>\n#col-1078867268 > .col-inner {\n  max-width: 180px;\n}\n<\/style>\n\t<\/div>\n\n\t\n\n\t<div id=\"col-1260916953\" class=\"col medium-5 small-12 large-5\"  >\n\t\t\t\t<div class=\"col-inner\"  >\n\t\t\t\n\t\t\t\n\n<h4 class=\"newsletter-heading\">Bolet\u00edn<\/h4>\n<p class=\"text-left\">Mant\u00e9ngase al d\u00eda con nuestro bolet\u00edn. Adem\u00e1s de consejos y trucos \u00fatiles para el entrenamiento y tu vida diaria, no te perder\u00e1s ninguna de nuestras novedades.<\/p>\n\n\t\t<\/div>\n\t\t\t\t\n<style>\n#col-1260916953 > .col-inner {\n  max-width: 410px;\n}\n<\/style>\n\t<\/div>\n\n\t\n\n\t<div id=\"col-207366963\" class=\"col medium-4 small-12 large-4\"  >\n\t\t\t\t<div class=\"col-inner\"  >\n\t\t\t\n\t\t\t\n\n<!-- Begin Mailchimp Signup Form -->\r\n<div id=\"mc_embed_signup\">\r\n<form action=\"https:\/\/www.meine-tcm.com\/es\/inscripcion-al-boletin\/\" method=\"get\" id=\"mc-embedded-subscribe-form\" name=\"mc-embedded-subscribe-form\" class=\"validate\" novalidate data-trp-original-action=\"https:\/\/www.meine-tcm.com\/newsletter-anmeldung\/\">\r\n    <div id=\"mc_embed_signup_scroll\">\r\n\t\r\n<div class=\"mc-field-group\">\r\n\t<label for=\"mce-EMAIL\"><\/label>\r\n\t<input type=\"email\" value=\"\" name=\"email\" class=\"required email\" id=\"mce-EMAIL\" placeholder=\"Una direcci\u00f3n de correo electr\u00f3nico\">\r\n<\/div>\r\n\t<div id=\"mce-responses\" class=\"clear\">\r\n\t\t<div class=\"response\" id=\"mce-error-response\" style=\"display:none\"><\/div>\r\n\t\t<div class=\"response\" id=\"mce-success-response\" style=\"display:none\"><\/div>\r\n\t<\/div>\r\n    <div style=\"position: absolute; left: -5000px;\" aria-hidden=\"true\"><input type=\"text\" name=\"b_abb51f2fb827371efab83c9b8_53a63900d3\" tabindex=\"-1\" value=\"\"><\/div>\r\n    <div class=\"clear\"><input type=\"submit\" value=\"Suscr\u00edbase ahora\" name=\"subscribe\" id=\"mc-embedded-subscribe\" class=\"button\"><\/div>\r\n    <\/div>\r\n<input type=\"hidden\" name=\"trp-form-language\" value=\"es\"\/><\/form>\r\n<\/div>\r\n\r\n<!--End mc_embed_signup-->\n\n\n\t\t<\/div>\n\t\t\t\t\n<style>\n#col-207366963 > .col-inner {\n  max-width: 290px;\n}\n<\/style>\n\t<\/div>\n\n\t\n\n<\/div>\n\n\t\t<\/div>\n\n\t\t\n<style>\n#section_42860292 {\n  padding-top: 40px;\n  padding-bottom: 40px;\n  background-color: rgba(0, 121, 140, 0.2);\n}\n<\/style>\n\t<\/section>\n\t\n\t<div id=\"gap-1739379630\" class=\"gap-element clearfix\" style=\"display:block; height:auto;\">\n\t\t\n<style>\n#gap-1739379630 {\n  padding-top: 40px;\n}\n<\/style>\n\t<\/div>\n\t\n\n\n\t<section class=\"section quote\" id=\"section_187075132\">\n\t\t<div class=\"section-bg fill\" >\n\t\t\t\t\t\t\t\t\t\n\t\t\t\n\n\t\t<\/div>\n\n\t\t\n\n\t\t<div class=\"section-content relative\">\n\t\t\t\n\n<div class=\"row row-collapse align-center\"  id=\"row-546745449\">\n\n\n\t<div id=\"col-1820774104\" class=\"col small-12 large-12\"  >\n\t\t\t\t<div class=\"col-inner text-center\"  >\n\t\t\t\n\t\t\t\n\n<div class=\"flex flex-col text-sm pb-25\">\n<article class=\"text-token-text-primary w-full focus:outline-none &#091;--shadow-height:45px&#093; has-data-writing-block:pointer-events-none has-data-writing-block:-mt-(--shadow-height) has-data-writing-block:pt-(--shadow-height) &#091;&amp;:has(&#091;data-writing-block&#093;)&gt;*&#093;:pointer-events-auto scroll-mt-&#091;calc(var(--header-height)+min(200px,max(70px,20svh)))&#093;\" dir=\"auto\" tabindex=\"-1\" data-turn-id=\"c47c7001-1bef-4808-915e-11c0d0db559f\" data-testid=\"conversation-turn-14\" data-scroll-anchor=\"true\" data-turn=\"assistant\">\n<div class=\"text-base my-auto mx-auto pb-10 &#091;--thread-content-margin:--spacing(4)&#093; @w-sm\/main:&#091;--thread-content-margin:--spacing(6)&#093; @w-lg\/main:&#091;--thread-content-margin:--spacing(16)&#093; px-(--thread-content-margin)\">\n<div class=\"&#091;--thread-content-max-width:40rem&#093; @w-lg\/main:&#091;--thread-content-max-width:48rem&#093; mx-auto max-w-(--thread-content-max-width) flex-1 group\/turn-messages focus-visible:outline-hidden relative flex w-full min-w-0 flex-col agent-turn\" tabindex=\"-1\">\n<div class=\"flex max-w-full flex-col grow\">\n<div class=\"min-h-8 text-message relative flex w-full flex-col items-end gap-2 text-start break-words whitespace-normal &#091;.text-message+&amp;&#093;:mt-1\" dir=\"auto\" data-message-author-role=\"assistant\" data-message-id=\"6022f0e2-ca9e-43a1-9714-541c796a1ebc\" data-message-model-slug=\"gpt-5-2-thinking\">\n<div class=\"flex w-full flex-col gap-1 empty:hidden first:pt-&#091;1px&#093;\">\n<div class=\"markdown prose dark:prose-invert w-full wrap-break-word light markdown-new-styling\">\n<p data-start=\"0\" data-end=\"85\">\u201eDu musst nicht mehr leisten \u2014 du musst wieder landen: im Atem, im K\u00f6rper, im Jetzt.\u201c<\/p>\n<\/div>\n<\/div>\n<\/div>\n<\/div>\n<\/div>\n<\/div>\n<\/article>\n<\/div>\n<p class=\"quote-from\">Simplemente vive mejor<\/p>\n\n\t\t<\/div>\n\t\t\t\t\n<style>\n#col-1820774104 > .col-inner {\n  max-width: 600px;\n}\n<\/style>\n\t<\/div>\n\n\t\n\n<\/div>\n\n\t\t<\/div>\n\n\t\t\n<style>\n#section_187075132 {\n  padding-top: 60px;\n  padding-bottom: 60px;\n  background-color: rgb(255, 244, 217);\n}\n<\/style>\n\t<\/section>","protected":false},"excerpt":{"rendered":"","protected":false},"author":3,"featured_media":0,"parent":0,"menu_order":0,"comment_status":"closed","ping_status":"closed","template":"","meta":{"_acf_changed":false,"footnotes":""},"class_list":["post-25153","page","type-page","status-publish","hentry"],"acf":[],"yoast_head":"<!-- This site is optimized with the Yoast SEO plugin v27.3 - https:\/\/yoast.com\/product\/yoast-seo-wordpress\/ -->\n<title>Alle Retreats | meine-TCM.com<\/title>\n<meta name=\"robots\" content=\"index, follow, max-snippet:-1, max-image-preview:large, max-video-preview:-1\" \/>\n<link rel=\"canonical\" href=\"https:\/\/www.meine-tcm.com\/es\/retiros-de-qi-gong\/\" \/>\n<meta property=\"og:locale\" content=\"es_ES\" \/>\n<meta property=\"og:type\" content=\"article\" \/>\n<meta property=\"og:title\" content=\"Alle Retreats | meine-TCM.com\" \/>\n<meta property=\"og:url\" content=\"https:\/\/www.meine-tcm.com\/es\/retiros-de-qi-gong\/\" \/>\n<meta property=\"og:site_name\" content=\"meine TCM | Traditionelle Chinesische Medizin einfach erkl\u00e4rt\" \/>\n<meta property=\"article:modified_time\" content=\"2026-04-22T08:53:10+00:00\" \/>\n<meta name=\"twitter:card\" content=\"summary_large_image\" \/>\n<meta name=\"twitter:label1\" content=\"Tiempo de lectura\" \/>\n\t<meta name=\"twitter:data1\" content=\"6 minutos\" \/>\n<script type=\"application\/ld+json\" class=\"yoast-schema-graph\">{\"@context\":\"https:\\\/\\\/schema.org\",\"@graph\":[{\"@type\":\"WebPage\",\"@id\":\"https:\\\/\\\/www.meine-tcm.com\\\/qi-gong-retreats\\\/\",\"url\":\"https:\\\/\\\/www.meine-tcm.com\\\/qi-gong-retreats\\\/\",\"name\":\"Alle Retreats | meine-TCM.com\",\"isPartOf\":{\"@id\":\"https:\\\/\\\/www.meine-tcm.com\\\/#website\"},\"datePublished\":\"2026-01-22T15:54:08+00:00\",\"dateModified\":\"2026-04-22T08:53:10+00:00\",\"breadcrumb\":{\"@id\":\"https:\\\/\\\/www.meine-tcm.com\\\/qi-gong-retreats\\\/#breadcrumb\"},\"inLanguage\":\"es\",\"potentialAction\":[{\"@type\":\"ReadAction\",\"target\":[\"https:\\\/\\\/www.meine-tcm.com\\\/qi-gong-retreats\\\/\"]}]},{\"@type\":\"BreadcrumbList\",\"@id\":\"https:\\\/\\\/www.meine-tcm.com\\\/qi-gong-retreats\\\/#breadcrumb\",\"itemListElement\":[{\"@type\":\"ListItem\",\"position\":1,\"name\":\"Home\",\"item\":\"https:\\\/\\\/www.meine-tcm.com\\\/\"},{\"@type\":\"ListItem\",\"position\":2,\"name\":\"Alle Retreats\"}]},{\"@type\":\"WebSite\",\"@id\":\"https:\\\/\\\/www.meine-tcm.com\\\/#website\",\"url\":\"https:\\\/\\\/www.meine-tcm.com\\\/\",\"name\":\"meine TCM | Traditionelle Chinesische Medizin einfach erkl\u00e4rt\",\"description\":\"Einfach gesund bleiben\",\"publisher\":{\"@id\":\"https:\\\/\\\/www.meine-tcm.com\\\/#organization\"},\"potentialAction\":[{\"@type\":\"SearchAction\",\"target\":{\"@type\":\"EntryPoint\",\"urlTemplate\":\"https:\\\/\\\/www.meine-tcm.com\\\/?s={search_term_string}\"},\"query-input\":{\"@type\":\"PropertyValueSpecification\",\"valueRequired\":true,\"valueName\":\"search_term_string\"}}],\"inLanguage\":\"es\"},{\"@type\":\"Organization\",\"@id\":\"https:\\\/\\\/www.meine-tcm.com\\\/#organization\",\"name\":\"meine-TCM.com \u2014 Traditionelle chinesische Medizin einfach erkl\u00e4rt\",\"url\":\"https:\\\/\\\/www.meine-tcm.com\\\/\",\"logo\":{\"@type\":\"ImageObject\",\"inLanguage\":\"es\",\"@id\":\"https:\\\/\\\/www.meine-tcm.com\\\/#\\\/schema\\\/logo\\\/image\\\/\",\"url\":\"https:\\\/\\\/www.meine-tcm.com\\\/wp-content\\\/uploads\\\/2022\\\/08\\\/meine-tcm-traditionelle-chinesische-medizin-einfach-erklaert.png\",\"contentUrl\":\"https:\\\/\\\/www.meine-tcm.com\\\/wp-content\\\/uploads\\\/2022\\\/08\\\/meine-tcm-traditionelle-chinesische-medizin-einfach-erklaert.png\",\"width\":559,\"height\":479,\"caption\":\"meine-TCM.com \u2014 Traditionelle chinesische Medizin einfach erkl\u00e4rt\"},\"image\":{\"@id\":\"https:\\\/\\\/www.meine-tcm.com\\\/#\\\/schema\\\/logo\\\/image\\\/\"},\"sameAs\":[\"https:\\\/\\\/www.instagram.com\\\/meinetcm\\\/\",\"https:\\\/\\\/www.youtube.com\\\/@EinfachbesserLeben\"]}]}<\/script>\n<!-- \/ Yoast SEO plugin. -->","yoast_head_json":{"title":"Todos los retiros | my-TCM.com","robots":{"index":"index","follow":"follow","max-snippet":"max-snippet:-1","max-image-preview":"max-image-preview:large","max-video-preview":"max-video-preview:-1"},"canonical":"https:\/\/www.meine-tcm.com\/es\/retiros-de-qi-gong\/","og_locale":"es_ES","og_type":"article","og_title":"Alle Retreats | meine-TCM.com","og_url":"https:\/\/www.meine-tcm.com\/es\/retiros-de-qi-gong\/","og_site_name":"meine TCM | Traditionelle Chinesische Medizin einfach erkl\u00e4rt","article_modified_time":"2026-04-22T08:53:10+00:00","twitter_card":"summary_large_image","twitter_misc":{"Tiempo de lectura":"6 minutos"},"schema":{"@context":"https:\/\/schema.org","@graph":[{"@type":"WebPage","@id":"https:\/\/www.meine-tcm.com\/qi-gong-retreats\/","url":"https:\/\/www.meine-tcm.com\/qi-gong-retreats\/","name":"Todos los retiros | my-TCM.com","isPartOf":{"@id":"https:\/\/www.meine-tcm.com\/#website"},"datePublished":"2026-01-22T15:54:08+00:00","dateModified":"2026-04-22T08:53:10+00:00","breadcrumb":{"@id":"https:\/\/www.meine-tcm.com\/qi-gong-retreats\/#breadcrumb"},"inLanguage":"es","potentialAction":[{"@type":"ReadAction","target":["https:\/\/www.meine-tcm.com\/qi-gong-retreats\/"]}]},{"@type":"BreadcrumbList","@id":"https:\/\/www.meine-tcm.com\/qi-gong-retreats\/#breadcrumb","itemListElement":[{"@type":"ListItem","position":1,"name":"Home","item":"https:\/\/www.meine-tcm.com\/"},{"@type":"ListItem","position":2,"name":"Alle Retreats"}]},{"@type":"WebSite","@id":"https:\/\/www.meine-tcm.com\/#website","url":"https:\/\/www.meine-tcm.com\/","name":"mi MTC | Medicina Tradicional China explicada de forma sencilla","description":"Mant\u00e9ngase sano","publisher":{"@id":"https:\/\/www.meine-tcm.com\/#organization"},"potentialAction":[{"@type":"SearchAction","target":{"@type":"EntryPoint","urlTemplate":"https:\/\/www.meine-tcm.com\/?s={search_term_string}"},"query-input":{"@type":"PropertyValueSpecification","valueRequired":true,"valueName":"search_term_string"}}],"inLanguage":"es"},{"@type":"Organization","@id":"https:\/\/www.meine-tcm.com\/#organization","name":"meine-TCM.com - La Medicina Tradicional China explicada de forma sencilla","url":"https:\/\/www.meine-tcm.com\/","logo":{"@type":"ImageObject","inLanguage":"es","@id":"https:\/\/www.meine-tcm.com\/#\/schema\/logo\/image\/","url":"https:\/\/www.meine-tcm.com\/wp-content\/uploads\/2022\/08\/meine-tcm-traditionelle-chinesische-medizin-einfach-erklaert.png","contentUrl":"https:\/\/www.meine-tcm.com\/wp-content\/uploads\/2022\/08\/meine-tcm-traditionelle-chinesische-medizin-einfach-erklaert.png","width":559,"height":479,"caption":"meine-TCM.com \u2014 Traditionelle chinesische Medizin einfach erkl\u00e4rt"},"image":{"@id":"https:\/\/www.meine-tcm.com\/#\/schema\/logo\/image\/"},"sameAs":["https:\/\/www.instagram.com\/meinetcm\/","https:\/\/www.youtube.com\/@EinfachbesserLeben"]}]}},"wps_subtitle":"","_links":{"self":[{"href":"https:\/\/www.meine-tcm.com\/es\/wp-json\/wp\/v2\/pages\/25153","targetHints":{"allow":["GET"]}}],"collection":[{"href":"https:\/\/www.meine-tcm.com\/es\/wp-json\/wp\/v2\/pages"}],"about":[{"href":"https:\/\/www.meine-tcm.com\/es\/wp-json\/wp\/v2\/types\/page"}],"author":[{"embeddable":true,"href":"https:\/\/www.meine-tcm.com\/es\/wp-json\/wp\/v2\/users\/3"}],"replies":[{"embeddable":true,"href":"https:\/\/www.meine-tcm.com\/es\/wp-json\/wp\/v2\/comments?post=25153"}],"version-history":[{"count":21,"href":"https:\/\/www.meine-tcm.com\/es\/wp-json\/wp\/v2\/pages\/25153\/revisions"}],"predecessor-version":[{"id":29900,"href":"https:\/\/www.meine-tcm.com\/es\/wp-json\/wp\/v2\/pages\/25153\/revisions\/29900"}],"wp:attachment":[{"href":"https:\/\/www.meine-tcm.com\/es\/wp-json\/wp\/v2\/media?parent=25153"}],"curies":[{"name":"wp","href":"https:\/\/api.w.org\/{rel}","templated":true}]}}